[{"id":2144,"date":"2020-05-06T15:55:56","date_gmt":"2020-05-06T13:55:56","guid":{"rendered":"https:\/\/pes-luxembourg.lu\/bascharage\/?page_id=2144"},"modified":"2020-06-07T01:30:25","modified_gmt":"2020-06-06T23:30:25","slug":"osteopath-nidderkaerjeng-florian-savaris","status":"publish","type":"page","link":"https:\/\/pes-luxembourg.lu\/bascharage\/lu\/osteopath-nidderkaerjeng-florian-savaris\/","title":{"rendered":"Osteopath Nidderk\u00e4erjeng Florian Savaris"},"content":{"rendered":"<div class=\"fusion-fullwidth fullwidth-box fusion-builder-row-1 nonhundred-percent-fullwidth non-hundred-percent-height-scrolling\" style=\"--awb-border-radius-top-left:0px;--awb-border-radius-top-right:0px;--awb-border-radius-bottom-right:0px;--awb-border-radius-bottom-left:0px;--awb-flex-wrap:wrap;\" ><div class=\"fusion-builder-row fusion-row\"><div class=\"fusion-layout-column fusion_builder_column fusion-builder-column-0 fusion_builder_column_1_1 1_1 fusion-one-full fusion-column-first fusion-column-last\" style=\"--awb-bg-size:cover;\"><div class=\"fusion-column-wrapper fusion-flex-column-wrapper-legacy\"><div class=\"fusion-title title fusion-title-1 fusion-title-center fusion-title-text fusion-title-size-one\" style=\"--awb-margin-top-small:10px;--awb-margin-right-small:0px;--awb-margin-bottom-small:10px;--awb-margin-left-small:0px;\"><div class=\"title-sep-container title-sep-container-left\"><div class=\"title-sep sep-double sep-solid\" style=\"border-color:#e0dede;\"><\/div><\/div><span class=\"awb-title-spacer\"><\/span><h1 class=\"fusion-title-heading title-heading-center fusion-responsive-typography-calculated\" style=\"margin:0;--fontSize:34;line-height:1.41;\"><p data-fontsize=\"34\" data-lineheight=\"47\">Osteopath Nidderk\u00e4erjeng Florian Savaris<\/p><\/h1><span class=\"awb-title-spacer\"><\/span><div class=\"title-sep-container title-sep-container-right\"><div class=\"title-sep sep-double sep-solid\" style=\"border-color:#e0dede;\"><\/div><\/div><\/div><div class=\"fusion-clearfix\"><\/div><\/div><\/div><div class=\"fusion-layout-column fusion_builder_column fusion-builder-column-1 fusion_builder_column_1_1 1_1 fusion-one-full fusion-column-first fusion-column-last\" style=\"--awb-bg-size:cover;\"><div class=\"fusion-column-wrapper fusion-flex-column-wrapper-legacy\"><div class=\"fusion-person person fusion-person-left fusion-person-1 fusion-person-icon-top\" style=\"--awb-pic-style-color:#000000;--awb-pic-borderradius:20px;--awb-margin-top:0px;--awb-margin-right:0px;--awb-margin-bottom:0px;--awb-margin-left:0px;--awb-social-box-border-top:0px;--awb-social-box-border-right:0px;--awb-social-box-border-bottom:0px;--awb-social-box-border-left:0px;--awb-social-box-border-color:var(--awb-color3);--awb-social-box-border-color-hover:var(--awb-color4);--awb-social-box-colors-hover:rgba(232,232,232,0.8);--awb-social-icon-boxed-colors:#e8e8e8;--awb-social-icon-colors:#82c9f0;--awb-social-icon-colors-hover:rgba(130,201,240,0.8);\"><div class=\"person-shortcode-image-wrapper\"><div class=\"person-image-container hover-type-none person-rounded-overflow\" style=\"-webkit-border-radius:20px;-moz-border-radius:20px;border-radius:20px;border:0px solid #f6f6f6;-webkit-border-radius:20px;-moz-border-radius:20px;border-radius:20px;\"><img decoding=\"async\" class=\"person-img img-responsive wp-image-8220\" width=\"400\" height=\"400\" src=\"https:\/\/pes-luxembourg.lu\/bascharage\/wp-content\/uploads\/sites\/2\/2019\/04\/Florian-Savaris-Ost\u00e9opathe-400x400.jpg\" alt=\"Florian Savaris\" srcset=\"https:\/\/pes-luxembourg.lu\/bascharage\/wp-content\/uploads\/sites\/2\/2019\/04\/Florian-Savaris-Ost\u00e9opathe-200x200.jpg 200w, https:\/\/pes-luxembourg.lu\/bascharage\/wp-content\/uploads\/sites\/2\/2019\/04\/Florian-Savaris-Ost\u00e9opathe-400x400.jpg 400w, https:\/\/pes-luxembourg.lu\/bascharage\/wp-content\/uploads\/sites\/2\/2019\/04\/Florian-Savaris-Ost\u00e9opathe-600x600.jpg 600w, https:\/\/pes-luxembourg.lu\/bascharage\/wp-content\/uploads\/sites\/2\/2019\/04\/Florian-Savaris-Ost\u00e9opathe.jpg 700w\" sizes=\"(max-width: 800px) 100vw, 400px\" \/><\/div><\/div><div class=\"person-desc\"><div class=\"person-author\"><div class=\"person-author-wrapper\"><span class=\"person-name\">Florian Savaris<\/span><span class=\"person-title\">Osteopath D.O.<\/span><\/div><\/div><div class=\"person-content fusion-clearfix\"><\/div><\/div><\/div><div class=\"fusion-text fusion-text-1\"><p>\u00c4ren Osteopath am Nidderk\u00e4erjeng <strong>Florian<\/strong> <strong>Savaris<\/strong> huet e 5-Joer Vollz\u00e4it Training an Osteopathie am <a href=\"https:\/\/www.isosteo.fr\/\">ISO Ost\u00e9o<\/a> Lyon gefollegt. W\u00e4rend senger Studiejore gouf hien an enger grousser Zuel vun theoreteschen F\u00e4cher train\u00e9iert (iwwer 1600 Stonnen Training) dor\u00ebnner Anatomie, Physiologie, Pathologie, Biomechanik, P\u00e4diatrie, etc &#8230; awer och an vill praktesch F\u00e4cher (m\u00e9i w\u00e9i 2000 Stonnen Training) w\u00e9i strukturell, funktionell Techniken, TGO (allgemeng osteopathesch Behandlung), visceral, pelvic, cranial Techniken, etc. &#8230; ouni ze vergiessen vun der klinescher L\u00e9ier (m\u00e9i w\u00e9i 1000 Stonnen Training ) wou hien d&#8217;M\u00e9iglechkeet h\u00e4tt Kanner ze k\u00ebmmeren, Jugendlecher, schwanger Fraen, Senioren, Sportler a Puppelcher an 2 Kliniken, d\u00e9i zu Ecully a Villeurbanne (Frankr\u00e4ich) sinn.<\/p>\n<p>W\u00e4rend senger 5 Joer Studie huet \u00c4re Osteopath och op ville Sportscoursen train\u00e9iert w\u00e9i den <a href=\"https:\/\/www.lyonurbantrail.com\">Urban Trail vu Lyon<\/a>, den <a href=\"https:\/\/www.trailubayesalomon.com\/\">Ubaye Trail Salomon<\/a>, awer och Handball, Volleyball Concours, etc. Hie war och gl\u00e9cklech anzegr\u00e4ifen op Eventer w\u00e9i d&#8217;<a href=\"https:\/\/www.lanuitdeleau.com\/\">UNICEF Waassernuecht<\/a> an an medizinesche Empfangszentren fir beh\u00ebnnert Leit. Zous\u00e4tzlech huet seng verschidde praktesch Erfarungen am Gesch\u00e4ft him et erlaabt den Impakt vun enger professioneller Aktivit\u00e9it op den Zoustand vun eiser Gesondheet besser ze verstoen.<\/p>\n<\/div><div class=\"fusion-clearfix\"><\/div><\/div><\/div><div class=\"fusion-layout-column fusion_builder_column fusion-builder-column-2 fusion_builder_column_1_1 1_1 fusion-one-full fusion-column-first fusion-column-last\" style=\"--awb-bg-size:cover;\"><div class=\"fusion-column-wrapper fusion-flex-column-wrapper-legacy\"><div class=\"fusion-reading-box-container reading-box-container-1\" style=\"--awb-title-color:#333333;--awb-margin-top:0px;--awb-margin-bottom:40px;\"><div class=\"reading-box reading-box-center\" style=\"background-color:#f6f6f6;border-width:0px;border-color:#f6f6f6;border-left-width:3px;border-left-color:var(--primary_color);border-style:solid;\"><h2>W\u00ebllt Dir e Rendez-vous mat engem Osteopath maachen?<\/h2><div class=\"reading-box-additional fusion-reading-box-additional\">\n<p>Et ass elo direkt um Internet fir gew\u00ebsse Z\u00e4iten m\u00e9iglech!<br \/>\nWann Dir keng Disponibilit\u00e9it f\u00ebnnt oder fir en Noutfall, z\u00e9ckt net eis en E-Mail ze loossen oder eis ruffen.<\/p>\n<div class=\"fusion-button-wrapper fusion-aligncenter\"><a class=\"fusion-button button-flat fusion-button-default-size button-default fusion-button-default button-1 fusion-button-default-span fusion-button-default-type\" target=\"_self\" href=\"https:\/\/pes-luxembourg.lu\/bascharage\/contact\"><span class=\"fusion-button-text awb-button__text awb-button__text--default\">Nous contacter<\/span><\/a><\/div>\n<\/div><div class=\"fusion-clearfix\"><\/div><a class=\"button fusion-button button-default fusion-button-default-size button-default-size button-flat fusion-mobile-button continue-center\" style=\"-webkit-box-shadow:none;-moz-box-shadow:none;box-shadow:none;border-radius:2px 2px 2px 2px\" href=\"https:\/\/pes-luxembourg.lu\/bascharage\/rdv-osteopathie\/%20\" target=\"_self\"><span>Maacht e Rendez-vous online<\/span><\/a><\/div><svg style=\"opacity:0.70;\" xmlns=\"http:\/\/www.w3.org\/2000\/svg\" version=\"1.1\" width=\"100%\" viewBox=\"0 0 600 28\" preserveAspectRatio=\"none\"><g clip-path=\"url(#a)\"><mask id=\"b\" style=\"mask-type:luminance\" maskUnits=\"userSpaceOnUse\" x=\"0\" y=\"0\" width=\"600\" height=\"28\"><path d=\"M0 0h600v28H0V0Z\" fill=\"#fff\"\/><\/mask><g filter=\"url(#c)\" mask=\"url(#b)\"><path d=\"M16.439-18.667h567.123v30.8S438.961-8.4 300-8.4C161.04-8.4 16.438 12.133 16.438 12.133v-30.8Z\" fill=\"#000\"\/><\/g><\/g><defs><clipPath id=\"a\"><path fill=\"#fff\" d=\"M0 0h600v28H0z\"\/><\/clipPath><filter id=\"c\" x=\"5.438\" y=\"-29.667\" width=\"589.123\" height=\"52.8\" filterUnits=\"userSpaceOnUse\" color-interpolation-filters=\"sRGB\"><feFlood flood-opacity=\"0\" result=\"BackgroundImageFix\"\/><feBlend in=\"SourceGraphic\" in2=\"BackgroundImageFix\" result=\"shape\"\/><feGaussianBlur stdDeviation=\"5.5\" result=\"effect1_foregroundBlur_3983_183\"\/><\/filter><\/defs><\/svg><\/div><div class=\"fusion-title title fusion-title-2 fusion-sep-none fusion-title-text fusion-title-size-two\" style=\"--awb-margin-top-small:10px;--awb-margin-right-small:0px;--awb-margin-bottom-small:10px;--awb-margin-left-small:0px;\"><h2 class=\"fusion-title-heading title-heading-left fusion-responsive-typography-calculated\" style=\"margin:0;--fontSize:28;line-height:1.5;\"><p data-fontsize=\"34\" data-lineheight=\"47\">Seng Ausbildungsanlag<\/p><\/h2><\/div><div class=\"fusion-text fusion-text-2\"><p style=\"text-align: justify\"><a href=\"https:\/\/www.isosteo.fr\/\"><img decoding=\"async\" class=\"alignleft wp-image-2246\" src=\"https:\/\/pes-moselle.fr\/yutz\/wp-content\/uploads\/sites\/2\/2014\/03\/Isosteo-1024x860.jpg\" alt=\"isosteo\" width=\"262\" height=\"220\" \/><\/a>Gegr\u00ebnnt am Joer <strong>1991<\/strong> huet den H\u00e9ichsten Institut fir Osteopathie vu Lyon-Limonest (virdru bekannt als ISO Lyon) aktiv un der Schafung vun der 1. L\u00e9ier vun Osteopathie an der initialer Post-Bac Ausbildung deelgeholl. Am Joer <strong>2007<\/strong> war ISO Lyon Deel vun der 1. L\u00ebscht vu Schoulen, d\u00e9i vum Gesondheetsminist\u00e8re guttgeheescht goufen fir den Diplom vum Osteopath (D.O) ze liwweren. Den Osteopath Diplom erlaabt d&#8217;Benotzung vum Titel vum Osteopath an d&#8217;liberaler Ausf\u00e9ierung vum Osteopath. <strong>2010<\/strong> gouf ISO Lyon ISOst\u00e9o Lyon. Symbol vun enger neier Dynamik, den Numm <strong><a href=\"https:\/\/www.isosteo.fr\/\">ISOst\u00e9o<\/a> <\/strong>beliicht de Beruff vum Osteopath a stellt de Wonsch net n\u00ebmmen un Ver\u00e4nnerungen an der Welt vun der Osteopathie unzepassen, awer och zu hirer Erwaardung b\u00e4izedroen duerch eng fokuss\u00e9iert Ausbildung op Professionalis\u00e9ierung. Z\u00ebnter <strong>2011<\/strong> g\u00ebtt den Osteopath Diploma (DO) vum ISOst\u00e9o Lyon erausginn <a href=\"https:\/\/www.rncp.cncp.gouv.fr\/grand-public\/visualisationFiche?format=fr&amp;fiche=11938\">RNCP zertifiz\u00e9iert (National Directory of Professional Certifications) Level I Master Degree (Bac + 5)<\/a>: ISOst\u00e9o Lyon ass eng vun den \u00e9ischten 11 frans\u00e9ische Schoulen, fir den Niveau I Zertifiz\u00e9ierung ze kr\u00e9ien. Aarbechtsminister. Den ISOst\u00e9o Lyon ass och Deel vun der <a href=\"https:\/\/www.sneso.fr\/\"><strong>SNESO<\/strong> <\/a>(National Union of Higher Education in Osteopathy), d\u00e9i eenzeg frans\u00e9isch Unioun, d\u00e9i 6 Schoule grupp\u00e9iert, d\u00e9i e Minimum vu 5 Joer Studie impos\u00e9ieren an vum<a href=\"https:\/\/www.legifrance.gouv.fr\/affichTexte.do?cidTexte=JORFTEXT000000274302&amp;dateTexte=&amp;categorieLien=id\"> 17. August 2007<\/a> vum Gesondheetsminist\u00e8re guttgeheescht goufen. D\u00ebs Schoulen sinn op den Urspronk vun den Osteopathesche Trainings Richtlinnen <strong>&#8220;Gitt en Osteopath, Akt mat Kompetenz&#8221;<\/strong> beweist e Versprieche vum Know-How a Know-How fir osteopathesch Praktiker ze train\u00e9ieren vu grousser Kompetenz a grousser S\u00e9cherheet fir Patienten.<\/p>\n<\/div><div class=\"fusion-clearfix\"><\/div><\/div><\/div><div class=\"fusion-layout-column fusion_builder_column fusion-builder-column-3 fusion_builder_column_1_1 1_1 fusion-one-full fusion-column-first fusion-column-last\" style=\"--awb-bg-size:cover;\"><div class=\"fusion-column-wrapper fusion-flex-column-wrapper-legacy\"><div class=\"fusion-title title fusion-title-3 fusion-sep-none fusion-title-text fusion-title-size-two\" style=\"--awb-margin-top-small:10px;--awb-margin-right-small:0px;--awb-margin-bottom-small:10px;--awb-margin-left-small:0px;\"><h2 class=\"fusion-title-heading title-heading-left fusion-responsive-typography-calculated\" style=\"margin:0;--fontSize:28;line-height:1.5;\"><p data-fontsize=\"34\" data-lineheight=\"47\">N\u00ebtzlech Linken<\/p><\/h2><\/div><div class=\"fusion-image-carousel fusion-image-carousel-fixed fusion-image-carousel-1\"><div class=\"awb-carousel awb-swiper awb-swiper-carousel awb-carousel--carousel awb-swiper-dots-position-bottom\" data-layout=\"carousel\" data-autoplay=\"no\" data-autoplayspeed=\"2500\" data-autoplaypause=\"no\" data-loop=\"yes\" data-columns=\"3\" data-columnsmedium=\"1\" data-columnssmall=\"1\" data-itemmargin=\"13\" data-itemwidth=\"180\" data-touchscroll=\"no\" data-freemode=\"no\" data-imagesize=\"fixed\" data-scrollitems=\"0\" data-centeredslides=\"no\" data-rotationangle=\"50\" data-depth=\"100\" data-speed=\"500\" data-shadow=\"no\" data-pagination=\"bullets\" style=\"--awb-columns:3;\"><div class=\"swiper-wrapper awb-image-carousel-wrapper fusion-flex-align-items-center\"><div class=\"swiper-slide\"><div class=\"fusion-carousel-item-wrapper\"><div class=\"fusion-image-wrapper hover-type-none\"><a href=\"https:\/\/www.sneso.fr\/\" target=\"_self\"><\/a><\/div><\/div><\/div><div class=\"swiper-slide\"><div class=\"fusion-carousel-item-wrapper\"><div class=\"fusion-image-wrapper hover-type-none\"><a href=\"https:\/\/www.isosteo.fr\/\" target=\"_self\"><\/a><\/div><\/div><\/div><\/div><div class=\"awb-swiper-button awb-swiper-button-prev\"><i class=\"awb-icon-angle-left\" aria-hidden=\"true\"><\/i><\/div><div class=\"awb-swiper-button awb-swiper-button-next\"><i class=\"awb-icon-angle-right\" aria-hidden=\"true\"><\/i><\/div><\/div><\/div><div class=\"fusion-title title fusion-title-4 fusion-title-center fusion-title-text fusion-title-size-one\" style=\"--awb-margin-top-small:10px;--awb-margin-right-small:0px;--awb-margin-bottom-small:10px;--awb-margin-left-small:0px;\"><div class=\"title-sep-container title-sep-container-left\"><div class=\"title-sep sep-double sep-solid\" style=\"border-color:#e0dede;\"><\/div><\/div><span class=\"awb-title-spacer\"><\/span><h1 class=\"fusion-title-heading title-heading-center fusion-responsive-typography-calculated\" style=\"margin:0;--fontSize:34;line-height:1.41;\">Maacht e Rendez-vous online mam Florian Savaris<\/h1><span class=\"awb-title-spacer\"><\/span><div class=\"title-sep-container title-sep-container-right\"><div class=\"title-sep sep-double sep-solid\" style=\"border-color:#e0dede;\"><\/div><\/div><\/div><div class=\"fusion-text fusion-text-3\"><section data-toggle=\"doc-calendar\" data-picture=\"1\" data-doctor-eid=\"13a92d2d-f5e3-4d35-ae93-7d48d14b930a\" data-language=\"lu\"> <\/section>\n<p>        <script src=\"https:\/\/api.doctena.lu\/js\/widgetBooking\/calendar\/build.php\"><\/script><\/p>\n<\/div><div class=\"fusion-clearfix\"><\/div><\/div><\/div><\/div><\/div>\n","protected":false},"excerpt":{"rendered":"","protected":false},"author":2,"featured_media":0,"parent":0,"menu_order":0,"comment_status":"closed","ping_status":"closed","template":"","meta":{"_seopress_robots_primary_cat":"","_seopress_titles_title":"","_seopress_titles_desc":"","_seopress_robots_index":"","footnotes":""},"class_list":["post-2144","page","type-page","status-publish","hentry"],"_links":{"self":[{"href":"https:\/\/pes-luxembourg.lu\/bascharage\/lu\/wp-json\/wp\/v2\/pages\/2144","targetHints":{"allow":["GET"]}}],"collection":[{"href":"https:\/\/pes-luxembourg.lu\/bascharage\/lu\/wp-json\/wp\/v2\/pages"}],"about":[{"href":"https:\/\/pes-luxembourg.lu\/bascharage\/lu\/wp-json\/wp\/v2\/types\/page"}],"author":[{"embeddable":true,"href":"https:\/\/pes-luxembourg.lu\/bascharage\/lu\/wp-json\/wp\/v2\/users\/2"}],"replies":[{"embeddable":true,"href":"https:\/\/pes-luxembourg.lu\/bascharage\/lu\/wp-json\/wp\/v2\/comments?post=2144"}],"version-history":[{"count":0,"href":"https:\/\/pes-luxembourg.lu\/bascharage\/lu\/wp-json\/wp\/v2\/pages\/2144\/revisions"}],"wp:attachment":[{"href":"https:\/\/pes-luxembourg.lu\/bascharage\/lu\/wp-json\/wp\/v2\/media?parent=2144"}],"curies":[{"name":"wp","href":"https:\/\/api.w.org\/{rel}","templated":true}]}},{"id":2132,"date":"2020-05-05T19:53:26","date_gmt":"2020-05-05T17:53:26","guid":{"rendered":"https:\/\/pes-luxembourg.lu\/bascharage\/?page_id=2132"},"modified":"2020-06-07T01:32:35","modified_gmt":"2020-06-06T23:32:35","slug":"osteopath-ilana-kalfa-bascharage","status":"publish","type":"page","link":"https:\/\/pes-luxembourg.lu\/bascharage\/lu\/osteopath-ilana-kalfa-bascharage\/","title":{"rendered":"Osteopath Ilana Kalfa Bascharage"},"content":{"rendered":"<div class=\"fusion-fullwidth fullwidth-box fusion-builder-row-2 nonhundred-percent-fullwidth non-hundred-percent-height-scrolling\" style=\"--awb-border-radius-top-left:0px;--awb-border-radius-top-right:0px;--awb-border-radius-bottom-right:0px;--awb-border-radius-bottom-left:0px;--awb-flex-wrap:wrap;\" ><div class=\"fusion-builder-row fusion-row\"><div class=\"fusion-layout-column fusion_builder_column fusion-builder-column-4 fusion_builder_column_1_1 1_1 fusion-one-full fusion-column-first fusion-column-last\" style=\"--awb-bg-size:cover;\"><div class=\"fusion-column-wrapper fusion-flex-column-wrapper-legacy\"><div class=\"fusion-title title fusion-title-5 fusion-title-center fusion-title-text fusion-title-size-one\" style=\"--awb-margin-top-small:10px;--awb-margin-right-small:0px;--awb-margin-bottom-small:10px;--awb-margin-left-small:0px;\"><div class=\"title-sep-container title-sep-container-left\"><div class=\"title-sep sep-double sep-solid\" style=\"border-color:#e0dede;\"><\/div><\/div><span class=\"awb-title-spacer\"><\/span><h1 class=\"fusion-title-heading title-heading-center fusion-responsive-typography-calculated\" style=\"margin:0;--fontSize:34;line-height:1.41;\"><p data-fontsize=\"34\" data-lineheight=\"47\">Osteopath Ilana Kalfa Nidderk\u00e4erjeng<\/p><\/h1><span class=\"awb-title-spacer\"><\/span><div class=\"title-sep-container title-sep-container-right\"><div class=\"title-sep sep-double sep-solid\" style=\"border-color:#e0dede;\"><\/div><\/div><\/div><div class=\"fusion-clearfix\"><\/div><\/div><\/div><div class=\"fusion-layout-column fusion_builder_column fusion-builder-column-5 fusion_builder_column_1_1 1_1 fusion-one-full fusion-column-first fusion-column-last\" style=\"--awb-bg-size:cover;\"><div class=\"fusion-column-wrapper fusion-flex-column-wrapper-legacy\"><div class=\"fusion-person person fusion-person-left fusion-person-2 fusion-person-icon-top\" style=\"--awb-pic-style-color:#000000;--awb-pic-borderradius:20px;--awb-margin-top:0px;--awb-margin-right:0px;--awb-margin-bottom:0px;--awb-margin-left:0px;--awb-social-box-border-top:0px;--awb-social-box-border-right:0px;--awb-social-box-border-bottom:0px;--awb-social-box-border-left:0px;--awb-social-box-border-color:var(--awb-color3);--awb-social-box-border-color-hover:var(--awb-color4);--awb-social-box-colors-hover:rgba(232,232,232,0.8);--awb-social-icon-boxed-colors:#e8e8e8;--awb-social-icon-colors:#82c9f0;--awb-social-icon-colors-hover:rgba(130,201,240,0.8);\"><div class=\"person-shortcode-image-wrapper\"><div class=\"person-image-container hover-type-none person-rounded-overflow\" style=\"-webkit-border-radius:20px;-moz-border-radius:20px;border-radius:20px;border:0px solid #f6f6f6;-webkit-border-radius:20px;-moz-border-radius:20px;border-radius:20px;\"><img decoding=\"async\" class=\"person-img img-responsive wp-image-944\" width=\"400\" height=\"399\" src=\"https:\/\/pes-luxembourg.lu\/bascharage\/wp-content\/uploads\/sites\/2\/2019\/08\/Ilana-Kalfa-Ost\u00e9opathe-400x399.jpg\" alt=\"Ilana Kalfa\" srcset=\"https:\/\/pes-luxembourg.lu\/bascharage\/wp-content\/uploads\/sites\/2\/2019\/08\/Ilana-Kalfa-Ost\u00e9opathe-200x200.jpg 200w, https:\/\/pes-luxembourg.lu\/bascharage\/wp-content\/uploads\/sites\/2\/2019\/08\/Ilana-Kalfa-Ost\u00e9opathe-400x399.jpg 400w, https:\/\/pes-luxembourg.lu\/bascharage\/wp-content\/uploads\/sites\/2\/2019\/08\/Ilana-Kalfa-Ost\u00e9opathe-600x599.jpg 600w, https:\/\/pes-luxembourg.lu\/bascharage\/wp-content\/uploads\/sites\/2\/2019\/08\/Ilana-Kalfa-Ost\u00e9opathe.jpg 700w\" sizes=\"(max-width: 800px) 100vw, 400px\" \/><\/div><\/div><div class=\"person-desc\"><div class=\"person-author\"><div class=\"person-author-wrapper\"><span class=\"person-name\">Ilana Kalfa<\/span><span class=\"person-title\">Osteopath D.O.<\/span><\/div><\/div><div class=\"person-content fusion-clearfix\"><\/div><\/div><\/div><div class=\"fusion-text fusion-text-4\"><p>\u00c4r Bascharage Osteopath <strong>Ilana Kalfa<\/strong> gouf 5 Joer Vollz\u00e4it am <a href=\"http:\/\/www.ito-osteopathie.fr\">Toulousain Institut vun Osteopathie<\/a> zu Lab\u00e8ge train\u00e9iert. W\u00e4rend d\u00ebser Ausbildung krut si eng theoretesch L\u00e9ier vun 2008h mat villen theoreteschen Themen w\u00e9i Anatomie, Physiopathologie oder souguer Biomechanik &#8230; Si huet och 2405h fir praktesch L\u00e9ier mat der Approche vu villen therapeutesche Approche gewidmet. w\u00e9i visceral, strukturell oder cranial Techniken.<\/p>\n<p>W\u00e4rend hirer klinescher Ausbildung w\u00e4ert si d&#8217;M\u00e9iglechkeet kr\u00e9ien Puppelcher, Kanner a Jugendlecher, schwangere Fraen, Senioren, an Athleten ze k\u00ebmmeren.<\/p>\n<p>D&#8217;Ilana Kalfa konnt och am <a href=\"https:\/\/www.chu-toulouse.fr\/-hopital-rangueil-\">Centre Hospitalier Universitaire de Rangueil<\/a> am Department of General and Digestive Surgery duerch hir Dissertatioun iwwer de Suivi vu Patienten no visceraler Mauerchirurgie interven\u00e9ieren.<\/p>\n<p>Si konnt och am <a href=\"http:\/\/www.hjd.asso.fr\">Joseph Ducuing Spidol<\/a> zu Toulouse am Trauma- a Maternit\u00e9itsservicer schaffen, vun der <a href=\"https:\/\/www.iuct-oncopole.fr\">IUCT Oncopole<\/a> zu Toulouse a war gl\u00e9cklech, an dat medizinescht Personal an e puer Sportsconcours anzegr\u00e4ifen, w\u00e9i z. <a href=\"https:\/\/www.traildupicou.fr\">Trail du Picou<\/a>, de <a href=\"https:\/\/wodapalooza.com\">Wodapalooza<\/a> (Crossfit Concours zu Miami) souw\u00e9i de Suivi vu professionelle Reider besonnesch am P\u00e4erdscompetitioun.<\/p>\n<p>Ausserdeem konnt \u00c4ren Osteopath zu Nidderk\u00e4erjeng och u ville Stagen an engem Empfangszenter fir beh\u00ebnnert Leit w\u00e9i och an der <a href=\"https:\/\/elheva.jimdo.com\">Elheva Associatioun<\/a> zu Toulouse matmaachen.<\/p>\n<p>Et ass duerch d\u00ebs vill Partnerschaften datt se hir Praxis konnt entw\u00e9ckelen, \u00ebmmer mam Zil de Patienten d\u00e9i bescht m\u00e9iglech Betreiung ze ginn an sech an all Zort Situatioun z&#8217;adapt\u00e9ieren.<\/p>\n<\/div><div class=\"fusion-clearfix\"><\/div><\/div><\/div><div class=\"fusion-layout-column fusion_builder_column fusion-builder-column-6 fusion_builder_column_1_1 1_1 fusion-one-full fusion-column-first fusion-column-last\" style=\"--awb-bg-size:cover;\"><div class=\"fusion-column-wrapper fusion-flex-column-wrapper-legacy\"><div class=\"fusion-reading-box-container reading-box-container-2\" style=\"--awb-title-color:#333333;--awb-margin-top:0px;--awb-margin-bottom:40px;\"><div class=\"reading-box reading-box-center\" style=\"background-color:#f6f6f6;border-width:0px;border-color:#f6f6f6;border-left-width:3px;border-left-color:var(--primary_color);border-style:solid;\"><h2>W\u00ebllt Dir e Rendez-vous mat engem Osteopath maachen?<\/h2><div class=\"reading-box-additional fusion-reading-box-additional\">\n<p>Et ass elo direkt um Internet fir gew\u00ebsse Z\u00e4iten m\u00e9iglech! Wann Dir keng Disponibilit\u00e9it f\u00ebnnt oder fir en Noutfall, z\u00e9ckt net eis en E-Mail ze loossen oder eis ruffen. <div class=\"fusion-button-wrapper fusion-aligncenter\"><a class=\"fusion-button button-flat fusion-button-default-size button-default fusion-button-default button-2 fusion-button-default-span fusion-button-default-type\" target=\"_self\" href=\"https:\/\/pes-luxembourg.lu\/bascharage\/contact\"><span class=\"fusion-button-text awb-button__text awb-button__text--default\">Nous contacter<\/span><\/a><\/div>\n<\/div><div class=\"fusion-clearfix\"><\/div><a class=\"button fusion-button button-default fusion-button-default-size button-default-size button-flat fusion-mobile-button continue-center\" style=\"-webkit-box-shadow:none;-moz-box-shadow:none;box-shadow:none;border-radius:2px 2px 2px 2px\" href=\"https:\/\/pes-luxembourg.lu\/bascharage\/rdv-osteopathie\/%20\" target=\"_self\"><span>Maacht e Rendez-vous online<\/span><\/a><\/div><svg style=\"opacity:0.70;\" xmlns=\"http:\/\/www.w3.org\/2000\/svg\" version=\"1.1\" width=\"100%\" viewBox=\"0 0 600 28\" preserveAspectRatio=\"none\"><g clip-path=\"url(#a)\"><mask id=\"b\" style=\"mask-type:luminance\" maskUnits=\"userSpaceOnUse\" x=\"0\" y=\"0\" width=\"600\" height=\"28\"><path d=\"M0 0h600v28H0V0Z\" fill=\"#fff\"\/><\/mask><g filter=\"url(#c)\" mask=\"url(#b)\"><path d=\"M16.439-18.667h567.123v30.8S438.961-8.4 300-8.4C161.04-8.4 16.438 12.133 16.438 12.133v-30.8Z\" fill=\"#000\"\/><\/g><\/g><defs><clipPath id=\"a\"><path fill=\"#fff\" d=\"M0 0h600v28H0z\"\/><\/clipPath><filter id=\"c\" x=\"5.438\" y=\"-29.667\" width=\"589.123\" height=\"52.8\" filterUnits=\"userSpaceOnUse\" color-interpolation-filters=\"sRGB\"><feFlood flood-opacity=\"0\" result=\"BackgroundImageFix\"\/><feBlend in=\"SourceGraphic\" in2=\"BackgroundImageFix\" result=\"shape\"\/><feGaussianBlur stdDeviation=\"5.5\" result=\"effect1_foregroundBlur_3983_183\"\/><\/filter><\/defs><\/svg><\/div><div class=\"fusion-title title fusion-title-6 fusion-sep-none fusion-title-text fusion-title-size-two\" style=\"--awb-margin-top-small:10px;--awb-margin-right-small:0px;--awb-margin-bottom-small:10px;--awb-margin-left-small:0px;\"><h2 class=\"fusion-title-heading title-heading-left fusion-responsive-typography-calculated\" style=\"margin:0;--fontSize:28;line-height:1.5;\"><p data-fontsize=\"34\" data-lineheight=\"47\">Seng Ausbildungsanlag<\/p><\/h2><\/div><div class=\"fusion-text fusion-text-5\"><p style=\"text-align: justify\"><a href=\"http:\/\/www.ito-osteopathie.fr\"><img decoding=\"async\" class=\" wp-image-679 alignleft\" src=\"https:\/\/pes-luxembourg.lu\/bascharage\/wp-content\/uploads\/sites\/2\/2019\/07\/ITO-Toulouse-269x300.png\" alt=\"ITO Toulouse\" width=\"233\" height=\"260\" srcset=\"https:\/\/pes-luxembourg.lu\/bascharage\/wp-content\/uploads\/sites\/2\/2019\/07\/ITO-Toulouse-200x223.png 200w, https:\/\/pes-luxembourg.lu\/bascharage\/wp-content\/uploads\/sites\/2\/2019\/07\/ITO-Toulouse-269x300.png 269w, https:\/\/pes-luxembourg.lu\/bascharage\/wp-content\/uploads\/sites\/2\/2019\/07\/ITO-Toulouse.png 370w\" sizes=\"(max-width: 233px) 100vw, 233px\" \/><\/a>Gegr\u00ebnnt am <strong>2002<\/strong>, ass den <a href=\"http:\/\/www.ito-osteopathie.fr\">Toulousain Institut vun Osteopathie<\/a> eng vun de benchmarkschoulen am Training vun Osteopathen a Frankr\u00e4ich, deem s\u00e4i Vocatioun ass qualifiz\u00e9iert, kompetent, autonom a verantwortlech Osteopathen ze train\u00e9ieren. D&#8217;ITO gouf an der \u00e9ischter Instanz den 9. August 2007 vum Minist\u00e8re fir Gesondheet, Jugend a Sport guttgeheescht. D\u00ebs Autorisatioun autoris\u00e9iert d&#8217;Ausf\u00e9ierung vum Diplom vum Osteopath (D.O.) ze erm\u00e9iglechen d&#8217;Benotzung vum Tittel vum Osteopath an d&#8217;liberal Aus\u00fcbung vun d\u00ebsem Beruff. De Minist\u00e8re fir Soziales, Gesondheets a Fraerechter huet fir eng Period vu 5 Joer d&#8217;Erlaabnes vum Toulousain Institut vun Osteopathie den 9. Juli 2015 op der Basis vun den neie Best\u00ebmmunge vun Dekreter n \u00b0 2014-1043 erneiert an n \u00b0 2014-1505 fir d&#8217;L\u00e9ier vun der Osteopathie a Frankr\u00e4ich reg\u00e9iert, Best\u00ebmmungen d\u00e9i den Institut an alle Punkte respekt\u00e9iert <a href=\"https:\/\/www.legifrance.gouv.fr\/eli\/decision\/2016\/3\/3\/AFSH1606510S\/jo\">(Genehmegungsnummer: AFSH1606510S)<\/a>. Den Toulousain Institut vun Osteopathie gouf am Juni 2018 iwwer d&#8217;Crit\u00e8r\u00eb vum Service Zertifiz\u00e9ierungs Referenz System &#8220;<a href=\"http:\/\/www.ito-osteopathie.fr\/wp-content\/uploads\/Certification-7144616-ITO-Osteopathie.pdf\">Osteopathie gepr\u00e9ift: vum Compliance a Qualit\u00e9it vum Service vum Training<\/a>&#8221; vum &#8220;Bureau Veritas Zertifiz\u00e9ierung&#8221; an huet d\u00ebs Zertifiz\u00e9ierung um excellence Niveau kritt. D&#8217;ITO ass och Deel vun der<a href=\"https:\/\/www.fneso.fr\"> National Federatioun fir H\u00e9ichschoulstudium an Osteopathie<\/a> (FNESO). Den FNESO br\u00e9ngt H\u00e9ichschoulinstituter an Osteopathie zesummen, d\u00e9i vum Gesondheetsminist\u00e8re guttgeheescht gouf an en Audit vun der Konformit\u00e9it mam Regul\u00e9ierungsstandard akzept\u00e9iere vun enger Organisatioun onofh\u00e4ngeg vum Beruff. Schlussendlech ass den Toulousain Institut vun Osteopathie en aktiven Member vum 1. Netz vun Schoulen fir Osteopathie a Frankr\u00e4ich, wat verschidde Trainingsanstalter an Osteopathie zesummebr\u00e9ngt, verdeelt am ganzen nationalen Territoire. D\u00ebs Etablissement ass am Aklang mat dem <a href=\"https:\/\/www.fneso.fr\">Franc&#8217;Osteo Network<\/a> Projet, den Ambitioun ass Referenzschoulen a punkto P\u00e4dagogik zesummebr\u00e9ngen an domat hire Studenten en exzellente an entw\u00e9ckelende Trainingswee ubidden. R\u00e9seau Franc\u2019Osteo br\u00e9ngt 6 Referenzanstalter zesummen, d\u00e9i vum Gesondheetsminist\u00e8re approuv\u00e9iert goufen, an enker Zesummenaarbecht, a represent\u00e9iere m\u00e9i w\u00e9i 2000 Studenten d\u00e9i pro Joer train\u00e9iert an en Netzwierk vun iwwer 3000 Osteopathen d\u00e9i aktuell praktiz\u00e9ieren.<\/p>\n<\/div><div class=\"fusion-clearfix\"><\/div><\/div><\/div><div class=\"fusion-layout-column fusion_builder_column fusion-builder-column-7 fusion_builder_column_1_1 1_1 fusion-one-full fusion-column-first fusion-column-last\" style=\"--awb-bg-size:cover;\"><div class=\"fusion-column-wrapper fusion-flex-column-wrapper-legacy\"><div class=\"fusion-title title fusion-title-7 fusion-sep-none fusion-title-text fusion-title-size-two\" style=\"--awb-margin-top-small:10px;--awb-margin-right-small:0px;--awb-margin-bottom-small:10px;--awb-margin-left-small:0px;\"><h2 class=\"fusion-title-heading title-heading-left fusion-responsive-typography-calculated\" style=\"margin:0;--fontSize:28;line-height:1.5;\"><p data-fontsize=\"34\" data-lineheight=\"47\">N\u00ebtzlech Linken<\/p><\/h2><\/div><div class=\"fusion-image-carousel fusion-image-carousel-fixed fusion-image-carousel-2\"><div class=\"awb-carousel awb-swiper awb-swiper-carousel awb-carousel--carousel awb-swiper-dots-position-bottom\" data-layout=\"carousel\" data-autoplay=\"no\" data-autoplayspeed=\"2500\" data-autoplaypause=\"no\" data-loop=\"yes\" data-columns=\"3\" data-columnsmedium=\"1\" data-columnssmall=\"1\" data-itemmargin=\"13\" data-itemwidth=\"180\" data-touchscroll=\"no\" data-freemode=\"no\" data-imagesize=\"fixed\" data-scrollitems=\"0\" data-centeredslides=\"no\" data-rotationangle=\"50\" data-depth=\"100\" data-speed=\"500\" data-shadow=\"no\" data-pagination=\"bullets\" style=\"--awb-columns:3;\"><div class=\"swiper-wrapper awb-image-carousel-wrapper fusion-flex-align-items-center\"><div class=\"swiper-slide\"><div class=\"fusion-carousel-item-wrapper\"><div class=\"fusion-image-wrapper hover-type-none\"><a href=\"https:\/\/www.sneso.fr\/\" target=\"_self\"><\/a><\/div><\/div><\/div><div class=\"swiper-slide\"><div class=\"fusion-carousel-item-wrapper\"><div class=\"fusion-image-wrapper hover-type-none\"><a href=\"http:\/\/ito-osteopathie.fr\" target=\"_self\"><img decoding=\"async\" width=\"370\" height=\"295\" src=\"https:\/\/pes-luxembourg.lu\/bascharage\/wp-content\/uploads\/sites\/2\/2019\/07\/ITO-Toulouse-370x295.png\" class=\"attachment-portfolio-two size-portfolio-two\" alt=\"ITO Toulouse\" \/><\/a><\/div><\/div><\/div><\/div><div class=\"awb-swiper-button awb-swiper-button-prev\"><i class=\"awb-icon-angle-left\" aria-hidden=\"true\"><\/i><\/div><div class=\"awb-swiper-button awb-swiper-button-next\"><i class=\"awb-icon-angle-right\" aria-hidden=\"true\"><\/i><\/div><\/div><\/div><div class=\"fusion-title title fusion-title-8 fusion-title-center fusion-title-text fusion-title-size-one\" style=\"--awb-margin-top-small:10px;--awb-margin-right-small:0px;--awb-margin-bottom-small:10px;--awb-margin-left-small:0px;\"><div class=\"title-sep-container title-sep-container-left\"><div class=\"title-sep sep-double sep-solid\" style=\"border-color:#e0dede;\"><\/div><\/div><span class=\"awb-title-spacer\"><\/span><h1 class=\"fusion-title-heading title-heading-center fusion-responsive-typography-calculated\" style=\"margin:0;--fontSize:34;line-height:1.41;\">Maacht e Rendez-vous online mat der Ilana Kalfa<\/h1><span class=\"awb-title-spacer\"><\/span><div class=\"title-sep-container title-sep-container-right\"><div class=\"title-sep sep-double sep-solid\" style=\"border-color:#e0dede;\"><\/div><\/div><\/div><div class=\"fusion-text fusion-text-6\"><section data-toggle=\"doc-calendar\" data-picture=\"1\" data-doctor-eid=\"952b66f6-7502-4eb5-b34c-eef048a5a95f\" data-language=\"lu\"> <\/section>\n<p>        <script src=\"https:\/\/api.doctena.lu\/js\/widgetBooking\/calendar\/build.php\"><\/script><\/p>\n<\/div><div class=\"fusion-clearfix\"><\/div><\/div><\/div><\/div><\/div>\n","protected":false},"excerpt":{"rendered":"","protected":false},"author":2,"featured_media":0,"parent":0,"menu_order":0,"comment_status":"closed","ping_status":"closed","template":"","meta":{"_seopress_robots_primary_cat":"","_seopress_titles_title":"","_seopress_titles_desc":"","_seopress_robots_index":"","footnotes":""},"class_list":["post-2132","page","type-page","status-publish","hentry"],"_links":{"self":[{"href":"https:\/\/pes-luxembourg.lu\/bascharage\/lu\/wp-json\/wp\/v2\/pages\/2132","targetHints":{"allow":["GET"]}}],"collection":[{"href":"https:\/\/pes-luxembourg.lu\/bascharage\/lu\/wp-json\/wp\/v2\/pages"}],"about":[{"href":"https:\/\/pes-luxembourg.lu\/bascharage\/lu\/wp-json\/wp\/v2\/types\/page"}],"author":[{"embeddable":true,"href":"https:\/\/pes-luxembourg.lu\/bascharage\/lu\/wp-json\/wp\/v2\/users\/2"}],"replies":[{"embeddable":true,"href":"https:\/\/pes-luxembourg.lu\/bascharage\/lu\/wp-json\/wp\/v2\/comments?post=2132"}],"version-history":[{"count":0,"href":"https:\/\/pes-luxembourg.lu\/bascharage\/lu\/wp-json\/wp\/v2\/pages\/2132\/revisions"}],"wp:attachment":[{"href":"https:\/\/pes-luxembourg.lu\/bascharage\/lu\/wp-json\/wp\/v2\/media?parent=2132"}],"curies":[{"name":"wp","href":"https:\/\/api.w.org\/{rel}","templated":true}]}},{"id":2115,"date":"2020-05-04T23:17:18","date_gmt":"2020-05-04T21:17:18","guid":{"rendered":"https:\/\/pes-luxembourg.lu\/bascharage\/?page_id=2115"},"modified":"2020-05-04T23:17:18","modified_gmt":"2020-05-04T21:17:18","slug":"shock-wave-physiotherapie","status":"publish","type":"page","link":"https:\/\/pes-luxembourg.lu\/bascharage\/lu\/shock-wave-physiotherapie\/","title":{"rendered":"Shock Wave Physiotherapie"},"content":{"rendered":"<div class=\"fusion-fullwidth fullwidth-box fusion-builder-row-3 nonhundred-percent-fullwidth non-hundred-percent-height-scrolling\" style=\"--awb-border-radius-top-left:0px;--awb-border-radius-top-right:0px;--awb-border-radius-bottom-right:0px;--awb-border-radius-bottom-left:0px;--awb-padding-top:20px;--awb-padding-bottom:20px;--awb-flex-wrap:wrap;\" ><div class=\"fusion-builder-row fusion-row\"><div class=\"fusion-layout-column fusion_builder_column fusion-builder-column-8 fusion_builder_column_1_1 1_1 fusion-one-full fusion-column-first fusion-column-last\" style=\"--awb-bg-size:cover;\"><div class=\"fusion-column-wrapper fusion-column-has-shadow fusion-flex-column-wrapper-legacy\"><div class=\"fusion-title title fusion-title-9 fusion-title-center fusion-title-text fusion-title-size-one\" style=\"--awb-margin-top-small:10px;--awb-margin-right-small:0px;--awb-margin-bottom-small:10px;--awb-margin-left-small:0px;\"><div class=\"title-sep-container title-sep-container-left\"><div class=\"title-sep sep-double sep-solid\" style=\"border-color:#e0dede;\"><\/div><\/div><span class=\"awb-title-spacer\"><\/span><h1 class=\"fusion-title-heading title-heading-center fusion-responsive-typography-calculated\" style=\"margin:0;--fontSize:34;line-height:1.41;\">De Schock wellen<\/h1><span class=\"awb-title-spacer\"><\/span><div class=\"title-sep-container title-sep-container-right\"><div class=\"title-sep sep-double sep-solid\" style=\"border-color:#e0dede;\"><\/div><\/div><\/div><div class=\"fusion-image-element fusion-image-align-center in-legacy-container\" style=\"text-align:center;--awb-bottom-shadow-color:rgba(0,0,0,0.4);--awb-caption-title-font-family:var(--h2_typography-font-family);--awb-caption-title-font-weight:var(--h2_typography-font-weight);--awb-caption-title-font-style:var(--h2_typography-font-style);--awb-caption-title-size:var(--h2_typography-font-size);--awb-caption-title-transform:var(--h2_typography-text-transform);--awb-caption-title-line-height:var(--h2_typography-line-height);--awb-caption-title-letter-spacing:var(--h2_typography-letter-spacing);\"><div class=\"imageframe-align-center\"><div class=\"awb-image-frame awb-image-frame-1 awb-bottomshadow\"><span class=\" fusion-imageframe imageframe-bottomshadow imageframe-1 hover-type-none\" style=\"border:2px solid #f6f6f6;\"><img decoding=\"async\" width=\"4000\" height=\"1333\" title=\"Ondes de choc\" src=\"https:\/\/pes-luxembourg.lu\/bascharage\/wp-content\/uploads\/sites\/2\/2019\/09\/Ondes-de-choc.png\" alt class=\"img-responsive wp-image-1006\" srcset=\"https:\/\/pes-luxembourg.lu\/bascharage\/wp-content\/uploads\/sites\/2\/2019\/09\/Ondes-de-choc-200x67.png 200w, https:\/\/pes-luxembourg.lu\/bascharage\/wp-content\/uploads\/sites\/2\/2019\/09\/Ondes-de-choc-400x133.png 400w, https:\/\/pes-luxembourg.lu\/bascharage\/wp-content\/uploads\/sites\/2\/2019\/09\/Ondes-de-choc-600x200.png 600w, https:\/\/pes-luxembourg.lu\/bascharage\/wp-content\/uploads\/sites\/2\/2019\/09\/Ondes-de-choc-800x267.png 800w, https:\/\/pes-luxembourg.lu\/bascharage\/wp-content\/uploads\/sites\/2\/2019\/09\/Ondes-de-choc-1200x400.png 1200w, https:\/\/pes-luxembourg.lu\/bascharage\/wp-content\/uploads\/sites\/2\/2019\/09\/Ondes-de-choc.png 4000w\" sizes=\"(max-width: 800px) 100vw, 1200px\" \/><\/span><svg xmlns=\"http:\/\/www.w3.org\/2000\/svg\" version=\"1.1\" width=\"100%\" viewBox=\"0 0 600 28\" preserveAspectRatio=\"none\"><g clip-path=\"url(#a)\"><mask id=\"b\" style=\"mask-type:luminance\" maskUnits=\"userSpaceOnUse\" x=\"0\" y=\"0\" width=\"600\" height=\"28\"><path d=\"M0 0h600v28H0V0Z\" fill=\"#fff\"\/><\/mask><g filter=\"url(#c)\" mask=\"url(#b)\"><path d=\"M16.439-18.667h567.123v30.8S438.961-8.4 300-8.4C161.04-8.4 16.438 12.133 16.438 12.133v-30.8Z\" fill=\"#000\"\/><\/g><\/g><defs><clipPath id=\"a\"><path fill=\"#fff\" d=\"M0 0h600v28H0z\"\/><\/clipPath><filter id=\"c\" x=\"5.438\" y=\"-29.667\" width=\"589.123\" height=\"52.8\" filterUnits=\"userSpaceOnUse\" color-interpolation-filters=\"sRGB\"><feFlood flood-opacity=\"0\" result=\"BackgroundImageFix\"\/><feBlend in=\"SourceGraphic\" in2=\"BackgroundImageFix\" result=\"shape\"\/><feGaussianBlur stdDeviation=\"5.5\" result=\"effect1_foregroundBlur_3983_183\"\/><\/filter><\/defs><\/svg><\/div><\/div><\/div><div class=\"fusion-sep-clear\"><\/div><div class=\"fusion-separator fusion-full-width-sep\" style=\"margin-left: auto;margin-right: auto;margin-top:20px;margin-bottom:20px;width:100%;\"><div class=\"fusion-separator-border sep-shadow\" style=\"--awb-height:20px;--awb-amount:20px;background:radial-gradient(ellipse at 50% -50% , #e0dede 0px, rgba(255, 255, 255, 0) 80%) repeat scroll 0 0 rgba(0, 0, 0, 0);background:-webkit-radial-gradient(ellipse at 50% -50% , #e0dede 0px, rgba(255, 255, 255, 0) 80%) repeat scroll 0 0 rgba(0, 0, 0, 0);background:-moz-radial-gradient(ellipse at 50% -50% , #e0dede 0px, rgba(255, 255, 255, 0) 80%) repeat scroll 0 0 rgba(0, 0, 0, 0);background:-o-radial-gradient(ellipse at 50% -50% , #e0dede 0px, rgba(255, 255, 255, 0) 80%) repeat scroll 0 0 rgba(0, 0, 0, 0);\"><\/div><\/div><div class=\"fusion-sep-clear\"><\/div><div class=\"fusion-text fusion-text-7\"><p>Schockwellen sinn akustesch Wellen mat engem extrem h\u00e9igen Energiesp\u00ebtz w\u00e9i d\u00e9i, d\u00e9i an der Atmosph\u00e4r optrieden no engem Explosiounsph\u00e4nomen w\u00e9i e Bl\u00ebtzschlag oder eng sonesch Explosioun. Eng Schockwelle \u00ebnnerscheet sech vum Ultraschall a senger extrem breeder Drockbereich. Zous\u00e4tzlech besteet den Ultraschall normalerweis aus enger periodescher Schw\u00e9ngung, w\u00e4hrend eng Schockwelle eng eenzeg Puls ass.<\/p>\n<p>Extracorporeal Schockwellentherapie (TOCE) ass d&#8217;Applikatioun vu Schockwellen an der Medizin.<\/p>\n<p>Wann Dir op verletzten Tissu appliz\u00e9iert g\u00ebtt, stimul\u00e9ieren Drockwellen metabolesch Reaktiounen. Et ass klinesch bewisen:<\/p>\n<ul>\n<li style=\"text-align: justify\"><strong>Reduktioun vu Schmerz gefillt duerch Nervefaseren<\/strong><\/li>\n<li style=\"text-align: justify\"><strong>Geklomm Blutt Circulatioun an der \u00cbmg\u00e9igend m\u00ebllen Tissu<\/strong><\/li>\n<li style=\"text-align: justify\"><strong>Ufank vum Heelungsprozess initi\u00e9iert duerch d&#8217;Aktivatioun vu Stammzellen<\/strong><\/li>\n<\/ul>\n<\/div><div class=\"fusion-clearfix\"><\/div><\/div><\/div><div class=\"fusion-layout-column fusion_builder_column fusion-builder-column-9 fusion_builder_column_1_1 1_1 fusion-one-full fusion-column-first fusion-column-last\" style=\"--awb-bg-size:cover;\"><div class=\"fusion-column-wrapper fusion-column-has-shadow fusion-flex-column-wrapper-legacy\"><div class=\"fusion-title title fusion-title-10 fusion-sep-none fusion-title-text fusion-title-size-two\" style=\"--awb-margin-top-small:10px;--awb-margin-right-small:0px;--awb-margin-bottom-small:10px;--awb-margin-left-small:0px;\"><h2 class=\"fusion-title-heading title-heading-left fusion-responsive-typography-calculated\" style=\"margin:0;--fontSize:28;line-height:1.5;\"><p data-fontsize=\"34\" data-lineheight=\"47\">Evolutioun vun der Schockwellentherapie<\/p><\/h2><\/div><div class=\"fusion-text fusion-text-8\"><p style=\"text-align: justify\">D&#8217;Begr\u00ebffer &#8220;Schockwellentherapie&#8221; bez\u00e9ien sech op mechanesch Drockimpulser, d\u00e9i sech w\u00e9i eng Welle duerch de m\u00ebnschleche Kierper verbreeden. 1980 gouf d&#8217;Schockwellenmethod als \u00e9ischt benotzt fir Steng an den Nieren vun engem Patient ze desintegr\u00e9ieren (Journal of Urology (Journal of Urology), 1982).<\/p>\n<\/div><div class=\"fusion-title title fusion-title-11 fusion-sep-none fusion-title-text fusion-title-size-two\" style=\"--awb-margin-top-small:10px;--awb-margin-right-small:0px;--awb-margin-bottom-small:10px;--awb-margin-left-small:0px;\"><h2 class=\"fusion-title-heading title-heading-left fusion-responsive-typography-calculated\" style=\"margin:0;--fontSize:28;line-height:1.5;\"><p data-fontsize=\"34\" data-lineheight=\"47\">Therapeutesch Wierkung vu Schockwellen<\/p><\/h2><\/div><div class=\"fusion-text fusion-text-9\"><p>Extracorporeal akustesch Wellentherapie (am G\u00e9igesaz zu Lithotripsy) g\u00ebtt net benotzt fir Tissu ze desintegr\u00e9ieren, awer fir mikroskopesch extrazellul\u00e4r an interstitiell biologesch Effekter ze verursaachen; dat enth\u00e4lt Tissu-Erhuelung. An der moderner Schmerztherapie g\u00ebtt akustesch Wellenergie vum Punkt vun der Hierkonft geleet, dat ass de Generator vun den akustesche Wellen (iwwer e Kupplungsgel), an d&#8217;Gebidder vum Kierper d\u00e9i Schmerz erliewen. Hei g\u00ebtt seng Heelenkapazit\u00e9it ugewannt.<\/p>\n<p>No 4 oder 5 Sessiounen, m\u00e9i w\u00e9i 80% vun de Patienten uginn datt se net m\u00e9i Schmerz erliewen oder datt se eng markant Reduktioun vum Schmerz erliewen.<\/p>\n<p><strong>Virdeeler fir de Patient:<\/strong><\/p>\n<ul style=\"text-align: justify\">\n<li>Vill Felder vun Uwendungen<\/li>\n<li>Behandlung ouni An\u00e4sthesie an net traumatesch<\/li>\n<li>H\u00e9ich Heelungsquote<\/li>\n<li>Reduz\u00e9iert Liewensqualit\u00e9it a Mobilit\u00e9it<\/li>\n<li>Bezuelbar Therapie<\/li>\n<li>Motivatioun duerch visuellen Bew\u00e4ertungsprozess mam VAS Resultat<\/li>\n<li>80% Erfolleg Taux<\/li>\n<li>Reduz\u00e9iert Veraarbechtungsz\u00e4it: ongef\u00e9ier 10 Minutten<\/li>\n<li>Am Duerchschn\u00ebtt 6-8 Behandlungssessiounen erfuerderlech<\/li>\n<li>Realistesch Alternativ zu Chirurgie<\/li>\n<\/ul>\n<\/div><div class=\"fusion-sep-clear\"><\/div><div class=\"fusion-separator fusion-full-width-sep\" style=\"margin-left: auto;margin-right: auto;margin-top:20px;margin-bottom:20px;width:100%;\"><div class=\"fusion-separator-border sep-shadow\" style=\"--awb-height:20px;--awb-amount:20px;background:radial-gradient(ellipse at 50% -50% , #e0dede 0px, rgba(255, 255, 255, 0) 80%) repeat scroll 0 0 rgba(0, 0, 0, 0);background:-webkit-radial-gradient(ellipse at 50% -50% , #e0dede 0px, rgba(255, 255, 255, 0) 80%) repeat scroll 0 0 rgba(0, 0, 0, 0);background:-moz-radial-gradient(ellipse at 50% -50% , #e0dede 0px, rgba(255, 255, 255, 0) 80%) repeat scroll 0 0 rgba(0, 0, 0, 0);background:-o-radial-gradient(ellipse at 50% -50% , #e0dede 0px, rgba(255, 255, 255, 0) 80%) repeat scroll 0 0 rgba(0, 0, 0, 0);\"><\/div><\/div><div class=\"fusion-sep-clear\"><\/div><div class=\"fusion-title title fusion-title-12 fusion-title-center fusion-title-text fusion-title-size-one\" style=\"--awb-margin-top-small:10px;--awb-margin-right-small:0px;--awb-margin-bottom-small:10px;--awb-margin-left-small:0px;\"><div class=\"title-sep-container title-sep-container-left\"><div class=\"title-sep sep-double sep-solid\" style=\"border-color:#e0dede;\"><\/div><\/div><span class=\"awb-title-spacer\"><\/span><h1 class=\"fusion-title-heading title-heading-center fusion-responsive-typography-calculated\" style=\"margin:0;--fontSize:34;line-height:1.41;\"><p style=\"text-align: center\">D\u00e9i 2 Aarte vu Schockwellen<\/p><\/h1><span class=\"awb-title-spacer\"><\/span><div class=\"title-sep-container title-sep-container-right\"><div class=\"title-sep sep-double sep-solid\" style=\"border-color:#e0dede;\"><\/div><\/div><\/div><div class=\"fusion-text fusion-text-10\"><p style=\"text-align: justify\">Radial Schockwellen gi fir vill Jore benotzt fir Tendinopathien ze behandelen, \u00c4re Physiotherapie B\u00fcro zu Nidderk\u00e4erjeng benotzt och fokal Schockwellen, d\u00e9i vill m\u00e9i pr\u00e4zis an effektiv fir vill Pathologien sinn. Zous\u00e4tzlech sinn all radial Schockwellen net gl\u00e4ich a k\u00ebnnen ee vun de Gr\u00ebnn fir den Erfolleg oder Versoen vun der Behandlung sinn.<\/p>\n<\/div><div class=\"fusion-clearfix\"><\/div><\/div><\/div><div class=\"fusion-layout-column fusion_builder_column fusion-builder-column-10 fusion_builder_column_1_2 1_2 fusion-one-half fusion-column-first\" style=\"--awb-bg-size:cover;width:50%;width:calc(50% - ( ( 4% ) * 0.5 ) );margin-right: 4%;\"><div class=\"fusion-column-wrapper fusion-column-has-shadow fusion-flex-column-wrapper-legacy\"><div class=\"fusion-title title fusion-title-13 fusion-sep-none fusion-title-center fusion-title-text fusion-title-size-two\" style=\"--awb-margin-top:0px;--awb-margin-top-small:10px;--awb-margin-right-small:0px;--awb-margin-bottom-small:10px;--awb-margin-left-small:0px;\"><h2 class=\"fusion-title-heading title-heading-center fusion-responsive-typography-calculated\" style=\"margin:0;--fontSize:28;line-height:1.5;\"><p data-fontsize=\"28\" data-lineheight=\"42\">Radial Schockwellen<\/p><\/h2><\/div><div class=\"fusion-text fusion-text-11\"><div class=\"page\" title=\"Page 4\">\n<div class=\"section\">\n<div class=\"layoutArea\">\n<div class=\"column\">\n<div class=\"page\" title=\"Page 4\">\n<div class=\"section\">\n<div class=\"layoutArea\">\n<div class=\"column\">\n<p><strong>Ballistic Schock Wave Generatioun<\/strong><\/p>\n<p>Mat komprim\u00e9ierter Loft beschleunegt e Projektil, deen e fixen Applikator mat h\u00e9ijer Geschwindegkeet schreift (bis zu 90 km \/ h). <strong>Kinetesch Energie<\/strong> <strong>g\u00ebtt an eng Schockwelle \u00ebmgewandelt,<\/strong> d\u00e9i an den Zilgewebe duerch d&#8217;Haut erausgeet. <strong>D\u00ebs Schockwellen propag\u00e9ieren radial fir d\u00e9i grouss Fl\u00e4chen d\u00e9i solle behandelt ginn.<\/strong><\/p>\n<p><img decoding=\"async\" class=\"aligncenter size-large wp-image-1042\" src=\"https:\/\/pes-luxembourg.lu\/bascharage\/wp-content\/uploads\/sites\/2\/2019\/10\/Onde-de-choc-radiales-1024x437.png\" alt=\"\" width=\"1024\" height=\"437\" srcset=\"https:\/\/pes-luxembourg.lu\/bascharage\/wp-content\/uploads\/sites\/2\/2019\/10\/Onde-de-choc-radiales-200x85.png 200w, https:\/\/pes-luxembourg.lu\/bascharage\/wp-content\/uploads\/sites\/2\/2019\/10\/Onde-de-choc-radiales-300x128.png 300w, https:\/\/pes-luxembourg.lu\/bascharage\/wp-content\/uploads\/sites\/2\/2019\/10\/Onde-de-choc-radiales-400x171.png 400w, https:\/\/pes-luxembourg.lu\/bascharage\/wp-content\/uploads\/sites\/2\/2019\/10\/Onde-de-choc-radiales-600x256.png 600w, https:\/\/pes-luxembourg.lu\/bascharage\/wp-content\/uploads\/sites\/2\/2019\/10\/Onde-de-choc-radiales-768x328.png 768w, https:\/\/pes-luxembourg.lu\/bascharage\/wp-content\/uploads\/sites\/2\/2019\/10\/Onde-de-choc-radiales-800x342.png 800w, https:\/\/pes-luxembourg.lu\/bascharage\/wp-content\/uploads\/sites\/2\/2019\/10\/Onde-de-choc-radiales-940x400.png 940w, https:\/\/pes-luxembourg.lu\/bascharage\/wp-content\/uploads\/sites\/2\/2019\/10\/Onde-de-choc-radiales-1024x437.png 1024w, https:\/\/pes-luxembourg.lu\/bascharage\/wp-content\/uploads\/sites\/2\/2019\/10\/Onde-de-choc-radiales-1200x512.png 1200w\" sizes=\"(max-width: 1024px) 100vw, 1024px\" \/><\/p>\n<div class=\"page\" title=\"Page 4\">\n<div class=\"section\">\n<div class=\"layoutArea\">\n<div class=\"page\" title=\"Page 4\">\n<div class=\"section\">\n<div class=\"layoutArea\">\n<div class=\"column\">\n<p><strong>Drockcharakteristike vu radialem Schockwellen<\/strong><\/p>\n<ul>\n<li>D&#8217;Schockwelle <strong>f\u00e4nkt mat enger Kompressiounsphase un, d\u00e9i Schiefwellen am Tissu propag\u00e9iert.<\/strong><\/li>\n<li>Et g\u00ebtt <strong>gefollegt vun enger Depressioun oder Spannungsphase d\u00e9i Kavitatiounsblasen gener\u00e9iert.<\/strong><\/li>\n<\/ul>\n<p><img decoding=\"async\" class=\"aligncenter size-large wp-image-1036\" src=\"https:\/\/pes-luxembourg.lu\/bascharage\/wp-content\/uploads\/sites\/2\/2019\/10\/Caract\u00e9ristiques-onde-de-choc-radiales-1024x574.png\" alt=\"\" width=\"1024\" height=\"574\" srcset=\"https:\/\/pes-luxembourg.lu\/bascharage\/wp-content\/uploads\/sites\/2\/2019\/10\/Caract\u00e9ristiques-onde-de-choc-radiales-200x112.png 200w, https:\/\/pes-luxembourg.lu\/bascharage\/wp-content\/uploads\/sites\/2\/2019\/10\/Caract\u00e9ristiques-onde-de-choc-radiales-300x168.png 300w, https:\/\/pes-luxembourg.lu\/bascharage\/wp-content\/uploads\/sites\/2\/2019\/10\/Caract\u00e9ristiques-onde-de-choc-radiales-400x224.png 400w, https:\/\/pes-luxembourg.lu\/bascharage\/wp-content\/uploads\/sites\/2\/2019\/10\/Caract\u00e9ristiques-onde-de-choc-radiales-600x337.png 600w, https:\/\/pes-luxembourg.lu\/bascharage\/wp-content\/uploads\/sites\/2\/2019\/10\/Caract\u00e9ristiques-onde-de-choc-radiales-768x431.png 768w, https:\/\/pes-luxembourg.lu\/bascharage\/wp-content\/uploads\/sites\/2\/2019\/10\/Caract\u00e9ristiques-onde-de-choc-radiales-800x449.png 800w, https:\/\/pes-luxembourg.lu\/bascharage\/wp-content\/uploads\/sites\/2\/2019\/10\/Caract\u00e9ristiques-onde-de-choc-radiales-1024x574.png 1024w, https:\/\/pes-luxembourg.lu\/bascharage\/wp-content\/uploads\/sites\/2\/2019\/10\/Caract\u00e9ristiques-onde-de-choc-radiales-1200x673.png 1200w, https:\/\/pes-luxembourg.lu\/bascharage\/wp-content\/uploads\/sites\/2\/2019\/10\/Caract\u00e9ristiques-onde-de-choc-radiales.png 1426w\" sizes=\"(max-width: 1024px) 100vw, 1024px\" \/><\/p>\n<p>D&#8217;Energiefluxdicht (DE oder DFE) g\u00ebtt vum Quadratfl\u00e4ch \u00ebnner der Drockkurve vertrueden.<\/p>\n<p><strong>Visualis\u00e9ierung vu radialen Schockwellen<\/strong><\/p>\n<p><img decoding=\"async\" class=\"aligncenter size-full wp-image-1082\" src=\"https:\/\/pes-luxembourg.lu\/bascharage\/wp-content\/uploads\/sites\/2\/2019\/10\/Visualisation-ondes-de-choc-radiales-1.png\" alt=\"\" width=\"900\" height=\"1300\" srcset=\"https:\/\/pes-luxembourg.lu\/bascharage\/wp-content\/uploads\/sites\/2\/2019\/10\/Visualisation-ondes-de-choc-radiales-1-200x289.png 200w, https:\/\/pes-luxembourg.lu\/bascharage\/wp-content\/uploads\/sites\/2\/2019\/10\/Visualisation-ondes-de-choc-radiales-1-208x300.png 208w, https:\/\/pes-luxembourg.lu\/bascharage\/wp-content\/uploads\/sites\/2\/2019\/10\/Visualisation-ondes-de-choc-radiales-1-400x578.png 400w, https:\/\/pes-luxembourg.lu\/bascharage\/wp-content\/uploads\/sites\/2\/2019\/10\/Visualisation-ondes-de-choc-radiales-1-600x867.png 600w, https:\/\/pes-luxembourg.lu\/bascharage\/wp-content\/uploads\/sites\/2\/2019\/10\/Visualisation-ondes-de-choc-radiales-1-709x1024.png 709w, https:\/\/pes-luxembourg.lu\/bascharage\/wp-content\/uploads\/sites\/2\/2019\/10\/Visualisation-ondes-de-choc-radiales-1-768x1109.png 768w, https:\/\/pes-luxembourg.lu\/bascharage\/wp-content\/uploads\/sites\/2\/2019\/10\/Visualisation-ondes-de-choc-radiales-1-800x1156.png 800w, https:\/\/pes-luxembourg.lu\/bascharage\/wp-content\/uploads\/sites\/2\/2019\/10\/Visualisation-ondes-de-choc-radiales-1.png 900w\" sizes=\"(max-width: 900px) 100vw, 900px\" \/><\/p>\n<\/div>\n<\/div>\n<\/div>\n<\/div>\n<\/div>\n<\/div>\n<\/div>\n<\/div>\n<\/div>\n<\/div>\n<\/div>\n<\/div>\n<\/div>\n<\/div>\n<\/div>\n<\/div><div class=\"fusion-clearfix\"><\/div><\/div><\/div><div class=\"fusion-layout-column fusion_builder_column fusion-builder-column-11 fusion_builder_column_1_2 1_2 fusion-one-half fusion-column-last\" style=\"--awb-bg-size:cover;width:50%;width:calc(50% - ( ( 4% ) * 0.5 ) );\"><div class=\"fusion-column-wrapper fusion-column-has-shadow fusion-flex-column-wrapper-legacy\"><div class=\"fusion-title title fusion-title-14 fusion-sep-none fusion-title-center fusion-title-text fusion-title-size-two\" style=\"--awb-margin-top:0px;--awb-margin-top-small:10px;--awb-margin-right-small:0px;--awb-margin-bottom-small:10px;--awb-margin-left-small:0px;\"><h2 class=\"fusion-title-heading title-heading-center fusion-responsive-typography-calculated\" style=\"margin:0;--fontSize:28;line-height:1.5;\"><p data-fontsize=\"28\" data-lineheight=\"42\">Fokale Schockwellen<\/p><\/h2><\/div><div class=\"fusion-text fusion-text-12\"><div class=\"page\" title=\"Page 4\">\n<div class=\"section\">\n<div class=\"layoutArea\">\n<div class=\"column\">\n<div class=\"page\" title=\"Page 4\">\n<div class=\"section\">\n<div class=\"layoutArea\">\n<div class=\"column\">\n<div class=\"page\" title=\"Page 5\">\n<div class=\"section\">\n<div class=\"layoutArea\">\n<div class=\"column\">\n<p><strong>Piezoceramic Schockwellen Voceratrice<\/strong><\/p>\n<p>H\u00e9ichspannung g\u00ebtt op 1.000 piezoceramesche Kristaller ugewandt, wouduerch <strong>Drockwellen<\/strong> gener\u00e9iert ginn. D\u00ebs<strong> penetr\u00e9ieren d&#8217;Haut a passen duerch den Tissu, konzentr\u00e9iere sech op e Volumen<\/strong> a Form vun engem Zigar.<\/p>\n<\/div>\n<\/div>\n<\/div>\n<\/div>\n<p><img decoding=\"async\" class=\"aligncenter size-large wp-image-1049\" src=\"https:\/\/pes-luxembourg.lu\/bascharage\/wp-content\/uploads\/sites\/2\/2019\/10\/Ondes-de-choc-focales-1024x452.png\" alt=\"\" width=\"1024\" height=\"452\" srcset=\"https:\/\/pes-luxembourg.lu\/bascharage\/wp-content\/uploads\/sites\/2\/2019\/10\/Ondes-de-choc-focales-200x88.png 200w, https:\/\/pes-luxembourg.lu\/bascharage\/wp-content\/uploads\/sites\/2\/2019\/10\/Ondes-de-choc-focales-300x132.png 300w, https:\/\/pes-luxembourg.lu\/bascharage\/wp-content\/uploads\/sites\/2\/2019\/10\/Ondes-de-choc-focales-400x177.png 400w, https:\/\/pes-luxembourg.lu\/bascharage\/wp-content\/uploads\/sites\/2\/2019\/10\/Ondes-de-choc-focales-600x265.png 600w, https:\/\/pes-luxembourg.lu\/bascharage\/wp-content\/uploads\/sites\/2\/2019\/10\/Ondes-de-choc-focales-768x339.png 768w, https:\/\/pes-luxembourg.lu\/bascharage\/wp-content\/uploads\/sites\/2\/2019\/10\/Ondes-de-choc-focales-800x353.png 800w, https:\/\/pes-luxembourg.lu\/bascharage\/wp-content\/uploads\/sites\/2\/2019\/10\/Ondes-de-choc-focales-1024x452.png 1024w, https:\/\/pes-luxembourg.lu\/bascharage\/wp-content\/uploads\/sites\/2\/2019\/10\/Ondes-de-choc-focales-1200x530.png 1200w\" sizes=\"(max-width: 1024px) 100vw, 1024px\" \/><\/p>\n<div class=\"page\" title=\"Page 5\">\n<div class=\"section\">\n<div class=\"layoutArea\">\n<div class=\"column\">\n<p><strong>Drockcharakteristike vu radialem Schockwellen<\/strong><\/p>\n<ol>\n<li>D&#8217;Kompressiounsphase vun de fokuss\u00e9ierte extrakorporeale Schockwellen ass normalerweis m\u00e9i kuerz w\u00e9i d\u00e9i radial extrakorporeal Schockwellen an de<strong> maximalen Drock P + ass normalerweis m\u00e9i h\u00e9ich w\u00e9i an der radialer TOCE.<\/strong><\/li>\n<\/ol>\n<\/div>\n<\/div>\n<\/div>\n<\/div>\n<p><img decoding=\"async\" class=\"aligncenter size-large wp-image-1055\" src=\"https:\/\/pes-luxembourg.lu\/bascharage\/wp-content\/uploads\/sites\/2\/2019\/10\/Caract\u00e9ristiques-onde-de-choc-focales-1024x557.png\" alt=\"\" width=\"1024\" height=\"557\" srcset=\"https:\/\/pes-luxembourg.lu\/bascharage\/wp-content\/uploads\/sites\/2\/2019\/10\/Caract\u00e9ristiques-onde-de-choc-focales-200x109.png 200w, https:\/\/pes-luxembourg.lu\/bascharage\/wp-content\/uploads\/sites\/2\/2019\/10\/Caract\u00e9ristiques-onde-de-choc-focales-300x163.png 300w, https:\/\/pes-luxembourg.lu\/bascharage\/wp-content\/uploads\/sites\/2\/2019\/10\/Caract\u00e9ristiques-onde-de-choc-focales-400x217.png 400w, https:\/\/pes-luxembourg.lu\/bascharage\/wp-content\/uploads\/sites\/2\/2019\/10\/Caract\u00e9ristiques-onde-de-choc-focales-600x326.png 600w, https:\/\/pes-luxembourg.lu\/bascharage\/wp-content\/uploads\/sites\/2\/2019\/10\/Caract\u00e9ristiques-onde-de-choc-focales-768x417.png 768w, https:\/\/pes-luxembourg.lu\/bascharage\/wp-content\/uploads\/sites\/2\/2019\/10\/Caract\u00e9ristiques-onde-de-choc-focales-800x435.png 800w, https:\/\/pes-luxembourg.lu\/bascharage\/wp-content\/uploads\/sites\/2\/2019\/10\/Caract\u00e9ristiques-onde-de-choc-focales-1024x557.png 1024w, https:\/\/pes-luxembourg.lu\/bascharage\/wp-content\/uploads\/sites\/2\/2019\/10\/Caract\u00e9ristiques-onde-de-choc-focales-1200x652.png 1200w\" sizes=\"(max-width: 1024px) 100vw, 1024px\" \/><\/p>\n<p>Souwuel de fokuss\u00e9ierte TOCE w\u00e9i och de radialen TOCE k\u00ebnnen en ED + vun 0,4 mJ \/ mm2 erreechen, e W\u00e4ert dee bewisen ass fir bal all Indikatiounen vum TOCE um Muskuloskeletalsystem an der Haut.<\/p>\n<p><strong>Visualis\u00e9ierung vu Brennschockwellen<\/strong><\/p>\n<p><img decoding=\"async\" class=\"aligncenter size-full wp-image-1076\" src=\"https:\/\/pes-luxembourg.lu\/bascharage\/wp-content\/uploads\/sites\/2\/2019\/10\/Visualisation-ondes-de-choc-focales-1.png\" alt=\"\" width=\"900\" height=\"1300\" srcset=\"https:\/\/pes-luxembourg.lu\/bascharage\/wp-content\/uploads\/sites\/2\/2019\/10\/Visualisation-ondes-de-choc-focales-1-200x289.png 200w, https:\/\/pes-luxembourg.lu\/bascharage\/wp-content\/uploads\/sites\/2\/2019\/10\/Visualisation-ondes-de-choc-focales-1-208x300.png 208w, https:\/\/pes-luxembourg.lu\/bascharage\/wp-content\/uploads\/sites\/2\/2019\/10\/Visualisation-ondes-de-choc-focales-1-400x578.png 400w, https:\/\/pes-luxembourg.lu\/bascharage\/wp-content\/uploads\/sites\/2\/2019\/10\/Visualisation-ondes-de-choc-focales-1-600x867.png 600w, https:\/\/pes-luxembourg.lu\/bascharage\/wp-content\/uploads\/sites\/2\/2019\/10\/Visualisation-ondes-de-choc-focales-1-709x1024.png 709w, https:\/\/pes-luxembourg.lu\/bascharage\/wp-content\/uploads\/sites\/2\/2019\/10\/Visualisation-ondes-de-choc-focales-1-768x1109.png 768w, https:\/\/pes-luxembourg.lu\/bascharage\/wp-content\/uploads\/sites\/2\/2019\/10\/Visualisation-ondes-de-choc-focales-1-800x1156.png 800w, https:\/\/pes-luxembourg.lu\/bascharage\/wp-content\/uploads\/sites\/2\/2019\/10\/Visualisation-ondes-de-choc-focales-1.png 900w\" sizes=\"(max-width: 900px) 100vw, 900px\" \/><\/p>\n<\/div>\n<\/div>\n<\/div>\n<\/div>\n<\/div>\n<\/div>\n<\/div>\n<\/div>\n<\/div><div class=\"fusion-clearfix\"><\/div><\/div><\/div><div class=\"fusion-layout-column fusion_builder_column fusion-builder-column-12 fusion_builder_column_1_1 1_1 fusion-one-full fusion-column-first fusion-column-last\" style=\"--awb-bg-size:cover;\"><div class=\"fusion-column-wrapper fusion-column-has-shadow fusion-flex-column-wrapper-legacy\"><div class=\"fusion-sep-clear\"><\/div><div class=\"fusion-separator fusion-full-width-sep\" style=\"margin-left: auto;margin-right: auto;margin-top:20px;margin-bottom:20px;width:100%;\"><div class=\"fusion-separator-border sep-shadow\" style=\"--awb-height:20px;--awb-amount:20px;background:radial-gradient(ellipse at 50% -50% , #e0dede 0px, rgba(255, 255, 255, 0) 80%) repeat scroll 0 0 rgba(0, 0, 0, 0);background:-webkit-radial-gradient(ellipse at 50% -50% , #e0dede 0px, rgba(255, 255, 255, 0) 80%) repeat scroll 0 0 rgba(0, 0, 0, 0);background:-moz-radial-gradient(ellipse at 50% -50% , #e0dede 0px, rgba(255, 255, 255, 0) 80%) repeat scroll 0 0 rgba(0, 0, 0, 0);background:-o-radial-gradient(ellipse at 50% -50% , #e0dede 0px, rgba(255, 255, 255, 0) 80%) repeat scroll 0 0 rgba(0, 0, 0, 0);\"><\/div><\/div><div class=\"fusion-sep-clear\"><\/div><div class=\"fusion-title title fusion-title-15 fusion-title-center fusion-title-text fusion-title-size-one\" style=\"--awb-margin-top-small:10px;--awb-margin-right-small:0px;--awb-margin-bottom-small:10px;--awb-margin-left-small:0px;\"><div class=\"title-sep-container title-sep-container-left\"><div class=\"title-sep sep-double sep-solid\" style=\"border-color:#e0dede;\"><\/div><\/div><span class=\"awb-title-spacer\"><\/span><h1 class=\"fusion-title-heading title-heading-center fusion-responsive-typography-calculated\" style=\"margin:0;--fontSize:34;line-height:1.41;\"><p style=\"text-align: center\">D\u00e9i 2 Haaptauswierkunge bei der Schockwellentherapie<\/p><\/h1><span class=\"awb-title-spacer\"><\/span><div class=\"title-sep-container title-sep-container-right\"><div class=\"title-sep sep-double sep-solid\" style=\"border-color:#e0dede;\"><\/div><\/div><\/div><div class=\"fusion-clearfix\"><\/div><\/div><\/div><div class=\"fusion-layout-column fusion_builder_column fusion-builder-column-13 fusion_builder_column_1_2 1_2 fusion-one-half fusion-column-first\" style=\"--awb-bg-size:cover;width:50%;width:calc(50% - ( ( 4% ) * 0.5 ) );margin-right: 4%;\"><div class=\"fusion-column-wrapper fusion-column-has-shadow fusion-flex-column-wrapper-legacy\"><div class=\"fusion-title title fusion-title-16 fusion-sep-none fusion-title-center fusion-title-text fusion-title-size-two\" style=\"--awb-margin-top:0px;--awb-margin-top-small:10px;--awb-margin-right-small:0px;--awb-margin-bottom-small:10px;--awb-margin-left-small:0px;\"><h2 class=\"fusion-title-heading title-heading-center fusion-responsive-typography-calculated\" style=\"margin:0;--fontSize:28;line-height:1.5;\"><p data-fontsize=\"28\" data-lineheight=\"42\">Tissue Reparatur a Zellwachstum<\/p><\/h2><\/div><div class=\"fusion-text fusion-text-13\"><p><strong>Bannenwuesstem vun der Neovaskularis\u00e9ierung:<\/strong><\/p>\n<p>De Bluttfluss vu Liewensm\u00ebttel ass noutwendeg fir d&#8217;Prozesser ze starten an z&#8217;erhalen vun der Struktur vum beschiedegten Tissu. D&#8217;Applikatioun vun akustesche Wellen schafft kapill\u00e4re Mikrorupturen an der Sehne a Schanken an erh\u00e9icht den Ausdrock vu Wuesstumsindikatoren w\u00e9i eNOS, VEGF, PCNA a BMP.<\/p>\n<div style=\"text-align: justify\">\n<p><img decoding=\"async\" class=\"aligncenter size-full wp-image-2222\" src=\"https:\/\/pes-moselle.fr\/yutz\/wp-content\/uploads\/sites\/2\/2014\/03\/Effets-ondes-de-choc.jpg\" alt=\"effets-ondes-de-choc\" width=\"983\" height=\"685\" \/><\/p>\n<\/div>\n<p>D\u00ebs zwee Prozesser stimul\u00e9ieren de Wuesstum an d&#8217;\u00cbmgestaltung vun neien Arteriolen. D\u00e9i nei Bluttgef\u00e4sser verbesseren d&#8217;Bluttversuergung an d&#8217;Oxygen\u00e9ierung d\u00e9i m\u00e9i s\u00e9ier Heelung vun der Sehne a Knach huet.<\/p>\n<p><strong>R\u00e9ckgang vun chronescher Entz\u00fcndung:<\/strong><\/p>\n<p>Chronesch Entz\u00fcndung geschitt wann d&#8217;Entz\u00fcndungsreaktioun net komplett gestoppt g\u00ebtt. Et kann gesond Deeler vum Kierper schueden an et kann zu chronesche Schmerzen f\u00e9ieren. D&#8217;Aktivit\u00e9it vu Mastzellen, involv\u00e9iert am entz\u00fcndleche Prozess, ka erh\u00e9icht ginn duerch insinu\u00e9ierend akustesch Wellen. Mastzell Aktiv\u00e9ierung kann duerch d&#8217;Synthese vu Chemokine a Zytokine gefollegt ginn. Ausblock\u00e9iere pro-inflammatoresch M\u00ebschungen, wann et n\u00e9ideg ass, k\u00ebnne h\u00ebllefen normal Heelen an regenerative Prozesser ze restaur\u00e9ieren.<\/p>\n<p><strong>Collagen Stimulatioun:<\/strong><\/p>\n<p>D&#8217;Produktioun vu genuch Quantit\u00e9iten u Collagen ass eng noutwendeg Viraussetzung fir den Tissu-Reparaturprozess. Schockwellentherapie beschleunegt d&#8217;Procollagen Synthese. D\u00e9i nei geschaaft Kollagenfaseren ginn an enger L\u00e4ngsstruktur impos\u00e9iert. D\u00ebs nei geformt Sehnfaseren sinn dichter a m\u00e9i haart.<\/p>\n<p style=\"text-align: justify\"><img decoding=\"async\" class=\"aligncenter size-full wp-image-2321\" src=\"https:\/\/pes-moselle.fr\/yutz\/wp-content\/uploads\/sites\/2\/2016\/11\/stimulation-du-collag\u00e8ne.jpg\" alt=\"stimulation-du-collagene\" width=\"1024\" height=\"492\" \/><\/p>\n<div style=\"text-align: justify\">Akustesch Wellen \u00ebnnerst\u00ebtzen Neovaskularis\u00e9ierung, d&#8217;Produktioun vu Kollagenen a restaur\u00e9iere Heelen, awer si erlaben och eng Erh\u00e9ijung vun de Wuesstumsfaktoren, eng Erh\u00e9ijung vun de mesenchymale Stammzellen a virun allem eng Stimulatioun vum Metabolismus.<\/div>\n<\/div><div class=\"fusion-clearfix\"><\/div><\/div><\/div><div class=\"fusion-layout-column fusion_builder_column fusion-builder-column-14 fusion_builder_column_1_2 1_2 fusion-one-half fusion-column-last\" style=\"--awb-bg-size:cover;width:50%;width:calc(50% - ( ( 4% ) * 0.5 ) );\"><div class=\"fusion-column-wrapper fusion-column-has-shadow fusion-flex-column-wrapper-legacy\"><div class=\"fusion-title title fusion-title-17 fusion-sep-none fusion-title-center fusion-title-text fusion-title-size-two\" style=\"--awb-margin-top:0px;--awb-margin-top-small:10px;--awb-margin-right-small:0px;--awb-margin-bottom-small:10px;--awb-margin-left-small:0px;\"><h2 class=\"fusion-title-heading title-heading-center fusion-responsive-typography-calculated\" style=\"margin:0;--fontSize:28;line-height:1.5;\"><p data-fontsize=\"28\" data-lineheight=\"42\">Analgesia a Rehabilitatioun vun der Mobilit\u00e9it<\/p><\/h2><\/div><div class=\"fusion-text fusion-text-14\"><div>\n<p><strong>Dispersioun vum Substanz P P\u00e9ng Verm\u00ebttler:<\/strong><\/p>\n<p>Substanz P ass en Neurotransmitter d\u00e9i Schmerzinformatioun iwwer C Faseren vermittelt.D\u00ebs Neuropeptid ass allgemeng mat chronesche, persistenten a schw\u00e9iere Schmerz assozi\u00e9iert. Et g\u00ebtt benotzt fir Schmerzmeldungen an den Zentralnervensystem weiderzeginn. D&#8217;Ofsenkung vun der Konzentratioun vun der Substanz P reduz\u00e9iert d&#8217;Stimulatioun vun afferenten nociceptive Faseren an dofir reduz\u00e9iert de Schmerz. D&#8217;Ofsenkung vun der Substanz P, Histamine an aner nociceptive Metaboliten h\u00eblleft och d&#8217;Entw\u00e9cklung vun inflammatoreschen \u00d6demen ze hemm.<\/p>\n<\/div>\n<p><strong>Opl\u00e9isung vu kalkifiz\u00e9ierte Fibroblasten:<\/strong><\/p>\n<p>Kalziumdepositioun ass meeschtens d&#8217;Resultat vu Mikro-Tr\u00e9inen oder aner Trauma vun der Sehne. Akustesch Wellen briechen exist\u00e9ierend Kalkifiz\u00e9ierung. Akustesch Welletherapie initi\u00e9iert biochemesch Dekalifikatioun vu Kalziumdepositioun vun Zahnpasta-\u00e4hnlecher Konsistenz a behandelt d&#8217;Sehne. Granul\u00e4r Kalziumpartikelen ginn duerch de Lymphsystem ageriicht.<\/p>\n<h5 style=\"text-align: center\" data-fontsize=\"16\" data-lineheight=\"24\"><img decoding=\"async\" class=\"aligncenter wp-image-2226\" src=\"https:\/\/pes-moselle.fr\/yutz\/wp-content\/uploads\/sites\/2\/2014\/03\/Calcification.png\" alt=\"calcification\" width=\"282\" height=\"225\" \/>Images \u00e0 rayons x avant le traitement.<\/h5>\n<h5 style=\"text-align: center\" data-fontsize=\"16\" data-lineheight=\"24\"><img decoding=\"async\" class=\"aligncenter wp-image-2225\" src=\"https:\/\/pes-moselle.fr\/yutz\/wp-content\/uploads\/sites\/2\/2014\/03\/Calcification-apres-onde-de-choc.png\" alt=\"calcification-apres-onde-de-choc\" width=\"272\" height=\"225\" \/>Images \u00e0 rayons x apr\u00e8s 3 s\u00e9ances d\u2019ondes de choc<\/h5>\n<p><strong>Ausl\u00e9iser Punkt Relief:<\/strong><\/p>\n<p>Ausl\u00e9iser Punkten sinn d&#8217;Haaptursaach vum R\u00e9ck, Hals, Sch\u00ebller an Extremit\u00e9it Schmerz. Si gi mat palpabele Knuewelen an enge Gruppe vu Muskelfasere verbonne ginn an hir Sarkomere si extrem agebrach. Dysfunktionn\u00e9iert Sarkomeren contract\u00e9iere sou schw\u00e9ier datt se hir eege Bluttversuergung unzeschneiden. D\u00ebst verursaacht en Oflagerung vun Offallprodukter d\u00e9i am Reiz vun den sensoreschen Nerveendungen irrit\u00e9ieren, wat nach m\u00e9i Kontraktioune verursaacht. D\u00ebsen D\u00e4iwelskrees g\u00ebtt als &#8220;metabolesch Kris&#8221; bezeechent. Obschonn d\u00e9i pr\u00e4zis medizinesch Effekter vun der akustescher Welle nach \u00ebmmer net kloer sinn, kann et gesot ginn datt d\u00e9i akustesch Energie geliwwert &#8220;Kalziumpompel&#8221; block\u00e9iert. Also \u00ebmgedr\u00e9it d\u00ebs metabolesch Kris a Myofilamenter a lindert d\u00ebs Ausl\u00e9iserpunkten.<\/p>\n<p style=\"text-align: justify\"><img decoding=\"async\" class=\"aligncenter size-full wp-image-2227\" src=\"https:\/\/pes-moselle.fr\/yutz\/wp-content\/uploads\/sites\/2\/2014\/03\/Trigger-point.jpg\" alt=\"trigger-point\" width=\"1024\" height=\"341\" \/><\/p>\n<p style=\"text-align: justify\">Akustesch Wellen erliichteren Sarkomeren, d\u00e9i extrem an den Ausl\u00e9iserpunkten openeen agebaut sinn.<\/p>\n<\/div><div class=\"fusion-clearfix\"><\/div><\/div><\/div><div class=\"fusion-layout-column fusion_builder_column fusion-builder-column-15 fusion_builder_column_1_1 1_1 fusion-one-full fusion-column-first fusion-column-last\" style=\"--awb-bg-size:cover;\"><div class=\"fusion-column-wrapper fusion-flex-column-wrapper-legacy\"><div class=\"fusion-sep-clear\"><\/div><div class=\"fusion-separator fusion-full-width-sep\" style=\"margin-left: auto;margin-right: auto;margin-top:20px;margin-bottom:20px;width:100%;\"><div class=\"fusion-separator-border sep-shadow\" style=\"--awb-height:20px;--awb-amount:20px;background:radial-gradient(ellipse at 50% -50% , #e0dede 0px, rgba(255, 255, 255, 0) 80%) repeat scroll 0 0 rgba(0, 0, 0, 0);background:-webkit-radial-gradient(ellipse at 50% -50% , #e0dede 0px, rgba(255, 255, 255, 0) 80%) repeat scroll 0 0 rgba(0, 0, 0, 0);background:-moz-radial-gradient(ellipse at 50% -50% , #e0dede 0px, rgba(255, 255, 255, 0) 80%) repeat scroll 0 0 rgba(0, 0, 0, 0);background:-o-radial-gradient(ellipse at 50% -50% , #e0dede 0px, rgba(255, 255, 255, 0) 80%) repeat scroll 0 0 rgba(0, 0, 0, 0);\"><\/div><\/div><div class=\"fusion-sep-clear\"><\/div><div class=\"fusion-title title fusion-title-18 fusion-title-center fusion-title-text fusion-title-size-one\" style=\"--awb-margin-top-small:10px;--awb-margin-right-small:0px;--awb-margin-bottom-small:10px;--awb-margin-left-small:0px;\"><div class=\"title-sep-container title-sep-container-left\"><div class=\"title-sep sep-double sep-solid\" style=\"border-color:#e0dede;\"><\/div><\/div><span class=\"awb-title-spacer\"><\/span><h1 class=\"fusion-title-heading title-heading-center fusion-responsive-typography-calculated\" style=\"margin:0;--fontSize:34;line-height:1.41;\"><p data-fontsize=\"34\" data-lineheight=\"47\">Gebidder vun der Uwendung vu Schockwellen<\/p><\/h1><span class=\"awb-title-spacer\"><\/span><div class=\"title-sep-container title-sep-container-right\"><div class=\"title-sep sep-double sep-solid\" style=\"border-color:#e0dede;\"><\/div><\/div><\/div><div class=\"fusion-text fusion-text-15\"><p>Extracorporeal Schockwellentherapie ass am meeschten benotzt an der <strong>Physiotherapie, Orthop\u00e4die a Sportmedizin.<\/strong><\/p>\n<p>Uwendungen an der <strong>Physiotherapie<\/strong> si meeschtens verbonne mat der Behandlung vu chronesche St\u00e9ierungen vun de Muskelen an Sehnen, zr\u00e9ck, Hals Schmerzen an Ausl\u00e9iser Punkten. Am Verglach mat konventioneller, manueller an instrumental Therapie, ass EMS DuoClast extrem effektiv, et verkierzt d&#8217;Behandlungsz\u00e4it a bitt besser Resultater fir e laangfristege Suivi. D\u00e9i heefegst Indikatiounen enthalen:<\/p>\n<div id=\"content-2\">\n<div id=\"content-2\">\n<ul style=\"text-align: justify\">\n<li>Schmerzhafte Sch\u00eblleren<\/li>\n<li>Lateral Epikondylalgie \/ Ielebou vum Tennisspiller<\/li>\n<li>Median Epicondylalgia \/ Ielebou vum Golfspiller<\/li>\n<li>\u00cbnneschten R\u00e9ck Schmerz<\/li>\n<li>Achilles Sehneschmerzen<\/li>\n<li>Tendinopathien a chronesch Enthesopathien am Allgemengen<\/li>\n<li>Ausl\u00e9iser Punkt Veraarbechtung<\/li>\n<li>Dupuytren Krankheet<\/li>\n<li>Ledderhose Krankheet<\/li>\n<\/ul>\n<div style=\"text-align: justify\"><strong>Orthopedesch Schockwellenanwendungen<\/strong> fokuss\u00e9iere sech op d&#8217;Behandlung vu Kalkifiz\u00e9ierung, schmerzhafte Exostosen, verschidde Tendonitis a schlecht Frakturskonsolid\u00e9ierung. EMS DuoClast bitt eng Alternativ a verschiddene F\u00e4ll wann eng chirurgesch L\u00e9isung onvermeidbar sch\u00e9ngt. D\u00e9i Haaptindikatiounen sinn:<\/div>\n<ul style=\"text-align: justify\">\n<li>Eng block\u00e9iert Sch\u00ebller<\/li>\n<li>A periarthritis humeroscapularis<\/li>\n<li>Arthrotesch Ver\u00e4nnerungen: sekund\u00e4r Symptomer<\/li>\n<li>Heel Spuer \/ Plantar Fassiitis<\/li>\n<li>Shin Splitter \/ Anterior tibial Syndrom<\/li>\n<li>Patellar Tendinopathie<\/li>\n<li>Achillodynia<\/li>\n<li>Myofascial Schmerzsyndrom<\/li>\n<\/ul>\n<div style=\"text-align: justify\">Shock Wave Therapie g\u00ebtt ganz dacks an der <strong>Sportsmedizin<\/strong> benotzt fir seng m\u00ebll Heelung vum Tissu a fir s\u00e4i regenerativen Effekt. Also kann d&#8217;Erhuelungsz\u00e4it no enger Verletzung minim\u00e9iert ginn. Allgemeng Indikatiounen sinn:<\/div>\n<ul style=\"text-align: justify\">\n<li>Muskel Distensioun<\/li>\n<li>Verl\u00e4ngert gemeinsame Verzerrungsbehandlung<\/li>\n<li>L\u00e9nks P\u00e9ng<\/li>\n<li>Hip Schmerz<\/li>\n<li>\u00cbnneschten R\u00e9ck Schmerz<\/li>\n<li>Achillodynia<\/li>\n<li>Iliotibial Band Syndrom<\/li>\n<\/ul>\n<p style=\"text-align: justify\">Shock Wave Therapie ass d\u00e9i perfekt Behandlungsmethod fir all komplex chronesch a muskuloskeletale Bed\u00e9ngungen.<\/p>\n<\/div>\n<\/div>\n<\/div><div class=\"fusion-title title fusion-title-19 fusion-sep-none fusion-title-text fusion-title-size-two\" style=\"--awb-margin-top-small:10px;--awb-margin-right-small:0px;--awb-margin-bottom-small:10px;--awb-margin-left-small:0px;\"><h2 class=\"fusion-title-heading title-heading-left fusion-responsive-typography-calculated\" style=\"margin:0;--fontSize:28;line-height:1.5;\"><p data-fontsize=\"34\" data-lineheight=\"47\">Nei Indikatiounen fir Schockwellenbehandlung an der Sportsmedizin<\/p><\/h2><\/div><div class=\"fusion-text fusion-text-16\"><p>D\u00ebs Therapie kann fir chronesch an akut Weichgewebe St\u00e9ierungen am Feld vun der Sportsmedizin benotzt ginn. D\u00e9i lescht Resultater beweisen d&#8217;Effektivit\u00e9it vu Schockwellen bei der Heelung vun der Muskelspannung, d&#8217;Schockwellen reduz\u00e9ieren d&#8217;Erhuelungsperiod an erlaben de Retour op d\u00e9i voll Sport Ausdauer.<\/p>\n<p>D&#8217;Indikatiounen vun der Sportsmedezin fir Schockwellen sinn:<\/p>\n<ul>\n<li><strong>Heelung vun akuter Muskelspannung<\/strong><\/li>\n<li><strong>\u00cbnnerst\u00ebtzung fir Muskel Erhuelung<\/strong><\/li>\n<li><strong>Akute Muskelkr\u00e4mpfe<\/strong><\/li>\n<li><strong>Jumper vum Kn\u00e9i<\/strong><\/li>\n<li><strong>Epicondylitis<\/strong><\/li>\n<li><strong>Schmerzhafte Sch\u00ebller<\/strong><\/li>\n<li><strong>L\u00e9nks P\u00e9ng<\/strong><\/li>\n<li><strong>Achillodynia<\/strong><\/li>\n<li><strong>\u2026<\/strong><\/li>\n<\/ul>\n<\/div><div class=\"fusion-testimonials classic awb-speech-bubble-show fusion-testimonials-1\" style=\"--awb-textcolor:#747474;--awb-backgroundcolor:#f6f6f6;--awb-testimonial-border-style:solid;--awb-testimonial-border-color:var(--awb-color3);--awb-border-top-left-radius:0px;--awb-border-top-right-radius:0px;--awb-border-bottom-left-radius:0px;--awb-border-bottom-right-radius:0px;--testimonial-border-width-top:0px;--testimonial-border-width-right:0px;--testimonial-border-width-bottom:0px;--testimonial-border-width-left:0px;\" data-random=\"0\" data-speed=\"4000\"><div class=\"reviews\"><div class=\"review active-testimonial male\"><blockquote><div class=\"awb-quote\"><div class=\"awb-quote-content\">\n<p style=\"text-align: justify\">Am Fall vun enger akuter Muskelverletzung, Schockwellentherapie ass Deel vu menger Standard therapeutescher Prozedur. Ech hunn et f\u00e4erdeg bruecht se fir all meng Patienten ze benotzen, \u00ebnnert de beschten Tennisspiller op der Welt, dor\u00ebnner den Tomas Berdych (2010 Wimbledon Finalist) an aner Membere vum tschecheschen Davis Cup Team<\/p>\n<\/div><\/div><span class=\"awb-triangle\"><\/span><\/blockquote><div class=\"author\"><span class=\"testimonial-thumbnail doe\"><\/span><span class=\"company-name\"><strong>Dr. Ren\u00e9 Kloc<\/strong><span>, <\/span><span>Prostejov Tennis Club, Tschechesch Republik<\/span><\/span><\/div><\/div><div class=\"review male\"><blockquote><div class=\"awb-quote\"><div class=\"awb-quote-content\">\n<p style=\"text-align: justify\">Ech hat e Fall vun engem Badmintonspiller mat bilateraler Achillodynie. No der v\u00e9ierter Behandlung war nach \u00ebmmer e puer P\u00e9ng, awer e Mount no der leschter Behandlung war de Schmerz komplett fort.<\/p>\n<\/div><\/div><span class=\"awb-triangle\"><\/span><\/blockquote><div class=\"author\"><span class=\"testimonial-thumbnail doe\"><\/span><span class=\"company-name\"><strong>Galv\u00e3o Filipa<\/strong><span>, <\/span><span>Physiotherapeut, CLINUS, Portugal<\/span><\/span><\/div><\/div><div class=\"review male\"><blockquote><div class=\"awb-quote\"><div class=\"awb-quote-content\">\n<p style=\"text-align: justify\">D\u00ebs Therapie ass eng innovativ Method fir d&#8217;Behandlung vum Muskuloskeletalsystem an der Sportsphysiotherapie. Et ass eng net-invasiv, s\u00e9cher an effektiv Method. A ronn 10 Deeg kann d&#8217;Schockwelle-Therapie a 84% vu F\u00e4ll de Schmerz reduz\u00e9ieren.<\/p>\n<\/div><\/div><span class=\"awb-triangle\"><\/span><\/blockquote><div class=\"author\"><span class=\"testimonial-thumbnail doe\"><\/span><span class=\"company-name\"><strong>Dr.Krzysztof Kijewski PhD<\/strong><span>, <\/span><span>Olympesche Medical Center, Warschau, Polen<\/span><\/span><\/div><\/div><div class=\"review male\"><blockquote><div class=\"awb-quote\"><div class=\"awb-quote-content\">\n<p style=\"text-align: justify\">D\u00ebs Therapie ass eng Approche fir ze favoris\u00e9ieren an engem Deel vun der komplexer Behandlung fokuss\u00e9iert op d&#8217;Optimis\u00e9ierung vun der Entz\u00fcndung an d&#8217;Reduz\u00e9iere vum Heelenintervall. Fr\u00e9i Aktiv\u00e9ierung vu verletzten Muskelen a Stimulatioun mat Schockwellen spillen eng entscheedend Roll bei enger m\u00e9i s\u00e9ier Muskelgew\u00ebnn.<\/p>\n<\/div><\/div><span class=\"awb-triangle\"><\/span><\/blockquote><div class=\"author\"><span class=\"testimonial-thumbnail doe\"><\/span><span class=\"company-name\"><strong>Dr. Milos Barna<\/strong><span>, <\/span><span>Sportsmedizin Spezialist, Vulcano Medical Center, Prag, Tschechesch Republik<\/span><\/span><\/div><\/div><\/div><\/div><div class=\"fusion-title title fusion-title-20 fusion-sep-none fusion-title-text fusion-title-size-two\" style=\"--awb-margin-top-small:10px;--awb-margin-right-small:0px;--awb-margin-bottom-small:10px;--awb-margin-left-small:0px;\"><h2 class=\"fusion-title-heading title-heading-left fusion-responsive-typography-calculated\" style=\"margin:0;--fontSize:28;line-height:1.5;\"><p data-fontsize=\"34\" data-lineheight=\"47\">Kryotherapie mat Schockwellen assozi\u00e9iert<\/p><\/h2><\/div><div class=\"fusion-text fusion-text-17\"><p>Kryotherapie kombin\u00e9iert mat Schockwelle ass e Must!<\/p>\n<p>Shock Wave Therapie kann onbequem oder souguer schmerzhaf sinn. Et besteet och e Risiko vu Plooschteren. D&#8217;Benotzung vu Kryotherapie <strong>FIR<\/strong> Schockwellen-Therapie ass virdeelhaft:<\/p>\n<ul>\n<li>Seng <strong>analgetesch Wierkung<\/strong> m\u00e9cht d&#8217;Behandlung komplett schmerzlos a bitt m\u00e9i Komfort fir de Patient. Et ass also m\u00e9iglech passend Parameteren ze benotzen d\u00e9i d&#8217;Effektivit\u00e9it vun der Therapie verbesseren.<\/li>\n<li><strong>Vasomotor Auswierkunge<\/strong> reduz\u00e9ieren de Risiko vu Plooschteren verursaacht duerch Schockwellentherapie.<\/li>\n<li><strong>Den Auspuff<\/strong> erlaabt Iech den Heelungsprozess ze verbesseren an d&#8217;Effektivit\u00e9it vun der Therapie ze erh\u00e9ijen.<\/li>\n<\/ul>\n<p>Kryotherapie (thermesche Schock), kombin\u00e9iert mat Schockwellen verbessert de Komfort vum Patient, m\u00e9cht d&#8217;Therapie m\u00e9i glatter a erh\u00e9icht d&#8217;Effizienz. Kryotherapie ass d&#8217;therapeutesch Uwendung vu K\u00e4lte, d\u00e9i op verschidde Wee\u00ebr kritt k\u00ebnne ginn (\u00c4is, kale Waasser, fiicht Linnen, Methylchlorid, Kuelendioxid, etc.).<\/p>\n<\/div><div class=\"fusion-title title fusion-title-21 fusion-title-center fusion-title-text fusion-title-size-one\" style=\"--awb-margin-top-small:10px;--awb-margin-right-small:0px;--awb-margin-bottom-small:10px;--awb-margin-left-small:0px;\"><div class=\"title-sep-container title-sep-container-left\"><div class=\"title-sep sep-double sep-solid\" style=\"border-color:#e0dede;\"><\/div><\/div><span class=\"awb-title-spacer\"><\/span><h1 class=\"fusion-title-heading title-heading-center fusion-responsive-typography-calculated\" style=\"margin:0;--fontSize:34;line-height:1.41;\">\u00c4r Froen<\/h1><span class=\"awb-title-spacer\"><\/span><div class=\"title-sep-container title-sep-container-right\"><div class=\"title-sep sep-double sep-solid\" style=\"border-color:#e0dede;\"><\/div><\/div><\/div><div class=\"accordian fusion-accordian\" style=\"--awb-border-size:1px;--awb-icon-size:13px;--awb-content-font-size:16px;--awb-icon-alignment:left;--awb-hover-color:#f9f9f9;--awb-border-color:#cccccc;--awb-background-color:#ffffff;--awb-divider-color:#e0dede;--awb-divider-hover-color:#e0dede;--awb-icon-color:#ffffff;--awb-title-color:#333333;--awb-content-color:#747474;--awb-icon-box-color:#333333;--awb-toggle-hover-accent-color:#82c9f0;--awb-title-font-family:&quot;Open Sans&quot;;--awb-title-font-weight:400;--awb-title-font-style:normal;--awb-title-font-size:18px;--awb-title-line-height:1.54;--awb-content-font-family:&quot;Open Sans&quot;;--awb-content-font-style:normal;--awb-content-font-weight:400;\"><div class=\"panel-group fusion-toggle-icon-boxed\" id=\"accordion-2115-1\"><div class=\"fusion-panel panel-default panel-ae8ecddc859140fb4 fusion-toggle-has-divider\"><div class=\"panel-heading\"><h4 class=\"panel-title toggle\" id=\"toggle_ae8ecddc859140fb4\"><a class=\"active\" aria-expanded=\"true\" aria-controls=\"ae8ecddc859140fb4\" role=\"button\" data-toggle=\"collapse\" data-parent=\"#accordion-2115-1\" data-target=\"#ae8ecddc859140fb4\" href=\"#ae8ecddc859140fb4\"><span class=\"fusion-toggle-icon-wrapper\" aria-hidden=\"true\"><i class=\"fa-fusion-box active-icon awb-icon-minus\" aria-hidden=\"true\"><\/i><i class=\"fa-fusion-box inactive-icon awb-icon-plus\" aria-hidden=\"true\"><\/i><\/span><span class=\"fusion-toggle-heading\">Wat ass den Erfollegsquote vun der Schockwellentherapie?<\/span><\/a><\/h4><\/div><div id=\"ae8ecddc859140fb4\" class=\"panel-collapse collapse in\" aria-labelledby=\"toggle_ae8ecddc859140fb4\"><div class=\"panel-body toggle-content fusion-clearfix\">\n<p style=\"text-align: justify\">De berichtene klineschen Erfollegsquote ass t\u00ebscht 77 an 80% weltw\u00e4it. All Behandlung ass kumulativ an d&#8217;Resultater ginn dacks no dr\u00e4i oder v\u00e9ier Sessiounen gefillt. Dir k\u00ebnnt souguer eng Verbesserung an \u00c4rem Zoustand fillen (normalerweis eng Reduktioun vu Schmerz) no der \u00e9ischter Behandlung.<\/p>\n<\/div><\/div><\/div><div class=\"fusion-panel panel-default panel-e0554ff44d5b3fd7e fusion-toggle-has-divider\"><div class=\"panel-heading\"><h4 class=\"panel-title toggle\" id=\"toggle_e0554ff44d5b3fd7e\"><a aria-expanded=\"false\" aria-controls=\"e0554ff44d5b3fd7e\" role=\"button\" data-toggle=\"collapse\" data-parent=\"#accordion-2115-1\" data-target=\"#e0554ff44d5b3fd7e\" href=\"#e0554ff44d5b3fd7e\"><span class=\"fusion-toggle-icon-wrapper\" aria-hidden=\"true\"><i class=\"fa-fusion-box active-icon awb-icon-minus\" aria-hidden=\"true\"><\/i><i class=\"fa-fusion-box inactive-icon awb-icon-plus\" aria-hidden=\"true\"><\/i><\/span><span class=\"fusion-toggle-heading\">Schafft d'Behandlung?<\/span><\/a><\/h4><\/div><div id=\"e0554ff44d5b3fd7e\" class=\"panel-collapse collapse \" aria-labelledby=\"toggle_e0554ff44d5b3fd7e\"><div class=\"panel-body toggle-content fusion-clearfix\">\n<p style=\"text-align: justify\">Et kann Gefiller vun Onbequemheet w\u00e4hrend der Behandlung sinn. Et h\u00e4nkt vum Niveau vum Schmerz of, deen de Patient scho an d\u00ebsem Deel erliewt. W\u00e9i och \u00ebmmer, well d&#8217;Behandlungen n\u00ebmme f\u00ebnnef Minutten daueren, sinn d\u00e9i meescht Patiente f\u00e4eg d\u00ebs Onbequemlechkeet ze toler\u00e9ieren. Zous\u00e4tzlech kann d&#8217;Intensit\u00e9it vun der Behandlung am Ufank vun all Sessioun ugepasst ginn fir analgetesch Effekter z&#8217;erm\u00e9iglechen.<\/p>\n<\/div><\/div><\/div><div class=\"fusion-panel panel-default panel-d708764b874cc7e50 fusion-toggle-has-divider\"><div class=\"panel-heading\"><h4 class=\"panel-title toggle\" id=\"toggle_d708764b874cc7e50\"><a aria-expanded=\"false\" aria-controls=\"d708764b874cc7e50\" role=\"button\" data-toggle=\"collapse\" data-parent=\"#accordion-2115-1\" data-target=\"#d708764b874cc7e50\" href=\"#d708764b874cc7e50\"><span class=\"fusion-toggle-icon-wrapper\" aria-hidden=\"true\"><i class=\"fa-fusion-box active-icon awb-icon-minus\" aria-hidden=\"true\"><\/i><i class=\"fa-fusion-box inactive-icon awb-icon-plus\" aria-hidden=\"true\"><\/i><\/span><span class=\"fusion-toggle-heading\">W\u00e4ert Schmerz no der Behandlung gefillt ginn?<\/span><\/a><\/h4><\/div><div id=\"d708764b874cc7e50\" class=\"panel-collapse collapse \" aria-labelledby=\"toggle_d708764b874cc7e50\"><div class=\"panel-body toggle-content fusion-clearfix\">\n<p style=\"text-align: justify\">D\u00e9i meescht Patienten erliewen direkt Schmerzliichterung no der Behandlung. W\u00e9i och \u00ebmmer, si k\u00ebnne Reizung am behandelten Ber\u00e4ich 2-4 Stonnen no der Behandlung erliewen. D\u00ebs Reizung ass bekannt ganz tolerabel a ka vun e puer Stonnen bis e puer Deeg daueren.<\/p>\n<\/div><\/div><\/div><div class=\"fusion-panel panel-default panel-e06caa885228e3ca5 fusion-toggle-has-divider\"><div class=\"panel-heading\"><h4 class=\"panel-title toggle\" id=\"toggle_e06caa885228e3ca5\"><a aria-expanded=\"false\" aria-controls=\"e06caa885228e3ca5\" role=\"button\" data-toggle=\"collapse\" data-parent=\"#accordion-2115-1\" data-target=\"#e06caa885228e3ca5\" href=\"#e06caa885228e3ca5\"><span class=\"fusion-toggle-icon-wrapper\" aria-hidden=\"true\"><i class=\"fa-fusion-box active-icon awb-icon-minus\" aria-hidden=\"true\"><\/i><i class=\"fa-fusion-box inactive-icon awb-icon-plus\" aria-hidden=\"true\"><\/i><\/span><span class=\"fusion-toggle-heading\">W\u00e9i steet et \u00ebm kierperlech Aktivit\u00e9it g\u00e9int Rescht no der Behandlung?<\/span><\/a><\/h4><\/div><div id=\"e06caa885228e3ca5\" class=\"panel-collapse collapse \" aria-labelledby=\"toggle_e06caa885228e3ca5\"><div class=\"panel-body toggle-content fusion-clearfix\">\n<p style=\"text-align: justify\">D&#8217;Patienten ginn ugeroden sech vu kierperlecher Aktivit\u00e9it ofzeginn, besonnesch een, deen de behandelten Deel involv\u00e9iert, fir 48 Stonnen no all Behandlungssitzung.<\/p>\n<\/div><\/div><\/div><div class=\"fusion-panel panel-default panel-cd3f9dae768fa3dfd fusion-toggle-has-divider\"><div class=\"panel-heading\"><h4 class=\"panel-title toggle\" id=\"toggle_cd3f9dae768fa3dfd\"><a aria-expanded=\"false\" aria-controls=\"cd3f9dae768fa3dfd\" role=\"button\" data-toggle=\"collapse\" data-parent=\"#accordion-2115-1\" data-target=\"#cd3f9dae768fa3dfd\" href=\"#cd3f9dae768fa3dfd\"><span class=\"fusion-toggle-icon-wrapper\" aria-hidden=\"true\"><i class=\"fa-fusion-box active-icon awb-icon-minus\" aria-hidden=\"true\"><\/i><i class=\"fa-fusion-box inactive-icon awb-icon-plus\" aria-hidden=\"true\"><\/i><\/span><span class=\"fusion-toggle-heading\">W\u00e9ivill Behandlungen gi gebraucht a w\u00e9i dacks?<\/span><\/a><\/h4><\/div><div id=\"cd3f9dae768fa3dfd\" class=\"panel-collapse collapse \" aria-labelledby=\"toggle_cd3f9dae768fa3dfd\"><div class=\"panel-body toggle-content fusion-clearfix\">\n<p style=\"text-align: justify\">All Behandlungssitzung dauert ongef\u00e9ier 5-10 Minutten. D\u00e9i meescht Konditioune brauche vun 8 bis 12 Sessiounen. Behandlungen ginn 5 bis 7 Deeg ausser duerchgefouert, ofh\u00e4ngeg vun der Toleranz vum Patient an der Reaktioun vu sengem Tissu.<\/p>\n<\/div><\/div><\/div><\/div><\/div><div class=\"fusion-clearfix\"><\/div><\/div><\/div><\/div><\/div>\n","protected":false},"excerpt":{"rendered":"","protected":false},"author":2,"featured_media":0,"parent":0,"menu_order":0,"comment_status":"closed","ping_status":"closed","template":"","meta":{"_seopress_robots_primary_cat":"","_seopress_titles_title":"","_seopress_titles_desc":"","_seopress_robots_index":"","footnotes":""},"class_list":["post-2115","page","type-page","status-publish","hentry"],"_links":{"self":[{"href":"https:\/\/pes-luxembourg.lu\/bascharage\/lu\/wp-json\/wp\/v2\/pages\/2115","targetHints":{"allow":["GET"]}}],"collection":[{"href":"https:\/\/pes-luxembourg.lu\/bascharage\/lu\/wp-json\/wp\/v2\/pages"}],"about":[{"href":"https:\/\/pes-luxembourg.lu\/bascharage\/lu\/wp-json\/wp\/v2\/types\/page"}],"author":[{"embeddable":true,"href":"https:\/\/pes-luxembourg.lu\/bascharage\/lu\/wp-json\/wp\/v2\/users\/2"}],"replies":[{"embeddable":true,"href":"https:\/\/pes-luxembourg.lu\/bascharage\/lu\/wp-json\/wp\/v2\/comments?post=2115"}],"version-history":[{"count":0,"href":"https:\/\/pes-luxembourg.lu\/bascharage\/lu\/wp-json\/wp\/v2\/pages\/2115\/revisions"}],"wp:attachment":[{"href":"https:\/\/pes-luxembourg.lu\/bascharage\/lu\/wp-json\/wp\/v2\/media?parent=2115"}],"curies":[{"name":"wp","href":"https:\/\/api.w.org\/{rel}","templated":true}]}},{"id":2098,"date":"2020-04-29T19:49:40","date_gmt":"2020-04-29T17:49:40","guid":{"rendered":"https:\/\/pes-luxembourg.lu\/bascharage\/?page_id=2098"},"modified":"2020-04-29T19:49:40","modified_gmt":"2020-04-29T17:49:40","slug":"physiotherapie-equipement","status":"publish","type":"page","link":"https:\/\/pes-luxembourg.lu\/bascharage\/lu\/physiotherapie-equipement\/","title":{"rendered":"Physiotherapie Equipement"},"content":{"rendered":"<div class=\"fusion-fullwidth fullwidth-box fusion-builder-row-4 nonhundred-percent-fullwidth non-hundred-percent-height-scrolling\" style=\"--awb-border-radius-top-left:0px;--awb-border-radius-top-right:0px;--awb-border-radius-bottom-right:0px;--awb-border-radius-bottom-left:0px;--awb-flex-wrap:wrap;\" ><div class=\"fusion-builder-row fusion-row\"><div class=\"fusion-layout-column fusion_builder_column fusion-builder-column-16 fusion_builder_column_1_1 1_1 fusion-one-full fusion-column-first fusion-column-last\" style=\"--awb-bg-size:cover;\"><div class=\"fusion-column-wrapper fusion-flex-column-wrapper-legacy\"><div class=\"fusion-title title fusion-title-22 fusion-title-center fusion-title-text fusion-title-size-one\" style=\"--awb-margin-top-small:10px;--awb-margin-right-small:0px;--awb-margin-bottom-small:10px;--awb-margin-left-small:0px;\"><div class=\"title-sep-container title-sep-container-left\"><div class=\"title-sep sep-double sep-solid\" style=\"border-color:#e0dede;\"><\/div><\/div><span class=\"awb-title-spacer\"><\/span><h1 class=\"fusion-title-heading title-heading-center fusion-responsive-typography-calculated\" style=\"margin:0;--fontSize:34;line-height:1.41;\">D\u00e9i technesch Plattform<\/h1><span class=\"awb-title-spacer\"><\/span><div class=\"title-sep-container title-sep-container-right\"><div class=\"title-sep sep-double sep-solid\" style=\"border-color:#e0dede;\"><\/div><\/div><\/div><div class=\"fusion-text fusion-text-18\"><p><a href=\"https:\/\/pes-luxembourg.lu\/bascharage\/kinesitherapeute-bascharage\/\">\u00c4r Physiotherapeuten<\/a> zu Nidderk\u00e4erjeng hunn d\u00e9i <strong>lescht Innovatiounen an der Rehabilitatioun.<\/strong><\/p>\n<p>Tats\u00e4chlech impliz\u00e9iert d&#8217;Entw\u00e9cklung vu W\u00ebssenschaften an Techniken eng <strong>konstant Aktualis\u00e9ierung<\/strong> vun der Ausr\u00fcstung vu Physiotherapeuten. Et ass an d\u00ebser Perspektiv vun der <strong>kontinu\u00e9ierlecher Verbesserung<\/strong> vun \u00c4rer Fleeg datt de<strong> P\u00f4le Equilibre &amp; Sant\u00e9 de Bascharage<\/strong> Kabinett Iech d\u00e9i lescht Rehabilitatiounsapparat Technologien ubitt.<\/p>\n<\/div><div class=\"fusion-clearfix\"><\/div><\/div><\/div><div class=\"fusion-layout-column fusion_builder_column fusion-builder-column-17 fusion_builder_column_2_3 2_3 fusion-two-third fusion-column-first\" style=\"--awb-bg-size:cover;width:66.666666666667%;width:calc(66.666666666667% - ( ( 4% ) * 0.66666666666667 ) );margin-right: 4%;\"><div class=\"fusion-column-wrapper fusion-flex-column-wrapper-legacy\"><div class=\"fusion-title title fusion-title-23 fusion-sep-none fusion-title-text fusion-title-size-two\" style=\"--awb-margin-top-small:10px;--awb-margin-right-small:0px;--awb-margin-bottom-small:10px;--awb-margin-left-small:0px;\"><h2 class=\"fusion-title-heading title-heading-left fusion-responsive-typography-calculated\" style=\"margin:0;--fontSize:28;line-height:1.5;\"><p class=\"p1\">EMS Schw\u00e4izer DolorClast Master<\/p><\/h2><\/div><div class=\"fusion-text fusion-text-19\"><p class=\"p1\" style=\"text-align: justify\">De <strong>Schw\u00e4izer Dolorclast Master Touch &#8211; EMS<\/strong> erlaabt d&#8217;Behandlung vu Muskuloskeletalkrankheeten s\u00e9ier an effizient mat der radialer TOCE L\u00e9isung. Klinesch bewisen Energieproduktioun. W\u00ebssenschaftlech bewisen Effektivit\u00e9it. Onerwaart Leeschtung dank dem EvoBlue Handwierk.<\/p>\n<\/div><div class=\"fusion-button-wrapper fusion-aligncenter\"><a class=\"fusion-button button-flat fusion-button-default-size button-default fusion-button-default button-3 fusion-button-default-span fusion-button-default-type\" target=\"_self\" href=\"https:\/\/pes-luxembourg.lu\/bascharage\/onde-de-choc-kinesitherapie-bascharage\/\"><span class=\"fusion-button-text awb-button__text awb-button__text--default\">M\u00e9i gewuer gin &#8230;<\/span><\/a><\/div><div class=\"fusion-clearfix\"><\/div><\/div><\/div><div class=\"fusion-layout-column fusion_builder_column fusion-builder-column-18 fusion_builder_column_1_3 1_3 fusion-one-third fusion-column-last\" style=\"--awb-bg-size:cover;width:33.333333333333%;width:calc(33.333333333333% - ( ( 4% ) * 0.33333333333333 ) );\"><div class=\"fusion-column-wrapper fusion-flex-column-wrapper-legacy\"><div class=\"fusion-image-element fusion-image-align-center in-legacy-container\" style=\"text-align:center;--awb-caption-title-font-family:var(--h2_typography-font-family);--awb-caption-title-font-weight:var(--h2_typography-font-weight);--awb-caption-title-font-style:var(--h2_typography-font-style);--awb-caption-title-size:var(--h2_typography-font-size);--awb-caption-title-transform:var(--h2_typography-text-transform);--awb-caption-title-line-height:var(--h2_typography-line-height);--awb-caption-title-letter-spacing:var(--h2_typography-letter-spacing);\"><div class=\"imageframe-align-center\"><span class=\" fusion-imageframe imageframe-none imageframe-2 hover-type-none\"><a class=\"fusion-no-lightbox\" href=\"https:\/\/pes-luxembourg.lu\/bascharage\/onde-de-choc-kinesitherapie-bascharage\/\" target=\"_self\" aria-label=\"EMS_Swiss_DolorClast_Master\"><img decoding=\"async\" width=\"771\" height=\"414\" src=\"https:\/\/pes-luxembourg.lu\/bascharage\/wp-content\/uploads\/sites\/2\/2019\/11\/EMS_Swiss_DolorClast_Master.jpg\" alt class=\"img-responsive wp-image-1894\" srcset=\"https:\/\/pes-luxembourg.lu\/bascharage\/wp-content\/uploads\/sites\/2\/2019\/11\/EMS_Swiss_DolorClast_Master-200x107.jpg 200w, https:\/\/pes-luxembourg.lu\/bascharage\/wp-content\/uploads\/sites\/2\/2019\/11\/EMS_Swiss_DolorClast_Master-400x215.jpg 400w, https:\/\/pes-luxembourg.lu\/bascharage\/wp-content\/uploads\/sites\/2\/2019\/11\/EMS_Swiss_DolorClast_Master-600x322.jpg 600w, https:\/\/pes-luxembourg.lu\/bascharage\/wp-content\/uploads\/sites\/2\/2019\/11\/EMS_Swiss_DolorClast_Master.jpg 771w\" sizes=\"(max-width: 800px) 100vw, 771px\" \/><\/a><\/span><\/div><\/div><div class=\"fusion-clearfix\"><\/div><\/div><\/div><div class=\"fusion-layout-column fusion_builder_column fusion-builder-column-19 fusion_builder_column_1_1 1_1 fusion-one-full fusion-column-first fusion-column-last\" style=\"--awb-bg-size:cover;\"><div class=\"fusion-column-wrapper fusion-column-has-shadow fusion-flex-column-wrapper-legacy\"><div class=\"fusion-sep-clear\"><\/div><div class=\"fusion-separator fusion-full-width-sep\" style=\"margin-left: auto;margin-right: auto;margin-top:40px;margin-bottom:40px;width:100%;\"><div class=\"fusion-separator-border sep-shadow\" style=\"--awb-height:20px;--awb-amount:20px;background:radial-gradient(ellipse at 50% -50% , #e0dede 0px, rgba(255, 255, 255, 0) 80%) repeat scroll 0 0 rgba(0, 0, 0, 0);background:-webkit-radial-gradient(ellipse at 50% -50% , #e0dede 0px, rgba(255, 255, 255, 0) 80%) repeat scroll 0 0 rgba(0, 0, 0, 0);background:-moz-radial-gradient(ellipse at 50% -50% , #e0dede 0px, rgba(255, 255, 255, 0) 80%) repeat scroll 0 0 rgba(0, 0, 0, 0);background:-o-radial-gradient(ellipse at 50% -50% , #e0dede 0px, rgba(255, 255, 255, 0) 80%) repeat scroll 0 0 rgba(0, 0, 0, 0);\"><\/div><\/div><div class=\"fusion-sep-clear\"><\/div><div class=\"fusion-clearfix\"><\/div><\/div><\/div><div class=\"fusion-layout-column fusion_builder_column fusion-builder-column-20 fusion_builder_column_1_3 1_3 fusion-one-third fusion-column-first\" style=\"--awb-bg-size:cover;width:33.333333333333%;width:calc(33.333333333333% - ( ( 4% ) * 0.33333333333333 ) );margin-right: 4%;\"><div class=\"fusion-column-wrapper fusion-flex-column-wrapper-legacy\"><div class=\"fusion-image-element fusion-image-align-center in-legacy-container\" style=\"text-align:center;--awb-caption-title-font-family:var(--h2_typography-font-family);--awb-caption-title-font-weight:var(--h2_typography-font-weight);--awb-caption-title-font-style:var(--h2_typography-font-style);--awb-caption-title-size:var(--h2_typography-font-size);--awb-caption-title-transform:var(--h2_typography-text-transform);--awb-caption-title-line-height:var(--h2_typography-line-height);--awb-caption-title-letter-spacing:var(--h2_typography-letter-spacing);\"><div class=\"imageframe-align-center\"><span class=\" fusion-imageframe imageframe-none imageframe-3 hover-type-none\"><a class=\"fusion-no-lightbox\" href=\"https:\/\/pes-luxembourg.lu\/bascharage\/onde-de-choc-kinesitherapie-bascharage\/\" target=\"_self\" aria-label=\"EMS Swiss PiezoClast\"><img decoding=\"async\" width=\"592\" height=\"478\" src=\"https:\/\/pes-luxembourg.lu\/bascharage\/wp-content\/uploads\/sites\/2\/2019\/11\/EMS-Swiss-PiezoClast-1.jpg\" alt class=\"img-responsive wp-image-1900\" srcset=\"https:\/\/pes-luxembourg.lu\/bascharage\/wp-content\/uploads\/sites\/2\/2019\/11\/EMS-Swiss-PiezoClast-1-200x161.jpg 200w, https:\/\/pes-luxembourg.lu\/bascharage\/wp-content\/uploads\/sites\/2\/2019\/11\/EMS-Swiss-PiezoClast-1-400x323.jpg 400w, https:\/\/pes-luxembourg.lu\/bascharage\/wp-content\/uploads\/sites\/2\/2019\/11\/EMS-Swiss-PiezoClast-1.jpg 592w\" sizes=\"(max-width: 800px) 100vw, 592px\" \/><\/a><\/span><\/div><\/div><div class=\"fusion-clearfix\"><\/div><\/div><\/div><div class=\"fusion-layout-column fusion_builder_column fusion-builder-column-21 fusion_builder_column_2_3 2_3 fusion-two-third fusion-column-last\" style=\"--awb-bg-size:cover;width:66.666666666667%;width:calc(66.666666666667% - ( ( 4% ) * 0.66666666666667 ) );\"><div class=\"fusion-column-wrapper fusion-flex-column-wrapper-legacy\"><div class=\"fusion-title title fusion-title-24 fusion-sep-none fusion-title-text fusion-title-size-two\" style=\"--awb-margin-top-small:10px;--awb-margin-right-small:0px;--awb-margin-bottom-small:10px;--awb-margin-left-small:0px;\"><h2 class=\"fusion-title-heading title-heading-left fusion-responsive-typography-calculated\" style=\"margin:0;--fontSize:28;line-height:1.5;\"><p class=\"p1\">EMS Schw\u00e4izer PiezoClast<\/p><\/h2><\/div><div class=\"fusion-text fusion-text-20\"><p class=\"p1\" style=\"text-align: justify\"><strong>De Schw\u00e4izer Piezoclast &#8211; EMS<\/strong> erlaabt d&#8217;Behandlung vu Muskuloskeletalkrankheeten s\u00e9ier an effizient mat der fokuss\u00e9ierter TOCE L\u00e9isung. Behandlung vu Pathologien bis 80 mm. Befreit Energie n\u00ebmmen wann n\u00e9ideg dank fokuss\u00e9ierter Schockwellen. Bitt bequem Behandlungen dank de fokuss\u00e9ierte Schockwellen, d\u00e9i duerch piezoceramic Energie produz\u00e9iert ginn<\/p>\n<\/div><div class=\"fusion-button-wrapper fusion-aligncenter\"><a class=\"fusion-button button-flat fusion-button-default-size button-default fusion-button-default button-4 fusion-button-default-span fusion-button-default-type\" target=\"_self\" href=\"https:\/\/pes-luxembourg.lu\/bascharage\/onde-de-choc-kinesitherapie-bascharage\/\"><span class=\"fusion-button-text awb-button__text awb-button__text--default\">M\u00e9i gewuer gin&#8230;<\/span><\/a><\/div><div class=\"fusion-clearfix\"><\/div><\/div><\/div><div class=\"fusion-layout-column fusion_builder_column fusion-builder-column-22 fusion_builder_column_1_1 1_1 fusion-one-full fusion-column-first fusion-column-last\" style=\"--awb-bg-size:cover;\"><div class=\"fusion-column-wrapper fusion-column-has-shadow fusion-flex-column-wrapper-legacy\"><div class=\"fusion-sep-clear\"><\/div><div class=\"fusion-separator fusion-full-width-sep\" style=\"margin-left: auto;margin-right: auto;margin-top:40px;margin-bottom:40px;width:100%;\"><div class=\"fusion-separator-border sep-shadow\" style=\"--awb-height:20px;--awb-amount:20px;background:radial-gradient(ellipse at 50% -50% , #e0dede 0px, rgba(255, 255, 255, 0) 80%) repeat scroll 0 0 rgba(0, 0, 0, 0);background:-webkit-radial-gradient(ellipse at 50% -50% , #e0dede 0px, rgba(255, 255, 255, 0) 80%) repeat scroll 0 0 rgba(0, 0, 0, 0);background:-moz-radial-gradient(ellipse at 50% -50% , #e0dede 0px, rgba(255, 255, 255, 0) 80%) repeat scroll 0 0 rgba(0, 0, 0, 0);background:-o-radial-gradient(ellipse at 50% -50% , #e0dede 0px, rgba(255, 255, 255, 0) 80%) repeat scroll 0 0 rgba(0, 0, 0, 0);\"><\/div><\/div><div class=\"fusion-sep-clear\"><\/div><div class=\"fusion-clearfix\"><\/div><\/div><\/div><div class=\"fusion-layout-column fusion_builder_column fusion-builder-column-23 fusion_builder_column_2_3 2_3 fusion-two-third fusion-column-first\" style=\"--awb-bg-size:cover;width:66.666666666667%;width:calc(66.666666666667% - ( ( 4% ) * 0.66666666666667 ) );margin-right: 4%;\"><div class=\"fusion-column-wrapper fusion-flex-column-wrapper-legacy\"><div class=\"fusion-title title fusion-title-25 fusion-sep-none fusion-title-text fusion-title-size-two\" style=\"--awb-margin-top-small:10px;--awb-margin-right-small:0px;--awb-margin-bottom-small:10px;--awb-margin-left-small:0px;\"><h2 class=\"fusion-title-heading title-heading-left fusion-responsive-typography-calculated\" style=\"margin:0;--fontSize:28;line-height:1.5;\"><p class=\"p1\">LPG Cellu M6 Integral<\/p><\/h2><\/div><div class=\"fusion-text fusion-text-21\"><p class=\"p1\" style=\"text-align: justify\">De<b> LPG<\/b> <strong>Cellu M6 Integral<\/strong> liwwert d\u00e9i lescht LIPOMASSAGE an ENDERMOLIFT Techniken, fir h\u00e9ichpr\u00e4zis Kierper- a Gesiichtsbehandlungen. Behandlung vu Fibrosis, Entz\u00fcndung, \u00d6demer, Lymph\u00f6dem, Veneninsuffizienz .. D\u00ebs Behandlungen erm\u00e9iglechen et d<strong>&#8216;Symptomer a kierperlech Zeeche<\/strong> w\u00e9i Erythema, Induratioun, P\u00e9ng, Verloscht vu Gelenkmobilit\u00e9it, Muskelspannung, Steifheit, Steifheit <strong>ze reduz\u00e9ieren<\/strong> &#8230; fir s\u00e9ier zr\u00e9ckzekommen zu engem aktive Liewen.<\/p>\n<\/div><div class=\"fusion-button-wrapper fusion-aligncenter\"><a class=\"fusion-button button-flat fusion-button-default-size button-default fusion-button-default button-5 fusion-button-default-span fusion-button-default-type\" target=\"_self\" href=\"https:\/\/pes-luxembourg.lu\/bascharage\/lpg-cellu-m6-endermologie-bascharage\/\"><span class=\"fusion-button-text awb-button__text awb-button__text--default\">M\u00e9i gewuer gin&#8230;<\/span><\/a><\/div><div class=\"fusion-clearfix\"><\/div><\/div><\/div><div class=\"fusion-layout-column fusion_builder_column fusion-builder-column-24 fusion_builder_column_1_3 1_3 fusion-one-third fusion-column-last\" style=\"--awb-bg-size:cover;width:33.333333333333%;width:calc(33.333333333333% - ( ( 4% ) * 0.33333333333333 ) );\"><div class=\"fusion-column-wrapper fusion-flex-column-wrapper-legacy\"><div class=\"fusion-image-element fusion-image-align-center in-legacy-container\" style=\"text-align:center;--awb-caption-title-font-family:var(--h2_typography-font-family);--awb-caption-title-font-weight:var(--h2_typography-font-weight);--awb-caption-title-font-style:var(--h2_typography-font-style);--awb-caption-title-size:var(--h2_typography-font-size);--awb-caption-title-transform:var(--h2_typography-text-transform);--awb-caption-title-line-height:var(--h2_typography-line-height);--awb-caption-title-letter-spacing:var(--h2_typography-letter-spacing);\"><div class=\"imageframe-align-center\"><span class=\" fusion-imageframe imageframe-none imageframe-4 hover-type-none\"><a class=\"fusion-no-lightbox\" href=\"https:\/\/pes-luxembourg.lu\/bascharage\/lpg-cellu-m6-endermologie-bascharage\/\" target=\"_self\" aria-label=\"Cellu M6 Integral\"><img decoding=\"async\" width=\"1134\" height=\"1024\" src=\"https:\/\/pes-luxembourg.lu\/bascharage\/wp-content\/uploads\/sites\/2\/2019\/11\/Cellu-M6-Integral-2.png\" alt class=\"img-responsive wp-image-8123\" srcset=\"https:\/\/pes-luxembourg.lu\/bascharage\/wp-content\/uploads\/sites\/2\/2019\/11\/Cellu-M6-Integral-2-200x181.png 200w, https:\/\/pes-luxembourg.lu\/bascharage\/wp-content\/uploads\/sites\/2\/2019\/11\/Cellu-M6-Integral-2-400x361.png 400w, https:\/\/pes-luxembourg.lu\/bascharage\/wp-content\/uploads\/sites\/2\/2019\/11\/Cellu-M6-Integral-2-600x542.png 600w, https:\/\/pes-luxembourg.lu\/bascharage\/wp-content\/uploads\/sites\/2\/2019\/11\/Cellu-M6-Integral-2-800x722.png 800w, https:\/\/pes-luxembourg.lu\/bascharage\/wp-content\/uploads\/sites\/2\/2019\/11\/Cellu-M6-Integral-2.png 1134w\" sizes=\"(max-width: 800px) 100vw, 1134px\" \/><\/a><\/span><\/div><\/div><div class=\"fusion-clearfix\"><\/div><\/div><\/div><div class=\"fusion-layout-column fusion_builder_column fusion-builder-column-25 fusion_builder_column_1_1 1_1 fusion-one-full fusion-column-first fusion-column-last\" style=\"--awb-bg-size:cover;\"><div class=\"fusion-column-wrapper fusion-column-has-shadow fusion-flex-column-wrapper-legacy\"><div class=\"fusion-sep-clear\"><\/div><div class=\"fusion-separator fusion-full-width-sep\" style=\"margin-left: auto;margin-right: auto;margin-top:40px;margin-bottom:40px;width:100%;\"><div class=\"fusion-separator-border sep-shadow\" style=\"--awb-height:20px;--awb-amount:20px;background:radial-gradient(ellipse at 50% -50% , #e0dede 0px, rgba(255, 255, 255, 0) 80%) repeat scroll 0 0 rgba(0, 0, 0, 0);background:-webkit-radial-gradient(ellipse at 50% -50% , #e0dede 0px, rgba(255, 255, 255, 0) 80%) repeat scroll 0 0 rgba(0, 0, 0, 0);background:-moz-radial-gradient(ellipse at 50% -50% , #e0dede 0px, rgba(255, 255, 255, 0) 80%) repeat scroll 0 0 rgba(0, 0, 0, 0);background:-o-radial-gradient(ellipse at 50% -50% , #e0dede 0px, rgba(255, 255, 255, 0) 80%) repeat scroll 0 0 rgba(0, 0, 0, 0);\"><\/div><\/div><div class=\"fusion-sep-clear\"><\/div><div class=\"fusion-clearfix\"><\/div><\/div><\/div><div class=\"fusion-layout-column fusion_builder_column fusion-builder-column-26 fusion_builder_column_1_3 1_3 fusion-one-third fusion-column-first\" style=\"--awb-bg-size:cover;width:33.333333333333%;width:calc(33.333333333333% - ( ( 4% ) * 0.33333333333333 ) );margin-right: 4%;\"><div class=\"fusion-column-wrapper fusion-flex-column-wrapper-legacy\"><div class=\"fusion-image-element fusion-image-align-center in-legacy-container\" style=\"text-align:center;--awb-caption-title-font-family:var(--h2_typography-font-family);--awb-caption-title-font-weight:var(--h2_typography-font-weight);--awb-caption-title-font-style:var(--h2_typography-font-style);--awb-caption-title-size:var(--h2_typography-font-size);--awb-caption-title-transform:var(--h2_typography-text-transform);--awb-caption-title-line-height:var(--h2_typography-line-height);--awb-caption-title-letter-spacing:var(--h2_typography-letter-spacing);\"><div class=\"imageframe-align-center\"><span class=\" fusion-imageframe imageframe-none imageframe-5 hover-type-none\"><a class=\"fusion-no-lightbox\" href=\"https:\/\/pes-luxembourg.lu\/bascharage\/iso-inertiel-desmotec-bascharage\/\" target=\"_self\" aria-label=\"Desmotec V.PLUS Pininfarina\"><img decoding=\"async\" width=\"1701\" height=\"1500\" src=\"https:\/\/pes-luxembourg.lu\/bascharage\/wp-content\/uploads\/sites\/2\/2019\/11\/Desmotec-V.PLUS-Pininfarina-1.jpg\" alt class=\"img-responsive wp-image-1936\" srcset=\"https:\/\/pes-luxembourg.lu\/bascharage\/wp-content\/uploads\/sites\/2\/2019\/11\/Desmotec-V.PLUS-Pininfarina-1-200x176.jpg 200w, https:\/\/pes-luxembourg.lu\/bascharage\/wp-content\/uploads\/sites\/2\/2019\/11\/Desmotec-V.PLUS-Pininfarina-1-400x353.jpg 400w, https:\/\/pes-luxembourg.lu\/bascharage\/wp-content\/uploads\/sites\/2\/2019\/11\/Desmotec-V.PLUS-Pininfarina-1-600x529.jpg 600w, https:\/\/pes-luxembourg.lu\/bascharage\/wp-content\/uploads\/sites\/2\/2019\/11\/Desmotec-V.PLUS-Pininfarina-1-800x705.jpg 800w, https:\/\/pes-luxembourg.lu\/bascharage\/wp-content\/uploads\/sites\/2\/2019\/11\/Desmotec-V.PLUS-Pininfarina-1-1200x1058.jpg 1200w, https:\/\/pes-luxembourg.lu\/bascharage\/wp-content\/uploads\/sites\/2\/2019\/11\/Desmotec-V.PLUS-Pininfarina-1.jpg 1701w\" sizes=\"(max-width: 800px) 100vw, 1701px\" \/><\/a><\/span><\/div><\/div><div class=\"fusion-clearfix\"><\/div><\/div><\/div><div class=\"fusion-layout-column fusion_builder_column fusion-builder-column-27 fusion_builder_column_2_3 2_3 fusion-two-third fusion-column-last\" style=\"--awb-bg-size:cover;width:66.666666666667%;width:calc(66.666666666667% - ( ( 4% ) * 0.66666666666667 ) );\"><div class=\"fusion-column-wrapper fusion-flex-column-wrapper-legacy\"><div class=\"fusion-title title fusion-title-26 fusion-sep-none fusion-title-text fusion-title-size-two\" style=\"--awb-margin-top-small:10px;--awb-margin-right-small:0px;--awb-margin-bottom-small:10px;--awb-margin-left-small:0px;\"><h2 class=\"fusion-title-heading title-heading-left fusion-responsive-typography-calculated\" style=\"margin:0;--fontSize:28;line-height:1.5;\">Desmotec V.PLUS Pininfarina<\/h2><\/div><div class=\"fusion-text fusion-text-22\"><p class=\"p1\" style=\"text-align: justify\">Den <strong>Desmotec V.PLUS Pininfarina<\/strong> ass e Liicht a kompakt iso-inertial Drive \/ Traction-Apparat &#8211; an zouenen an oppenen Kette &#8211; d\u00e9i d&#8217;Fluchwheel Technologie mat Inertia Discs benotzt. M\u00e9i schnell Revalidatioun a Konditioun. Eenzegaarteg neuromuskul\u00e4r Aktiv\u00e9ierung. M\u00e9i h\u00e9ije Kraaftgew\u00ebnn (+ 40-50%) am Verglach zum konventionellen Muskelraining.<\/p>\n<\/div><div class=\"fusion-button-wrapper fusion-aligncenter\"><a class=\"fusion-button button-flat fusion-button-default-size button-default fusion-button-default button-6 fusion-button-default-span fusion-button-default-type\" target=\"_self\" href=\"https:\/\/pes-luxembourg.lu\/bascharage\/iso-inertiel-desmotec-bascharage\/\"><span class=\"fusion-button-text awb-button__text awb-button__text--default\">M\u00e9i gewuer gin &#8230;<\/span><\/a><\/div><div class=\"fusion-clearfix\"><\/div><\/div><\/div><div class=\"fusion-layout-column fusion_builder_column fusion-builder-column-28 fusion_builder_column_1_1 1_1 fusion-one-full fusion-column-first fusion-column-last\" style=\"--awb-bg-size:cover;\"><div class=\"fusion-column-wrapper fusion-column-has-shadow fusion-flex-column-wrapper-legacy\"><div class=\"fusion-sep-clear\"><\/div><div class=\"fusion-separator fusion-full-width-sep\" style=\"margin-left: auto;margin-right: auto;margin-top:40px;margin-bottom:40px;width:100%;\"><div class=\"fusion-separator-border sep-shadow\" style=\"--awb-height:20px;--awb-amount:20px;background:radial-gradient(ellipse at 50% -50% , #e0dede 0px, rgba(255, 255, 255, 0) 80%) repeat scroll 0 0 rgba(0, 0, 0, 0);background:-webkit-radial-gradient(ellipse at 50% -50% , #e0dede 0px, rgba(255, 255, 255, 0) 80%) repeat scroll 0 0 rgba(0, 0, 0, 0);background:-moz-radial-gradient(ellipse at 50% -50% , #e0dede 0px, rgba(255, 255, 255, 0) 80%) repeat scroll 0 0 rgba(0, 0, 0, 0);background:-o-radial-gradient(ellipse at 50% -50% , #e0dede 0px, rgba(255, 255, 255, 0) 80%) repeat scroll 0 0 rgba(0, 0, 0, 0);\"><\/div><\/div><div class=\"fusion-sep-clear\"><\/div><div class=\"fusion-clearfix\"><\/div><\/div><\/div><div class=\"fusion-layout-column fusion_builder_column fusion-builder-column-29 fusion_builder_column_2_3 2_3 fusion-two-third fusion-column-first\" style=\"--awb-bg-size:cover;width:66.666666666667%;width:calc(66.666666666667% - ( ( 4% ) * 0.66666666666667 ) );margin-right: 4%;\"><div class=\"fusion-column-wrapper fusion-flex-column-wrapper-legacy\"><div class=\"fusion-title title fusion-title-27 fusion-sep-none fusion-title-text fusion-title-size-two\" style=\"--awb-margin-top-small:10px;--awb-margin-right-small:0px;--awb-margin-bottom-small:10px;--awb-margin-left-small:0px;\"><h2 class=\"fusion-title-heading title-heading-left fusion-responsive-typography-calculated\" style=\"margin:0;--fontSize:28;line-height:1.5;\">Desmotec D.PLUS Pininfarina<\/h2><\/div><div class=\"fusion-text fusion-text-23\"><p>Den <strong>Desmotec D.PLUS Pininfarina<\/strong> ass en iso-inertial Trainingsapparat &#8211; a geschlossene Kette &#8211; d\u00e9i d&#8217;Fluewheel Technologie mat Inertia Discs benotzt. Equip\u00e9iert mat 2 <strong>integr\u00e9iert<\/strong> D.LOAD Kraaftplattformen (Messung vun der Kraaft (l\u00e9nks \/ riets) d\u00e9i op der Plattform ausge\u00fcbt g\u00ebtt w\u00e4hrend der \u00dcbung, Echtz\u00e4it Informatioun vun der Kraaft entw\u00e9ckelt an der konzentrescher an exzentrescher Phase. Hand \u00cbnnerst\u00ebtzung.<\/p>\n<\/div><div class=\"fusion-button-wrapper fusion-aligncenter\"><a class=\"fusion-button button-flat fusion-button-default-size button-default fusion-button-default button-7 fusion-button-default-span fusion-button-default-type\" target=\"_self\" href=\"https:\/\/pes-luxembourg.lu\/bascharage\/iso-inertiel-desmotec-bascharage\/\"><span class=\"fusion-button-text awb-button__text awb-button__text--default\">M\u00e9i gewuer gin&#8230;<\/span><\/a><\/div><div class=\"fusion-clearfix\"><\/div><\/div><\/div><div class=\"fusion-layout-column fusion_builder_column fusion-builder-column-30 fusion_builder_column_1_3 1_3 fusion-one-third fusion-column-last\" style=\"--awb-bg-size:cover;width:33.333333333333%;width:calc(33.333333333333% - ( ( 4% ) * 0.33333333333333 ) );\"><div class=\"fusion-column-wrapper fusion-flex-column-wrapper-legacy\"><div class=\"fusion-image-element fusion-image-align-center in-legacy-container\" style=\"text-align:center;--awb-caption-title-font-family:var(--h2_typography-font-family);--awb-caption-title-font-weight:var(--h2_typography-font-weight);--awb-caption-title-font-style:var(--h2_typography-font-style);--awb-caption-title-size:var(--h2_typography-font-size);--awb-caption-title-transform:var(--h2_typography-text-transform);--awb-caption-title-line-height:var(--h2_typography-line-height);--awb-caption-title-letter-spacing:var(--h2_typography-letter-spacing);\"><div class=\"imageframe-align-center\"><span class=\" fusion-imageframe imageframe-none imageframe-6 hover-type-none\"><a class=\"fusion-no-lightbox\" href=\"https:\/\/pes-luxembourg.lu\/bascharage\/iso-inertiel-desmotec-bascharage\/\" target=\"_self\" aria-label=\"Desmotec D.PLUS Pininfarina\"><img decoding=\"async\" width=\"1757\" height=\"1500\" src=\"https:\/\/pes-luxembourg.lu\/bascharage\/wp-content\/uploads\/sites\/2\/2019\/11\/Desmotec-D.PLUS-Pininfarina-1.jpg\" alt class=\"img-responsive wp-image-1951\" srcset=\"https:\/\/pes-luxembourg.lu\/bascharage\/wp-content\/uploads\/sites\/2\/2019\/11\/Desmotec-D.PLUS-Pininfarina-1-200x171.jpg 200w, https:\/\/pes-luxembourg.lu\/bascharage\/wp-content\/uploads\/sites\/2\/2019\/11\/Desmotec-D.PLUS-Pininfarina-1-400x341.jpg 400w, https:\/\/pes-luxembourg.lu\/bascharage\/wp-content\/uploads\/sites\/2\/2019\/11\/Desmotec-D.PLUS-Pininfarina-1-600x512.jpg 600w, https:\/\/pes-luxembourg.lu\/bascharage\/wp-content\/uploads\/sites\/2\/2019\/11\/Desmotec-D.PLUS-Pininfarina-1-800x683.jpg 800w, https:\/\/pes-luxembourg.lu\/bascharage\/wp-content\/uploads\/sites\/2\/2019\/11\/Desmotec-D.PLUS-Pininfarina-1-1200x1024.jpg 1200w, https:\/\/pes-luxembourg.lu\/bascharage\/wp-content\/uploads\/sites\/2\/2019\/11\/Desmotec-D.PLUS-Pininfarina-1.jpg 1757w\" sizes=\"(max-width: 800px) 100vw, 1757px\" \/><\/a><\/span><\/div><\/div><div class=\"fusion-clearfix\"><\/div><\/div><\/div><div class=\"fusion-layout-column fusion_builder_column fusion-builder-column-31 fusion_builder_column_1_1 1_1 fusion-one-full fusion-column-first fusion-column-last\" style=\"--awb-bg-size:cover;\"><div class=\"fusion-column-wrapper fusion-column-has-shadow fusion-flex-column-wrapper-legacy\"><div class=\"fusion-sep-clear\"><\/div><div class=\"fusion-separator fusion-full-width-sep\" style=\"margin-left: auto;margin-right: auto;margin-top:40px;margin-bottom:40px;width:100%;\"><div class=\"fusion-separator-border sep-shadow\" style=\"--awb-height:20px;--awb-amount:20px;background:radial-gradient(ellipse at 50% -50% , #e0dede 0px, rgba(255, 255, 255, 0) 80%) repeat scroll 0 0 rgba(0, 0, 0, 0);background:-webkit-radial-gradient(ellipse at 50% -50% , #e0dede 0px, rgba(255, 255, 255, 0) 80%) repeat scroll 0 0 rgba(0, 0, 0, 0);background:-moz-radial-gradient(ellipse at 50% -50% , #e0dede 0px, rgba(255, 255, 255, 0) 80%) repeat scroll 0 0 rgba(0, 0, 0, 0);background:-o-radial-gradient(ellipse at 50% -50% , #e0dede 0px, rgba(255, 255, 255, 0) 80%) repeat scroll 0 0 rgba(0, 0, 0, 0);\"><\/div><\/div><div class=\"fusion-sep-clear\"><\/div><div class=\"fusion-clearfix\"><\/div><\/div><\/div><div class=\"fusion-layout-column fusion_builder_column fusion-builder-column-32 fusion_builder_column_1_3 1_3 fusion-one-third fusion-column-first\" style=\"--awb-bg-size:cover;width:33.333333333333%;width:calc(33.333333333333% - ( ( 4% ) * 0.33333333333333 ) );margin-right: 4%;\"><div class=\"fusion-column-wrapper fusion-flex-column-wrapper-legacy\"><div class=\"fusion-image-element fusion-image-align-center in-legacy-container\" style=\"text-align:center;--awb-caption-title-font-family:var(--h2_typography-font-family);--awb-caption-title-font-weight:var(--h2_typography-font-weight);--awb-caption-title-font-style:var(--h2_typography-font-style);--awb-caption-title-size:var(--h2_typography-font-size);--awb-caption-title-transform:var(--h2_typography-text-transform);--awb-caption-title-line-height:var(--h2_typography-line-height);--awb-caption-title-letter-spacing:var(--h2_typography-letter-spacing);\"><div class=\"imageframe-align-center\"><span class=\" fusion-imageframe imageframe-none imageframe-7 hover-type-none\"><a class=\"fusion-no-lightbox\" href=\"https:\/\/pes-luxembourg.lu\/bascharage\/reeducation-perineale-bascharage\/\" target=\"_self\" aria-label=\"Phenix USB Neo\"><img decoding=\"async\" width=\"1181\" height=\"709\" src=\"https:\/\/pes-luxembourg.lu\/bascharage\/wp-content\/uploads\/sites\/2\/2019\/11\/Phenix-USB-Neo-1.png\" alt class=\"img-responsive wp-image-1978\" srcset=\"https:\/\/pes-luxembourg.lu\/bascharage\/wp-content\/uploads\/sites\/2\/2019\/11\/Phenix-USB-Neo-1-200x120.png 200w, https:\/\/pes-luxembourg.lu\/bascharage\/wp-content\/uploads\/sites\/2\/2019\/11\/Phenix-USB-Neo-1-400x240.png 400w, https:\/\/pes-luxembourg.lu\/bascharage\/wp-content\/uploads\/sites\/2\/2019\/11\/Phenix-USB-Neo-1-600x360.png 600w, https:\/\/pes-luxembourg.lu\/bascharage\/wp-content\/uploads\/sites\/2\/2019\/11\/Phenix-USB-Neo-1-800x480.png 800w, https:\/\/pes-luxembourg.lu\/bascharage\/wp-content\/uploads\/sites\/2\/2019\/11\/Phenix-USB-Neo-1.png 1181w\" sizes=\"(max-width: 800px) 100vw, 1181px\" \/><\/a><\/span><\/div><\/div><div class=\"fusion-clearfix\"><\/div><\/div><\/div><div class=\"fusion-layout-column fusion_builder_column fusion-builder-column-33 fusion_builder_column_2_3 2_3 fusion-two-third fusion-column-last\" style=\"--awb-bg-size:cover;width:66.666666666667%;width:calc(66.666666666667% - ( ( 4% ) * 0.66666666666667 ) );\"><div class=\"fusion-column-wrapper fusion-flex-column-wrapper-legacy\"><div class=\"fusion-title title fusion-title-28 fusion-sep-none fusion-title-text fusion-title-size-two\" style=\"--awb-margin-top-small:10px;--awb-margin-right-small:0px;--awb-margin-bottom-small:10px;--awb-margin-left-small:0px;\"><h2 class=\"fusion-title-heading title-heading-left fusion-responsive-typography-calculated\" style=\"margin:0;--fontSize:28;line-height:1.5;\">Ph\u00e9nix USB N\u00e9o<\/h2><\/div><div class=\"fusion-text fusion-text-24\"><p class=\"p1\" style=\"text-align: justify\">De <strong>Phoenix USB Neo<\/strong> ass en therapeutescht M\u00ebttel mat drahtlose Technologie d\u00e9i Zougang zu Bewegungsrehabilitatioun g\u00ebtt. Et ass en computeris\u00e9ierten Apparat fir perineal Reeducatioun gewidmet. Et ass mat engem oder m\u00e9i POD (s) ausgestatt, d\u00e9i mobil Stimulatiouns- a Biofeedback-Eenheeten sinn, d\u00e9i mat enger Zentralverbindung per Wireless Link kommuniz\u00e9ieren. All Stim \/ Bio POD huet 2 Stimulatiounskan\u00e4l an 2 Biofeedback Kan\u00e4l.<\/p>\n<\/div><div class=\"fusion-button-wrapper fusion-aligncenter\"><a class=\"fusion-button button-flat fusion-button-default-size button-default fusion-button-default button-8 fusion-button-default-span fusion-button-default-type\" target=\"_self\" href=\"https:\/\/pes-luxembourg.lu\/bascharage\/reeducation-perineale-bascharage\/\"><span class=\"fusion-button-text awb-button__text awb-button__text--default\">M\u00e9i gewuer gin&#8230;<\/span><\/a><\/div><div class=\"fusion-clearfix\"><\/div><\/div><\/div><div class=\"fusion-layout-column fusion_builder_column fusion-builder-column-34 fusion_builder_column_1_1 1_1 fusion-one-full fusion-column-first fusion-column-last\" style=\"--awb-bg-size:cover;\"><div class=\"fusion-column-wrapper fusion-column-has-shadow fusion-flex-column-wrapper-legacy\"><div class=\"fusion-sep-clear\"><\/div><div class=\"fusion-separator fusion-full-width-sep\" style=\"margin-left: auto;margin-right: auto;margin-top:40px;margin-bottom:40px;width:100%;\"><div class=\"fusion-separator-border sep-shadow\" style=\"--awb-height:20px;--awb-amount:20px;background:radial-gradient(ellipse at 50% -50% , #e0dede 0px, rgba(255, 255, 255, 0) 80%) repeat scroll 0 0 rgba(0, 0, 0, 0);background:-webkit-radial-gradient(ellipse at 50% -50% , #e0dede 0px, rgba(255, 255, 255, 0) 80%) repeat scroll 0 0 rgba(0, 0, 0, 0);background:-moz-radial-gradient(ellipse at 50% -50% , #e0dede 0px, rgba(255, 255, 255, 0) 80%) repeat scroll 0 0 rgba(0, 0, 0, 0);background:-o-radial-gradient(ellipse at 50% -50% , #e0dede 0px, rgba(255, 255, 255, 0) 80%) repeat scroll 0 0 rgba(0, 0, 0, 0);\"><\/div><\/div><div class=\"fusion-sep-clear\"><\/div><div class=\"fusion-clearfix\"><\/div><\/div><\/div><div class=\"fusion-layout-column fusion_builder_column fusion-builder-column-35 fusion_builder_column_2_3 2_3 fusion-two-third fusion-column-first\" style=\"--awb-bg-size:cover;width:66.666666666667%;width:calc(66.666666666667% - ( ( 4% ) * 0.66666666666667 ) );margin-right: 4%;\"><div class=\"fusion-column-wrapper fusion-flex-column-wrapper-legacy\"><div class=\"fusion-title title fusion-title-29 fusion-sep-none fusion-title-text fusion-title-size-two\" style=\"--awb-margin-top-small:10px;--awb-margin-right-small:0px;--awb-margin-bottom-small:10px;--awb-margin-left-small:0px;\"><h2 class=\"fusion-title-heading title-heading-left fusion-responsive-typography-calculated\" style=\"margin:0;--fontSize:28;line-height:1.5;\">Eureduc TP07i<\/h2><\/div><div class=\"fusion-text fusion-text-25\"><p class=\"p1\" style=\"text-align: justify\">Den <strong>Eureduc TP07i<\/strong> ass e 7-Kammer Drocktherapie-Apparat, kontroll\u00e9iert vum Touchscreen. et represent\u00e9iert de Flaggsch\u00ebff vun der Referenzmark an der Pressotherapie an equip\u00e9iert all d&#8217;Referenzzentren an der Lymphologie. Seng Effizienz ass onvergl\u00e4ichbar dank dem duebelen automateschen Drockgradient.<\/p>\n<\/div><div class=\"fusion-button-wrapper fusion-aligncenter\"><a class=\"fusion-button button-flat fusion-button-default-size button-default fusion-button-default button-9 fusion-button-default-span fusion-button-default-type\" target=\"_self\" href=\"https:\/\/pes-luxembourg.lu\/bascharage\/pressotherapie-bascharage\/\"><span class=\"fusion-button-text awb-button__text awb-button__text--default\">M\u00e9i gewuer gin&#8230;<\/span><\/a><\/div><div class=\"fusion-clearfix\"><\/div><\/div><\/div><div class=\"fusion-layout-column fusion_builder_column fusion-builder-column-36 fusion_builder_column_1_3 1_3 fusion-one-third fusion-column-last\" style=\"--awb-bg-size:cover;width:33.333333333333%;width:calc(33.333333333333% - ( ( 4% ) * 0.33333333333333 ) );\"><div class=\"fusion-column-wrapper fusion-flex-column-wrapper-legacy\"><div class=\"fusion-image-element fusion-image-align-center in-legacy-container\" style=\"text-align:center;--awb-caption-title-font-family:var(--h2_typography-font-family);--awb-caption-title-font-weight:var(--h2_typography-font-weight);--awb-caption-title-font-style:var(--h2_typography-font-style);--awb-caption-title-size:var(--h2_typography-font-size);--awb-caption-title-transform:var(--h2_typography-text-transform);--awb-caption-title-line-height:var(--h2_typography-line-height);--awb-caption-title-letter-spacing:var(--h2_typography-letter-spacing);\"><div class=\"imageframe-align-center\"><span class=\" fusion-imageframe imageframe-none imageframe-8 hover-type-none\"><a class=\"fusion-no-lightbox\" href=\"https:\/\/pes-luxembourg.lu\/bascharage\/pressotherapie-bascharage\/\" target=\"_self\" aria-label=\"Eureduc TP07i\"><img decoding=\"async\" width=\"1063\" height=\"827\" src=\"https:\/\/pes-luxembourg.lu\/bascharage\/wp-content\/uploads\/sites\/2\/2019\/11\/Eureduc-TP07i.jpg\" alt class=\"img-responsive wp-image-1996\" srcset=\"https:\/\/pes-luxembourg.lu\/bascharage\/wp-content\/uploads\/sites\/2\/2019\/11\/Eureduc-TP07i-200x156.jpg 200w, https:\/\/pes-luxembourg.lu\/bascharage\/wp-content\/uploads\/sites\/2\/2019\/11\/Eureduc-TP07i-400x311.jpg 400w, https:\/\/pes-luxembourg.lu\/bascharage\/wp-content\/uploads\/sites\/2\/2019\/11\/Eureduc-TP07i-600x467.jpg 600w, https:\/\/pes-luxembourg.lu\/bascharage\/wp-content\/uploads\/sites\/2\/2019\/11\/Eureduc-TP07i-800x622.jpg 800w, https:\/\/pes-luxembourg.lu\/bascharage\/wp-content\/uploads\/sites\/2\/2019\/11\/Eureduc-TP07i.jpg 1063w\" sizes=\"(max-width: 800px) 100vw, 1063px\" \/><\/a><\/span><\/div><\/div><div class=\"fusion-clearfix\"><\/div><\/div><\/div><div class=\"fusion-layout-column fusion_builder_column fusion-builder-column-37 fusion_builder_column_1_1 1_1 fusion-one-full fusion-column-first fusion-column-last\" style=\"--awb-bg-size:cover;\"><div class=\"fusion-column-wrapper fusion-column-has-shadow fusion-flex-column-wrapper-legacy\"><div class=\"fusion-sep-clear\"><\/div><div class=\"fusion-separator fusion-full-width-sep\" style=\"margin-left: auto;margin-right: auto;margin-top:40px;margin-bottom:40px;width:100%;\"><div class=\"fusion-separator-border sep-shadow\" style=\"--awb-height:20px;--awb-amount:20px;background:radial-gradient(ellipse at 50% -50% , #e0dede 0px, rgba(255, 255, 255, 0) 80%) repeat scroll 0 0 rgba(0, 0, 0, 0);background:-webkit-radial-gradient(ellipse at 50% -50% , #e0dede 0px, rgba(255, 255, 255, 0) 80%) repeat scroll 0 0 rgba(0, 0, 0, 0);background:-moz-radial-gradient(ellipse at 50% -50% , #e0dede 0px, rgba(255, 255, 255, 0) 80%) repeat scroll 0 0 rgba(0, 0, 0, 0);background:-o-radial-gradient(ellipse at 50% -50% , #e0dede 0px, rgba(255, 255, 255, 0) 80%) repeat scroll 0 0 rgba(0, 0, 0, 0);\"><\/div><\/div><div class=\"fusion-sep-clear\"><\/div><div class=\"fusion-clearfix\"><\/div><\/div><\/div><div class=\"fusion-layout-column fusion_builder_column fusion-builder-column-38 fusion_builder_column_1_3 1_3 fusion-one-third fusion-column-first\" style=\"--awb-bg-size:cover;width:33.333333333333%;width:calc(33.333333333333% - ( ( 4% ) * 0.33333333333333 ) );margin-right: 4%;\"><div class=\"fusion-column-wrapper fusion-flex-column-wrapper-legacy\"><div class=\"fusion-image-element fusion-image-align-center in-legacy-container\" style=\"text-align:center;--awb-caption-title-font-family:var(--h2_typography-font-family);--awb-caption-title-font-weight:var(--h2_typography-font-weight);--awb-caption-title-font-style:var(--h2_typography-font-style);--awb-caption-title-size:var(--h2_typography-font-size);--awb-caption-title-transform:var(--h2_typography-text-transform);--awb-caption-title-line-height:var(--h2_typography-line-height);--awb-caption-title-letter-spacing:var(--h2_typography-letter-spacing);\"><div class=\"imageframe-align-center\"><span class=\" fusion-imageframe imageframe-none imageframe-9 hover-type-none\"><a class=\"fusion-no-lightbox\" href=\"https:\/\/pes-luxembourg.lu\/bascharage\/isocinetisme-cybex-bascharage\/\" target=\"_self\" aria-label=\"Humac Norm Cybex\"><img decoding=\"async\" width=\"2048\" height=\"1403\" src=\"https:\/\/pes-luxembourg.lu\/bascharage\/wp-content\/uploads\/sites\/2\/2019\/11\/Humac-Norm-Cybex.png\" alt class=\"img-responsive wp-image-1986\" srcset=\"https:\/\/pes-luxembourg.lu\/bascharage\/wp-content\/uploads\/sites\/2\/2019\/11\/Humac-Norm-Cybex-200x137.png 200w, https:\/\/pes-luxembourg.lu\/bascharage\/wp-content\/uploads\/sites\/2\/2019\/11\/Humac-Norm-Cybex-400x274.png 400w, https:\/\/pes-luxembourg.lu\/bascharage\/wp-content\/uploads\/sites\/2\/2019\/11\/Humac-Norm-Cybex-600x411.png 600w, https:\/\/pes-luxembourg.lu\/bascharage\/wp-content\/uploads\/sites\/2\/2019\/11\/Humac-Norm-Cybex-800x548.png 800w, https:\/\/pes-luxembourg.lu\/bascharage\/wp-content\/uploads\/sites\/2\/2019\/11\/Humac-Norm-Cybex-1200x822.png 1200w, https:\/\/pes-luxembourg.lu\/bascharage\/wp-content\/uploads\/sites\/2\/2019\/11\/Humac-Norm-Cybex.png 2048w\" sizes=\"(max-width: 800px) 100vw, 2048px\" \/><\/a><\/span><\/div><\/div><div class=\"fusion-clearfix\"><\/div><\/div><\/div><div class=\"fusion-layout-column fusion_builder_column fusion-builder-column-39 fusion_builder_column_2_3 2_3 fusion-two-third fusion-column-last\" style=\"--awb-bg-size:cover;width:66.666666666667%;width:calc(66.666666666667% - ( ( 4% ) * 0.66666666666667 ) );\"><div class=\"fusion-column-wrapper fusion-flex-column-wrapper-legacy\"><div class=\"fusion-title title fusion-title-30 fusion-sep-none fusion-title-text fusion-title-size-two\" style=\"--awb-margin-top-small:10px;--awb-margin-right-small:0px;--awb-margin-bottom-small:10px;--awb-margin-left-small:0px;\"><h2 class=\"fusion-title-heading title-heading-left fusion-responsive-typography-calculated\" style=\"margin:0;--fontSize:28;line-height:1.5;\">CSMI Humac Norm Cybex<\/h2><\/div><div class=\"fusion-text fusion-text-26\"><p class=\"p1\" style=\"text-align: justify\">Den <strong>Humac Norm Cybex<\/strong> ass e multikultikul\u00e4r isokinetescht Apparat mat engem rot\u00e9ierten Dynamometer geduecht fir d&#8217;Evaluatioun, Rehabilitatioun an d&#8217;Rekondition\u00e9iere vu Muskelen, periphere Gelenker a Wirbelsail. Et erlaabt d&#8217;Evaluatioun vum Staat vun engem isol\u00e9ierte Gelenk an d&#8217;assozi\u00e9iert Muskelgruppen duerch w\u00ebssenschaftlech Messung an der Rehabilitatioun an der Ausbildung an optimaalt Effizienzbed\u00e9ngungen a S\u00e9cherheet vun d\u00ebsen selwechte Gelenker.<\/p>\n<\/div><div class=\"fusion-button-wrapper fusion-aligncenter\"><a class=\"fusion-button button-flat fusion-button-default-size button-default fusion-button-default button-10 fusion-button-default-span fusion-button-default-type\" target=\"_self\" href=\"https:\/\/pes-luxembourg.lu\/bascharage\/isocinetisme-cybex-bascharage\/\"><span class=\"fusion-button-text awb-button__text awb-button__text--default\">M\u00e9i gewuer gin&#8230;<\/span><\/a><\/div><div class=\"fusion-clearfix\"><\/div><\/div><\/div><\/div><\/div>\n","protected":false},"excerpt":{"rendered":"","protected":false},"author":2,"featured_media":0,"parent":0,"menu_order":0,"comment_status":"closed","ping_status":"closed","template":"","meta":{"_seopress_robots_primary_cat":"","_seopress_titles_title":"","_seopress_titles_desc":"","_seopress_robots_index":"","footnotes":""},"class_list":["post-2098","page","type-page","status-publish","hentry"],"_links":{"self":[{"href":"https:\/\/pes-luxembourg.lu\/bascharage\/lu\/wp-json\/wp\/v2\/pages\/2098","targetHints":{"allow":["GET"]}}],"collection":[{"href":"https:\/\/pes-luxembourg.lu\/bascharage\/lu\/wp-json\/wp\/v2\/pages"}],"about":[{"href":"https:\/\/pes-luxembourg.lu\/bascharage\/lu\/wp-json\/wp\/v2\/types\/page"}],"author":[{"embeddable":true,"href":"https:\/\/pes-luxembourg.lu\/bascharage\/lu\/wp-json\/wp\/v2\/users\/2"}],"replies":[{"embeddable":true,"href":"https:\/\/pes-luxembourg.lu\/bascharage\/lu\/wp-json\/wp\/v2\/comments?post=2098"}],"version-history":[{"count":0,"href":"https:\/\/pes-luxembourg.lu\/bascharage\/lu\/wp-json\/wp\/v2\/pages\/2098\/revisions"}],"wp:attachment":[{"href":"https:\/\/pes-luxembourg.lu\/bascharage\/lu\/wp-json\/wp\/v2\/media?parent=2098"}],"curies":[{"name":"wp","href":"https:\/\/api.w.org\/{rel}","templated":true}]}},{"id":2086,"date":"2020-04-22T17:55:40","date_gmt":"2020-04-22T15:55:40","guid":{"rendered":"https:\/\/pes-luxembourg.lu\/bascharage\/?page_id=2086"},"modified":"2020-04-22T17:55:40","modified_gmt":"2020-04-22T15:55:40","slug":"lpg-cellu-m6-nidderkaerjeng","status":"publish","type":"page","link":"https:\/\/pes-luxembourg.lu\/bascharage\/lu\/lpg-cellu-m6-nidderkaerjeng\/","title":{"rendered":"LPG Cellu M6 Nidderk\u00e4erjeng"},"content":{"rendered":"<div class=\"fusion-fullwidth fullwidth-box fusion-builder-row-5 nonhundred-percent-fullwidth non-hundred-percent-height-scrolling\" style=\"--awb-border-radius-top-left:0px;--awb-border-radius-top-right:0px;--awb-border-radius-bottom-right:0px;--awb-border-radius-bottom-left:0px;--awb-flex-wrap:wrap;\" ><div class=\"fusion-builder-row fusion-row\"><div class=\"fusion-layout-column fusion_builder_column fusion-builder-column-40 fusion_builder_column_1_1 1_1 fusion-one-full fusion-column-first fusion-column-last\" style=\"--awb-bg-size:cover;\"><div class=\"fusion-column-wrapper fusion-flex-column-wrapper-legacy\"><div class=\"fusion-title title fusion-title-31 fusion-title-center fusion-title-text fusion-title-size-one\" style=\"--awb-margin-top-small:10px;--awb-margin-right-small:0px;--awb-margin-bottom-small:10px;--awb-margin-left-small:0px;\"><div class=\"title-sep-container title-sep-container-left\"><div class=\"title-sep sep-double sep-solid\" style=\"border-color:#e0dede;\"><\/div><\/div><span class=\"awb-title-spacer\"><\/span><h1 class=\"fusion-title-heading title-heading-center fusion-responsive-typography-calculated\" style=\"margin:0;--fontSize:34;line-height:1.41;\">LPG Cellu M6<\/h1><span class=\"awb-title-spacer\"><\/span><div class=\"title-sep-container title-sep-container-right\"><div class=\"title-sep sep-double sep-solid\" style=\"border-color:#e0dede;\"><\/div><\/div><\/div><div class=\"fusion-image-element fusion-image-align-center in-legacy-container\" style=\"text-align:center;--awb-bottom-shadow-color:rgba(0,0,0,0.4);--awb-caption-title-font-family:var(--h2_typography-font-family);--awb-caption-title-font-weight:var(--h2_typography-font-weight);--awb-caption-title-font-style:var(--h2_typography-font-style);--awb-caption-title-size:var(--h2_typography-font-size);--awb-caption-title-transform:var(--h2_typography-text-transform);--awb-caption-title-line-height:var(--h2_typography-line-height);--awb-caption-title-letter-spacing:var(--h2_typography-letter-spacing);\"><div class=\"imageframe-align-center\"><div class=\"awb-image-frame awb-image-frame-10 awb-bottomshadow\"><span class=\" fusion-imageframe imageframe-bottomshadow imageframe-10 hover-type-none\"><img decoding=\"async\" src=\"https:\/\/pes-moselle.fr\/yutz\/wp-content\/uploads\/sites\/2\/2014\/03\/LPG-Cellu-M6.jpg\" alt class=\"img-responsive\"\/><\/span><svg xmlns=\"http:\/\/www.w3.org\/2000\/svg\" version=\"1.1\" width=\"100%\" viewBox=\"0 0 600 28\" preserveAspectRatio=\"none\"><g clip-path=\"url(#a)\"><mask id=\"b\" style=\"mask-type:luminance\" maskUnits=\"userSpaceOnUse\" x=\"0\" y=\"0\" width=\"600\" height=\"28\"><path d=\"M0 0h600v28H0V0Z\" fill=\"#fff\"\/><\/mask><g filter=\"url(#c)\" mask=\"url(#b)\"><path d=\"M16.439-18.667h567.123v30.8S438.961-8.4 300-8.4C161.04-8.4 16.438 12.133 16.438 12.133v-30.8Z\" fill=\"#000\"\/><\/g><\/g><defs><clipPath id=\"a\"><path fill=\"#fff\" d=\"M0 0h600v28H0z\"\/><\/clipPath><filter id=\"c\" x=\"5.438\" y=\"-29.667\" width=\"589.123\" height=\"52.8\" filterUnits=\"userSpaceOnUse\" color-interpolation-filters=\"sRGB\"><feFlood flood-opacity=\"0\" result=\"BackgroundImageFix\"\/><feBlend in=\"SourceGraphic\" in2=\"BackgroundImageFix\" result=\"shape\"\/><feGaussianBlur stdDeviation=\"5.5\" result=\"effect1_foregroundBlur_3983_183\"\/><\/filter><\/defs><\/svg><\/div><\/div><\/div><div class=\"fusion-clearfix\"><\/div><\/div><\/div><div class=\"fusion-layout-column fusion_builder_column fusion-builder-column-41 fusion_builder_column_1_1 1_1 fusion-one-full fusion-column-first fusion-column-last\" style=\"--awb-bg-size:cover;--awb-margin-top:30px;\"><div class=\"fusion-column-wrapper fusion-flex-column-wrapper-legacy\"><div class=\"fusion-title title fusion-title-32 fusion-sep-none fusion-title-text fusion-title-size-two\" style=\"--awb-margin-top-small:10px;--awb-margin-right-small:0px;--awb-margin-bottom-small:10px;--awb-margin-left-small:0px;\"><h2 class=\"fusion-title-heading title-heading-left fusion-responsive-typography-calculated\" style=\"margin:0;--fontSize:28;line-height:1.5;\">W\u00e9i funktion\u00e9iert et?<\/h2><\/div><div class=\"fusion-text fusion-text-27\"><p>D&#8217;Behandlung g\u00ebtt vun engem qualifiz\u00e9ierten Fachmann mat engem leschten Generatioun LPG\u00ae Cellu M6 Alliance Apparat zu Nidderk\u00e4erjeng geliwwert.<\/p>\n<p>Am G\u00e9igesaz zu ville Techniken d\u00e9i um Maart verf\u00fcgbar sinn, bitt LPG\u00ae Endermologie eng 100% natierlech Alternativ: <strong>er\u00ebmzefannen d\u00e9i schl\u00e9ift Cellul\u00e4r Aktivit\u00e9it am H\u00e4erz vun eiser Haut<\/strong> fir g\u00e9int all onsiichtlech Manifestatiounen (Falten, sagging Haut, rebellesch K\u00e9ieren, &#8216;orange &#8230;).<\/p>\n<p>D\u00e9i mechanesch Stimulatioun vun Zellen, sougenannte Endermologie\u00ae, m\u00e9cht et also m\u00e9iglech, hiren Awakeningsprozess ze relanc\u00e9ieren,<strong> natierlech an ouni Schmerz<\/strong> mat engem ganz breet Uwendungsfeld:<\/p>\n<p style=\"text-align: justify\"><img decoding=\"async\" class=\"size-full wp-image-2183\" src=\"https:\/\/pes-moselle.fr\/yutz\/wp-content\/uploads\/sites\/2\/2014\/03\/Couche-peau.png\" alt=\"couche-peau\" width=\"683\" height=\"358\" \/><\/p>\n<\/div><div class=\"fusion-tabs fusion-tabs-1 classic nav-is-justified horizontal-tabs icon-position-left mobile-mode-accordion\" style=\"--awb-title-border-radius-top-left:0px;--awb-title-border-radius-top-right:0px;--awb-title-border-radius-bottom-right:0px;--awb-title-border-radius-bottom-left:0px;--awb-inactive-color:#ebeaea;--awb-background-color:#ffffff;--awb-border-color:#ebeaea;--awb-active-border-color:#82c9f0;\"><div class=\"nav\"><ul class=\"nav-tabs nav-justified\" role=\"tablist\" aria-orientation=\"horizontal\"><li class=\"active\" role=\"presentation\"><a class=\"tab-link\" data-toggle=\"tab\" role=\"tab\" aria-controls=\"tab-3ab6184a83beeee8513\" aria-selected=\"true\" tabindex=\"0\" id=\"fusion-tab-3ab6184a83beeee8513\" href=\"#tab-3ab6184a83beeee8513\"><h4 class=\"fusion-tab-heading\">Fibroblasts<\/h4><\/a><\/li><li  role=\"presentation\"><a class=\"tab-link\" data-toggle=\"tab\" role=\"tab\" aria-controls=\"tab-86adaeca6c1f2be4522\" aria-selected=\"false\" tabindex=\"-1\" id=\"fusion-tab-86adaeca6c1f2be4522\" href=\"#tab-86adaeca6c1f2be4522\"><h4 class=\"fusion-tab-heading\">Collagen \/ Elastin<\/h4><\/a><\/li><li  role=\"presentation\"><a class=\"tab-link\" data-toggle=\"tab\" role=\"tab\" aria-controls=\"tab-cbd9c45848be3b21ba9\" aria-selected=\"false\" tabindex=\"-1\" id=\"fusion-tab-cbd9c45848be3b21ba9\" href=\"#tab-cbd9c45848be3b21ba9\"><h4 class=\"fusion-tab-heading\">Circulation<\/h4><\/a><\/li><li  role=\"presentation\"><a class=\"tab-link\" data-toggle=\"tab\" role=\"tab\" aria-controls=\"tab-5c0b7774bfc8ec9a12f\" aria-selected=\"false\" tabindex=\"-1\" id=\"fusion-tab-5c0b7774bfc8ec9a12f\" href=\"#tab-5c0b7774bfc8ec9a12f\"><h4 class=\"fusion-tab-heading\">Adipozyten<\/h4><\/a><\/li><li  role=\"presentation\"><a class=\"tab-link\" data-toggle=\"tab\" role=\"tab\" aria-controls=\"tab-22e4c3741d5e0b10092\" aria-selected=\"false\" tabindex=\"-1\" id=\"fusion-tab-22e4c3741d5e0b10092\" href=\"#tab-22e4c3741d5e0b10092\"><h4 class=\"fusion-tab-heading\">Muskelen<\/h4><\/a><\/li><li  role=\"presentation\"><a class=\"tab-link\" data-toggle=\"tab\" role=\"tab\" aria-controls=\"tab-2e3333ccfd01abfe08e\" aria-selected=\"false\" tabindex=\"-1\" id=\"fusion-tab-2e3333ccfd01abfe08e\" href=\"#tab-2e3333ccfd01abfe08e\"><h4 class=\"fusion-tab-heading\">Septa<\/h4><\/a><\/li><\/ul><\/div><div class=\"tab-content\"><div class=\"nav fusion-mobile-tab-nav\"><ul class=\"nav-tabs nav-justified\" role=\"tablist\" aria-orientation=\"horizontal\"><li class=\"active\" role=\"presentation\"><a class=\"tab-link\" data-toggle=\"tab\" role=\"tab\" aria-controls=\"tab-3ab6184a83beeee8513\" aria-selected=\"true\" tabindex=\"0\" id=\"mobile-fusion-tab-3ab6184a83beeee8513\" href=\"#tab-3ab6184a83beeee8513\"><h4 class=\"fusion-tab-heading\">Fibroblasts<\/h4><\/a><\/li><\/ul><\/div><div class=\"tab-pane fade fusion-clearfix in active\" role=\"tabpanel\" tabindex=\"0\" aria-labelledby=\"fusion-tab-3ab6184a83beeee8513\" id=\"tab-3ab6184a83beeee8513\">\n<p style=\"text-align: justify\"><span style=\"font-size: 1em;line-height: 1.5em\"><img decoding=\"async\" class=\"size-full wp-image-2187 alignleft\" src=\"https:\/\/pes-moselle.fr\/yutz\/wp-content\/uploads\/sites\/2\/2014\/03\/Fibroblastes.png\" alt=\"fibroblastes\" width=\"56\" height=\"56\" \/>D&#8217;Endermolift\u00ae Behandlung reaktiv\u00e9iert natierlech d&#8217;Produktioun vu Kollagen an Elastin duerch Jugendzellen (Fibroblaszen) fir d&#8217;Haut iwwer laangfristeg ze redens\u00e9ieren.<br \/>\n<\/span><\/p>\n<\/div><div class=\"nav fusion-mobile-tab-nav\"><ul class=\"nav-tabs nav-justified\" role=\"tablist\" aria-orientation=\"horizontal\"><li  role=\"presentation\"><a class=\"tab-link\" data-toggle=\"tab\" role=\"tab\" aria-controls=\"tab-86adaeca6c1f2be4522\" aria-selected=\"false\" tabindex=\"-1\" id=\"mobile-fusion-tab-86adaeca6c1f2be4522\" href=\"#tab-86adaeca6c1f2be4522\"><h4 class=\"fusion-tab-heading\">Collagen \/ Elastin<\/h4><\/a><\/li><\/ul><\/div><div class=\"tab-pane fade fusion-clearfix\" role=\"tabpanel\" tabindex=\"0\" aria-labelledby=\"fusion-tab-86adaeca6c1f2be4522\" id=\"tab-86adaeca6c1f2be4522\">\n<p style=\"text-align: justify\"><img decoding=\"async\" class=\"alignleft size-full wp-image-2319\" src=\"https:\/\/pes-moselle.fr\/yutz\/wp-content\/uploads\/sites\/2\/2016\/11\/Collag\u00e8ne.png\" alt=\"collagene\" width=\"56\" height=\"56\" \/>Collagenfaseren suerge fir d&#8217;Haut an Elastinfaseren fir Richtegkeet. Wann hir Quantit\u00e9it mam Alter erofgeet, k\u00ebnne LPG Techniken hir Synthese natierlech reaktiv\u00e9ieren, sanft.<\/p>\n<\/div><div class=\"nav fusion-mobile-tab-nav\"><ul class=\"nav-tabs nav-justified\" role=\"tablist\" aria-orientation=\"horizontal\"><li  role=\"presentation\"><a class=\"tab-link\" data-toggle=\"tab\" role=\"tab\" aria-controls=\"tab-cbd9c45848be3b21ba9\" aria-selected=\"false\" tabindex=\"-1\" id=\"mobile-fusion-tab-cbd9c45848be3b21ba9\" href=\"#tab-cbd9c45848be3b21ba9\"><h4 class=\"fusion-tab-heading\">Circulation<\/h4><\/a><\/li><\/ul><\/div><div class=\"tab-pane fade fusion-clearfix\" role=\"tabpanel\" tabindex=\"0\" aria-labelledby=\"fusion-tab-cbd9c45848be3b21ba9\" id=\"tab-cbd9c45848be3b21ba9\">\n<p style=\"text-align: justify\"><img decoding=\"async\" class=\"alignleft size-full wp-image-2185\" src=\"https:\/\/pes-moselle.fr\/yutz\/wp-content\/uploads\/sites\/2\/2014\/03\/Circulation.png\" alt=\"circulation\" width=\"56\" height=\"56\" \/>Duerch seng s\u00e9ier effektiv a schmerzlos draining Handlung, behandelt Endermologie\u00ae St\u00e9ierungen am Zesummenhang mat ven\u00f6ser Insuffizit\u00e9it a Gefiller vu &#8220;schw\u00e9ieren Been&#8221;, souw\u00e9i Waasserretentioun.<\/p>\n<\/div><div class=\"nav fusion-mobile-tab-nav\"><ul class=\"nav-tabs nav-justified\" role=\"tablist\" aria-orientation=\"horizontal\"><li  role=\"presentation\"><a class=\"tab-link\" data-toggle=\"tab\" role=\"tab\" aria-controls=\"tab-5c0b7774bfc8ec9a12f\" aria-selected=\"false\" tabindex=\"-1\" id=\"mobile-fusion-tab-5c0b7774bfc8ec9a12f\" href=\"#tab-5c0b7774bfc8ec9a12f\"><h4 class=\"fusion-tab-heading\">Adipozyten<\/h4><\/a><\/li><\/ul><\/div><div class=\"tab-pane fade fusion-clearfix\" role=\"tabpanel\" tabindex=\"0\" aria-labelledby=\"fusion-tab-5c0b7774bfc8ec9a12f\" id=\"tab-5c0b7774bfc8ec9a12f\">\n<p style=\"text-align: justify\"><img decoding=\"async\" class=\"alignleft size-full wp-image-2188\" src=\"https:\/\/pes-moselle.fr\/yutz\/wp-content\/uploads\/sites\/2\/2014\/03\/Adipocytes.png\" alt=\"adipocytes\" width=\"56\" height=\"56\" \/>D&#8217;Lipomassage\u00ae Behandlung m\u00e9cht et m\u00e9iglech, natierlech Lipolyse (Entloossung vu Fetter) ze restaur\u00e9ieren fir Fettzellen (Adipozyten) ze entl\u00e9iren.<\/p>\n<\/div><div class=\"nav fusion-mobile-tab-nav\"><ul class=\"nav-tabs nav-justified\" role=\"tablist\" aria-orientation=\"horizontal\"><li  role=\"presentation\"><a class=\"tab-link\" data-toggle=\"tab\" role=\"tab\" aria-controls=\"tab-22e4c3741d5e0b10092\" aria-selected=\"false\" tabindex=\"-1\" id=\"mobile-fusion-tab-22e4c3741d5e0b10092\" href=\"#tab-22e4c3741d5e0b10092\"><h4 class=\"fusion-tab-heading\">Muskelen<\/h4><\/a><\/li><\/ul><\/div><div class=\"tab-pane fade fusion-clearfix\" role=\"tabpanel\" tabindex=\"0\" aria-labelledby=\"fusion-tab-22e4c3741d5e0b10092\" id=\"tab-22e4c3741d5e0b10092\">\n<p style=\"text-align: justify\"><img decoding=\"async\" class=\"alignleft size-full wp-image-2189\" src=\"https:\/\/pes-moselle.fr\/yutz\/wp-content\/uploads\/sites\/2\/2014\/03\/Muscles.png\" alt=\"muscles\" width=\"56\" height=\"56\" \/>Mat der H\u00ebllef vun engem exklusiven patent\u00e9ierte LPG-Behandlungskop kann de Physiotherapeut d&#8217;Muskelen op eng geziilter Man\u00e9ier mobilis\u00e9ieren fir d&#8217;Spannungen an d&#8217;Kontrakter ze befreien.<\/p>\n<\/div><div class=\"nav fusion-mobile-tab-nav\"><ul class=\"nav-tabs nav-justified\" role=\"tablist\" aria-orientation=\"horizontal\"><li  role=\"presentation\"><a class=\"tab-link\" data-toggle=\"tab\" role=\"tab\" aria-controls=\"tab-2e3333ccfd01abfe08e\" aria-selected=\"false\" tabindex=\"-1\" id=\"mobile-fusion-tab-2e3333ccfd01abfe08e\" href=\"#tab-2e3333ccfd01abfe08e\"><h4 class=\"fusion-tab-heading\">Septa<\/h4><\/a><\/li><\/ul><\/div><div class=\"tab-pane fade fusion-clearfix\" role=\"tabpanel\" tabindex=\"0\" aria-labelledby=\"fusion-tab-2e3333ccfd01abfe08e\" id=\"tab-2e3333ccfd01abfe08e\">\n<p style=\"text-align: justify\"><img decoding=\"async\" class=\"alignleft size-full wp-image-2190\" src=\"https:\/\/pes-moselle.fr\/yutz\/wp-content\/uploads\/sites\/2\/2014\/03\/Septa.png\" alt=\"septa\" width=\"56\" height=\"56\" \/>Wann 90% vun de Fraen uf\u00e4lleg fir Cellulite sinn, ass et well hir Fettschicht, d\u00e9i an der Hypodermis lokalis\u00e9iert ass, vu parallel Septa opgedeelt ass (am G\u00e9igesaz zu M\u00e4nner, deenen hir Septas duerchgestrachen sinn). D&#8217;Lipomassage\u00ae Technik, eenzegaarteg op der Welt, kann d\u00ebst agespaant Fett entloossen fir den Orangeschuel glat ze maachen.<\/p>\n<\/div><\/div><\/div><div class=\"fusion-clearfix\"><\/div><\/div><\/div><div class=\"fusion-layout-column fusion_builder_column fusion-builder-column-42 fusion_builder_column_1_1 1_1 fusion-one-full fusion-column-first fusion-column-last\" style=\"--awb-bg-size:cover;\"><div class=\"fusion-column-wrapper fusion-column-has-shadow fusion-flex-column-wrapper-legacy\"><div class=\"fusion-text fusion-text-28\"><p>Endermologie\u00ae behandelt d\u00e9i seri\u00f6sten Tissuepathologien (Narben, Fibrosis, Lymph\u00f6dem, Verbrannt, asw.) Duerch d&#8217;Haut vun der Inselkapazit\u00e9it vun der Haut. <strong>0 Risiko. 0 Nebenwirkung. \u00cbmmer Resultater.<\/strong><\/p>\n<p>Intelligenz stimul\u00e9iert, ass et f\u00e4eg fir onheemlech Transformatiounen ze maachen: d&#8217;Produktioun vu jugendleche Substanzen (Kollagen, Elastin, Hyalurons\u00e4ure) fir m\u00e9i schnell Haut ze beschleunegen, d&#8217;Fettzell-Zerst\u00e9ierungsprozess aktiv\u00e9ieren fir d&#8217;Silhouette ze raffin\u00e9ieren, nei Fl\u00ebssegkeetsaustausch ophuelen fir eng d\u00e9if Detoxaktioun.<\/p>\n<p>Endermologie\u00ae gouf entw\u00e9ckelt fir d\u00ebst natierlecht Potenzial ze exploit\u00e9ieren, op eng komplett net invasiv, net aggressiv, agreabel a s\u00e9cher Man\u00e9ier. Mir sinn iwwerzeegt datt e gesonde a respekt\u00e9ierte Stoff de Schl\u00ebssel fir eng wonnersch\u00e9in Silhouette an gl\u00fchend Haut vun der Jugend ass.<\/p>\n<\/div><div class=\"fusion-clearfix\"><\/div><\/div><\/div><div class=\"fusion-layout-column fusion_builder_column fusion-builder-column-43 fusion_builder_column_1_5 1_5 fusion-one-fifth fusion-column-first\" style=\"--awb-bg-size:cover;width:20%;width:calc(20% - ( ( 4% + 4% ) * 0.2 ) );margin-right: 4%;\"><div class=\"fusion-column-wrapper fusion-column-has-shadow fusion-flex-column-wrapper-legacy\"><div class=\"fusion-clearfix\"><\/div><\/div><\/div><div class=\"fusion-layout-column fusion_builder_column fusion-builder-column-44 fusion_builder_column_3_5 3_5 fusion-three-fifth\" style=\"--awb-bg-size:cover;width:60%;width:calc(60% - ( ( 4% + 4% ) * 0.6 ) );margin-right: 4%;\"><div class=\"fusion-column-wrapper fusion-column-has-shadow fusion-flex-column-wrapper-legacy\"><div class=\"fusion-video fusion-youtube fusion-aligncenter\" style=\"--awb-max-width:600px;--awb-max-height:360px;--awb-width:100%;\"><div class=\"video-shortcode\"><div class=\"fluid-width-video-wrapper\" style=\"padding-top:60%;\" ><iframe title=\"YouTube video player 1\" src=\"https:\/\/www.youtube.com\/embed\/yCj_ZsKVId8?wmode=transparent&autoplay=0\" width=\"600\" height=\"360\" allowfullscreen allow=\"autoplay; clipboard-write; encrypted-media; gyroscope; picture-in-picture;\"><\/iframe><\/div><\/div><\/div><div class=\"fusion-clearfix\"><\/div><\/div><\/div><div class=\"fusion-layout-column fusion_builder_column fusion-builder-column-45 fusion_builder_column_1_5 1_5 fusion-one-fifth fusion-column-last\" style=\"--awb-bg-size:cover;width:20%;width:calc(20% - ( ( 4% + 4% ) * 0.2 ) );\"><div class=\"fusion-column-wrapper fusion-column-has-shadow fusion-flex-column-wrapper-legacy\"><div class=\"fusion-clearfix\"><\/div><\/div><\/div><div class=\"fusion-layout-column fusion_builder_column fusion-builder-column-46 fusion_builder_column_1_1 1_1 fusion-one-full fusion-column-first fusion-column-last\" style=\"--awb-padding-top:20px;--awb-bg-size:cover;\"><div class=\"fusion-column-wrapper fusion-column-has-shadow fusion-flex-column-wrapper-legacy\"><div class=\"fusion-text fusion-text-29\"><p style=\"text-align: justify\">Am G\u00e9igesaz zu ville Techniken d\u00e9i um Maart verf\u00fcgbar sinn, bitt LPG\u00ae Endermologie eng 100% natierlech Alternativ: <strong>er\u00ebmzefannen d\u00e9i schl\u00e9ift Cellul\u00e4r Aktivit\u00e9it am H\u00e4erz vun eiser Haut<\/strong> fir g\u00e9int all onsiichtlech Manifestatiounen (Falten, sagging Haut, rebellesch K\u00e9ieren, &#8216;orange &#8230;).<\/p>\n<\/div><div class=\"fusion-clearfix\"><\/div><\/div><\/div><div class=\"fusion-layout-column fusion_builder_column fusion-builder-column-47 fusion_builder_column_1_1 1_1 fusion-one-full fusion-column-first fusion-column-last\" style=\"--awb-bg-size:cover;\"><div class=\"fusion-column-wrapper fusion-flex-column-wrapper-legacy\"><div class=\"fusion-title title fusion-title-33 fusion-sep-none fusion-title-text fusion-title-size-two\" style=\"--awb-margin-top-small:10px;--awb-margin-right-small:0px;--awb-margin-bottom-small:10px;--awb-margin-left-small:0px;\"><h2 class=\"fusion-title-heading title-heading-left fusion-responsive-typography-calculated\" style=\"margin:0;--fontSize:28;line-height:1.5;\"><p data-fontsize=\"34\" data-lineheight=\"47\">Glat Cellulite<\/p><\/h2><\/div><div class=\"fusion-text fusion-text-30\"><p><img decoding=\"async\" class=\"aligncenter wp-image-2028 size-medium\" src=\"https:\/\/pes-luxembourg.lu\/bascharage\/wp-content\/uploads\/sites\/2\/2020\/03\/Lissage-Cellulite-300x234.png\" alt=\"\" width=\"300\" height=\"234\" srcset=\"https:\/\/pes-luxembourg.lu\/bascharage\/wp-content\/uploads\/sites\/2\/2020\/03\/Lissage-Cellulite-200x156.png 200w, https:\/\/pes-luxembourg.lu\/bascharage\/wp-content\/uploads\/sites\/2\/2020\/03\/Lissage-Cellulite-300x234.png 300w, https:\/\/pes-luxembourg.lu\/bascharage\/wp-content\/uploads\/sites\/2\/2020\/03\/Lissage-Cellulite-400x312.png 400w, https:\/\/pes-luxembourg.lu\/bascharage\/wp-content\/uploads\/sites\/2\/2020\/03\/Lissage-Cellulite-600x467.png 600w, https:\/\/pes-luxembourg.lu\/bascharage\/wp-content\/uploads\/sites\/2\/2020\/03\/Lissage-Cellulite-768x598.png 768w, https:\/\/pes-luxembourg.lu\/bascharage\/wp-content\/uploads\/sites\/2\/2020\/03\/Lissage-Cellulite-800x623.png 800w, https:\/\/pes-luxembourg.lu\/bascharage\/wp-content\/uploads\/sites\/2\/2020\/03\/Lissage-Cellulite-1024x797.png 1024w, https:\/\/pes-luxembourg.lu\/bascharage\/wp-content\/uploads\/sites\/2\/2020\/03\/Lissage-Cellulite-1200x935.png 1200w, https:\/\/pes-luxembourg.lu\/bascharage\/wp-content\/uploads\/sites\/2\/2020\/03\/Lissage-Cellulite-1536x1196.png 1536w, https:\/\/pes-luxembourg.lu\/bascharage\/wp-content\/uploads\/sites\/2\/2020\/03\/Lissage-Cellulite.png 1600w\" sizes=\"(max-width: 300px) 100vw, 300px\" \/><\/p>\n<p style=\"text-align: justify\">Dank dem neien patent\u00e9ierte Alliance Behandlungskop, Endermologie\u00ae Gymnastik d&#8217;Haut a Fettgewebe fir se ze weicheren an ze defibr\u00e9ieren. Parallel m\u00e9cht d\u00ebs Stimulatioun et m\u00e9iglech, Fett fr\u00e4igeloossen an Blutt a lymfesch Zirkulatioun ze aktiv\u00e9ieren.<\/p>\n<\/div><div class=\"fusion-text fusion-text-31\"><div class=\"bloc bloc--text simple animate animate--opacity animate--reveal\">\n<p>Endermologie\u00ae, d\u00e9i 100% natierlech, net-invasiv an net-aggressiv Referenztechnik fir mechanesch Stimulatioun vun der Haut, wat et erlaabt de Zellmechanismus nei z&#8217;aktiv\u00e9ieren.<\/p>\n<p>Cellulite, wat 90% vun esouguer d\u00e9i d\u00ebnnsten an d\u00e9i meescht sportlech Frae betr\u00ebfft, result\u00e9iert vu b\u00e9id Sp\u00e4ichere vu Fett an Adipozyten (Fettzellen) a Waasserversuergung ronder\u00ebm. W\u00e9i d&#8217;Fettzellen wuessen, trennen d&#8217;Partitionen d\u00e9i se enthalen (septa) op d&#8217;Uewerfl\u00e4ch vun der Haut a ginn deform\u00e9iert. Zur selwechter Z\u00e4it ass d&#8217;Zirkulatioun verstoppt an Toxine accumul\u00e9ieren. Cellulite a s\u00e4i onverh\u00ebnnerbar orange Peel Erscheinung ersch\u00e9ngt dann.<\/p>\n<\/div>\n<\/div><div class=\"fusion-clearfix\"><\/div><\/div><\/div><div class=\"fusion-layout-column fusion_builder_column fusion-builder-column-48 fusion_builder_column_1_3 1_3 fusion-one-third fusion-column-first\" style=\"--awb-bg-size:cover;width:33.333333333333%;width:calc(33.333333333333% - ( ( 4% + 4% ) * 0.33333333333333 ) );margin-right: 4%;\"><div class=\"fusion-column-wrapper fusion-column-has-shadow fusion-flex-column-wrapper-legacy\"><div class=\"fusion-text fusion-text-32\"><p style=\"text-align: center\"><strong>AQUEOUS CELLULITE<\/strong><\/p>\n<p style=\"text-align: center\">Et ass verbonne mat Fl\u00ebssegkeet Retention w\u00e9inst aarm Blutt a lymphatesch Zirkulatioun. Et ass wichteg d&#8217;Toxine ze verr\u00e9ngeren an d&#8217;Austausch z&#8217;erliewen.<\/p>\n<\/div><div class=\"fusion-clearfix\"><\/div><\/div><\/div><div class=\"fusion-layout-column fusion_builder_column fusion-builder-column-49 fusion_builder_column_1_3 1_3 fusion-one-third\" style=\"--awb-bg-size:cover;width:33.333333333333%;width:calc(33.333333333333% - ( ( 4% + 4% ) * 0.33333333333333 ) );margin-right: 4%;\"><div class=\"fusion-column-wrapper fusion-column-has-shadow fusion-flex-column-wrapper-legacy\"><div class=\"fusion-text fusion-text-33\"><p style=\"text-align: center\"><strong>FAT CELLULITE<\/strong><\/p>\n<p style=\"text-align: center\">D\u00ebs Zort Cellulite g\u00ebtt dacks verbonne mat Iwwergewiicht. Et ass noutwendeg fir d&#8217;natierlech Zerst\u00e9ierung vu Fetter ze stimul\u00e9ieren.<\/p>\n<\/div><div class=\"fusion-clearfix\"><\/div><\/div><\/div><div class=\"fusion-layout-column fusion_builder_column fusion-builder-column-50 fusion_builder_column_1_3 1_3 fusion-one-third fusion-column-last\" style=\"--awb-bg-size:cover;width:33.333333333333%;width:calc(33.333333333333% - ( ( 4% + 4% ) * 0.33333333333333 ) );\"><div class=\"fusion-column-wrapper fusion-column-has-shadow fusion-flex-column-wrapper-legacy\"><div class=\"fusion-text fusion-text-34\"><p style=\"text-align: center\"><strong>FIBROUS CELLULITE<\/strong><\/p>\n<p style=\"text-align: center\">Laang etabl\u00e9iert, kompakt an dacks schmerzhaf, fibrous Cellulite ass d\u00e9i schw\u00e9iersst z&#8217;entw\u00e9ckelen. Et ass essentiell fir d&#8217;Ticher ze weicheren fir se ze iwwerwannen.<\/p>\n<\/div><div class=\"fusion-clearfix\"><\/div><\/div><\/div><div class=\"fusion-layout-column fusion_builder_column fusion-builder-column-51 fusion_builder_column_1_5 1_5 fusion-one-fifth fusion-column-first\" style=\"--awb-bg-size:cover;width:20%;width:calc(20% - ( ( 4% + 4% ) * 0.2 ) );margin-right: 4%;\"><div class=\"fusion-column-wrapper fusion-column-has-shadow fusion-flex-column-wrapper-legacy\"><div class=\"fusion-clearfix\"><\/div><\/div><\/div><div class=\"fusion-layout-column fusion_builder_column fusion-builder-column-52 fusion_builder_column_3_5 3_5 fusion-three-fifth\" style=\"--awb-bg-size:cover;width:60%;width:calc(60% - ( ( 4% + 4% ) * 0.6 ) );margin-right: 4%;\"><div class=\"fusion-column-wrapper fusion-column-has-shadow fusion-flex-column-wrapper-legacy\"><div class=\"fusion-video fusion-youtube fusion-aligncenter\" style=\"--awb-max-width:600px;--awb-max-height:360px;--awb-width:100%;\"><div class=\"video-shortcode\"><div class=\"fluid-width-video-wrapper\" style=\"padding-top:60%;\" ><iframe title=\"YouTube video player 2\" src=\"https:\/\/www.youtube.com\/embed\/ogZARYrJ_hQ?wmode=transparent&autoplay=0\" width=\"600\" height=\"360\" allowfullscreen allow=\"autoplay; clipboard-write; encrypted-media; gyroscope; picture-in-picture;\"><\/iframe><\/div><\/div><\/div><div class=\"fusion-clearfix\"><\/div><\/div><\/div><div class=\"fusion-layout-column fusion_builder_column fusion-builder-column-53 fusion_builder_column_1_5 1_5 fusion-one-fifth fusion-column-last\" style=\"--awb-bg-size:cover;width:20%;width:calc(20% - ( ( 4% + 4% ) * 0.2 ) );\"><div class=\"fusion-column-wrapper fusion-column-has-shadow fusion-flex-column-wrapper-legacy\"><div class=\"fusion-clearfix\"><\/div><\/div><\/div><div class=\"fusion-layout-column fusion_builder_column fusion-builder-column-54 fusion_builder_column_1_1 1_1 fusion-one-full fusion-column-first fusion-column-last\" style=\"--awb-padding-top:20px;--awb-bg-size:cover;\"><div class=\"fusion-column-wrapper fusion-column-has-shadow fusion-flex-column-wrapper-legacy\"><div class=\"fusion-text fusion-text-35\"><p>Deen neie patent\u00e9ierte LPG\u00ae Behandlungskop kombin\u00e9iert d&#8217;motoris\u00e9iert Roller a Ventil mat engem Sequenzsug, deen zesumme wierkt fir d&#8217;Tissue an d&#8217;Tiefe ze stimul\u00e9ieren an ze mobilis\u00e9ieren. D\u00ebs Allianz erlaabt multidimensional Stimulatioun verschidde physiologesch Mechanismen gl\u00e4ichz\u00e4iteg er\u00ebmbeliewen.<\/p>\n<p style=\"text-align: center\">No 3 Sessioune verschwannen d&#8217;Timmelen (67% *) fir Plaz ze maachen fir eng glatter a m\u00ebller Haut.<\/p>\n<\/div><div class=\"fusion-clearfix\"><\/div><\/div><\/div><div class=\"fusion-layout-column fusion_builder_column fusion-builder-column-55 fusion_builder_column_1_1 1_1 fusion-one-full fusion-column-first fusion-column-last\" style=\"--awb-bg-size:cover;\"><div class=\"fusion-column-wrapper fusion-flex-column-wrapper-legacy\"><div class=\"fusion-title title fusion-title-34 fusion-sep-none fusion-title-text fusion-title-size-two\" style=\"--awb-margin-top-small:10px;--awb-margin-right-small:0px;--awb-margin-bottom-small:10px;--awb-margin-left-small:0px;\"><h2 class=\"fusion-title-heading title-heading-left fusion-responsive-typography-calculated\" style=\"margin:0;--fontSize:28;line-height:1.5;\"><p data-fontsize=\"34\" data-lineheight=\"47\">Befestegt d&#8217;Haut<\/p><\/h2><\/div><div class=\"fusion-text fusion-text-36\"><p><img decoding=\"async\" class=\"aligncenter size-medium wp-image-2038\" src=\"https:\/\/pes-luxembourg.lu\/bascharage\/wp-content\/uploads\/sites\/2\/2020\/03\/Raffermir-la-peau-296x300.png\" alt=\"\" width=\"296\" height=\"300\" srcset=\"https:\/\/pes-luxembourg.lu\/bascharage\/wp-content\/uploads\/sites\/2\/2020\/03\/Raffermir-la-peau-66x66.png 66w, https:\/\/pes-luxembourg.lu\/bascharage\/wp-content\/uploads\/sites\/2\/2020\/03\/Raffermir-la-peau-200x202.png 200w, https:\/\/pes-luxembourg.lu\/bascharage\/wp-content\/uploads\/sites\/2\/2020\/03\/Raffermir-la-peau-296x300.png 296w, https:\/\/pes-luxembourg.lu\/bascharage\/wp-content\/uploads\/sites\/2\/2020\/03\/Raffermir-la-peau-400x405.png 400w, https:\/\/pes-luxembourg.lu\/bascharage\/wp-content\/uploads\/sites\/2\/2020\/03\/Raffermir-la-peau-600x607.png 600w, https:\/\/pes-luxembourg.lu\/bascharage\/wp-content\/uploads\/sites\/2\/2020\/03\/Raffermir-la-peau-768x777.png 768w, https:\/\/pes-luxembourg.lu\/bascharage\/wp-content\/uploads\/sites\/2\/2020\/03\/Raffermir-la-peau-800x810.png 800w, https:\/\/pes-luxembourg.lu\/bascharage\/wp-content\/uploads\/sites\/2\/2020\/03\/Raffermir-la-peau-1012x1024.png 1012w, https:\/\/pes-luxembourg.lu\/bascharage\/wp-content\/uploads\/sites\/2\/2020\/03\/Raffermir-la-peau-1200x1215.png 1200w, https:\/\/pes-luxembourg.lu\/bascharage\/wp-content\/uploads\/sites\/2\/2020\/03\/Raffermir-la-peau.png 1306w\" sizes=\"(max-width: 296px) 100vw, 296px\" \/><\/p>\n<p>Dank dem neien patent\u00e9ierte Alliance Behandlungskop, stimul\u00e9iert Endermologie\u00ae sanft d&#8217;Haut fir d&#8217;Zell vun der Jugend z&#8217;erw\u00e4chen: de Fibroblast.<\/p>\n<\/div><div class=\"fusion-text fusion-text-37\"><div class=\"bloc bloc--text simple animate animate--opacity animate--reveal\">\n<div class=\"bloc bloc--text simple animate animate--opacity animate--reveal\">\n<p>Endermologie\u00ae, d\u00e9i 100% natierlech, net-invasiv an net-aggressiv Referenztechnik fir mechanesch Stimulatioun vun der Haut, wat et erlaabt de Zellmechanismus nei z&#8217;aktiv\u00e9ieren.<\/p>\n<p>Gewiichtsvariatioune, Schwangerschaften, Z\u00e4it pass\u00e9ieren &#8230; d&#8217;Haut verl\u00e9iert graduell s\u00e4in Ton a Flexibilit\u00e9it. Och wann d\u00ebs sagging Haut de ganze Kierper beaflosst, si verschidde Ber\u00e4icher m\u00e9i empfindlech fir et: banneschten Oberschenkel, Bauch, Waffen, etc.<\/p>\n<p>Dank dem neien patent\u00e9ierte Alliance Behandlungskop, stimul\u00e9iert Endermologie\u00ae sanft d&#8217;Haut fir d&#8217;Zell vun der Jugend z&#8217;erw\u00e4chen: de Fibroblast. Wann se aktiv\u00e9iert ass, synthetis\u00e9iert d\u00ebs Zell er\u00ebm Kollagen, Hyalurons\u00e4ure an Elastin fir d&#8217;Dermis vu bannen ze redens\u00e9ieren.<\/p>\n<p>Deen neie <strong>Skin Alliance Identit\u00e9itssensor<\/strong> m\u00e9cht et m\u00e9iglech Stimulatioun unzepassen fir all Haut Identit\u00e9it: d&#8217;Intensit\u00e9it vun der Behandlung ass optimis\u00e9iert, d&#8217;Haut g\u00ebtt \u00ebmmer respekt\u00e9iert.<\/p>\n<\/div>\n<\/div>\n<\/div><div class=\"fusion-clearfix\"><\/div><\/div><\/div><div class=\"fusion-layout-column fusion_builder_column fusion-builder-column-56 fusion_builder_column_1_5 1_5 fusion-one-fifth fusion-column-first\" style=\"--awb-bg-size:cover;width:20%;width:calc(20% - ( ( 4% + 4% ) * 0.2 ) );margin-right: 4%;\"><div class=\"fusion-column-wrapper fusion-column-has-shadow fusion-flex-column-wrapper-legacy\"><div class=\"fusion-clearfix\"><\/div><\/div><\/div><div class=\"fusion-layout-column fusion_builder_column fusion-builder-column-57 fusion_builder_column_3_5 3_5 fusion-three-fifth\" style=\"--awb-bg-size:cover;width:60%;width:calc(60% - ( ( 4% + 4% ) * 0.6 ) );margin-right: 4%;\"><div class=\"fusion-column-wrapper fusion-column-has-shadow fusion-flex-column-wrapper-legacy\"><div class=\"fusion-video fusion-youtube fusion-aligncenter\" style=\"--awb-max-width:600px;--awb-max-height:360px;--awb-width:100%;\"><div class=\"video-shortcode\"><div class=\"fluid-width-video-wrapper\" style=\"padding-top:60%;\" ><iframe title=\"YouTube video player 3\" src=\"https:\/\/www.youtube.com\/embed\/c-Hg1nq8GC4?wmode=transparent&autoplay=0\" width=\"600\" height=\"360\" allowfullscreen allow=\"autoplay; clipboard-write; encrypted-media; gyroscope; picture-in-picture;\"><\/iframe><\/div><\/div><\/div><div class=\"fusion-clearfix\"><\/div><\/div><\/div><div class=\"fusion-layout-column fusion_builder_column fusion-builder-column-58 fusion_builder_column_1_5 1_5 fusion-one-fifth fusion-column-last\" style=\"--awb-bg-size:cover;width:20%;width:calc(20% - ( ( 4% + 4% ) * 0.2 ) );\"><div class=\"fusion-column-wrapper fusion-column-has-shadow fusion-flex-column-wrapper-legacy\"><div class=\"fusion-clearfix\"><\/div><\/div><\/div><div class=\"fusion-layout-column fusion_builder_column fusion-builder-column-59 fusion_builder_column_1_1 1_1 fusion-one-full fusion-column-first fusion-column-last\" style=\"--awb-padding-top:20px;--awb-bg-size:cover;\"><div class=\"fusion-column-wrapper fusion-column-has-shadow fusion-flex-column-wrapper-legacy\"><div class=\"fusion-text fusion-text-38\"><p>Deen neie patent\u00e9ierte LPG\u00ae Behandlungskop kombin\u00e9iert d&#8217;motoris\u00e9iert Roller a Ventil mat engem Sequenzsug, deen zesumme wierkt fir d&#8217;Tissue an d&#8217;Tiefe ze stimul\u00e9ieren an ze mobilis\u00e9ieren. D\u00ebs Allianz erlaabt multidimensional Stimulatioun verschidde physiologesch Mechanismen gl\u00e4ichz\u00e4iteg er\u00ebmbeliewen.<\/p>\n<p style=\"text-align: center\">No 3 Sessiounen verbessert d&#8217;Hautqualit\u00e9it (71% *), g\u00ebtt siichtbar, m\u00e9i gestormt.<\/p>\n<\/div><div class=\"fusion-clearfix\"><\/div><\/div><\/div><div class=\"fusion-layout-column fusion_builder_column fusion-builder-column-60 fusion_builder_column_1_1 1_1 fusion-one-full fusion-column-first fusion-column-last\" style=\"--awb-bg-size:cover;\"><div class=\"fusion-column-wrapper fusion-flex-column-wrapper-legacy\"><div class=\"fusion-title title fusion-title-35 fusion-sep-none fusion-title-text fusion-title-size-two\" style=\"--awb-margin-top-small:10px;--awb-margin-right-small:0px;--awb-margin-bottom-small:10px;--awb-margin-left-small:0px;\"><h2 class=\"fusion-title-heading title-heading-left fusion-responsive-typography-calculated\" style=\"margin:0;--fontSize:28;line-height:1.5;\"><p data-fontsize=\"34\" data-lineheight=\"47\">Destock Fetter<\/p><\/h2><\/div><div class=\"fusion-text fusion-text-39\"><p><img decoding=\"async\" class=\"aligncenter size-medium wp-image-2046\" src=\"https:\/\/pes-luxembourg.lu\/bascharage\/wp-content\/uploads\/sites\/2\/2020\/03\/Destocker-les-Graisses-300x247.png\" alt=\"\" width=\"300\" height=\"247\" srcset=\"https:\/\/pes-luxembourg.lu\/bascharage\/wp-content\/uploads\/sites\/2\/2020\/03\/Destocker-les-Graisses-200x165.png 200w, https:\/\/pes-luxembourg.lu\/bascharage\/wp-content\/uploads\/sites\/2\/2020\/03\/Destocker-les-Graisses-300x247.png 300w, https:\/\/pes-luxembourg.lu\/bascharage\/wp-content\/uploads\/sites\/2\/2020\/03\/Destocker-les-Graisses-400x330.png 400w, https:\/\/pes-luxembourg.lu\/bascharage\/wp-content\/uploads\/sites\/2\/2020\/03\/Destocker-les-Graisses-600x495.png 600w, https:\/\/pes-luxembourg.lu\/bascharage\/wp-content\/uploads\/sites\/2\/2020\/03\/Destocker-les-Graisses-768x634.png 768w, https:\/\/pes-luxembourg.lu\/bascharage\/wp-content\/uploads\/sites\/2\/2020\/03\/Destocker-les-Graisses-800x660.png 800w, https:\/\/pes-luxembourg.lu\/bascharage\/wp-content\/uploads\/sites\/2\/2020\/03\/Destocker-les-Graisses-1024x845.png 1024w, https:\/\/pes-luxembourg.lu\/bascharage\/wp-content\/uploads\/sites\/2\/2020\/03\/Destocker-les-Graisses-1200x990.png 1200w, https:\/\/pes-luxembourg.lu\/bascharage\/wp-content\/uploads\/sites\/2\/2020\/03\/Destocker-les-Graisses-1536x1267.png 1536w, https:\/\/pes-luxembourg.lu\/bascharage\/wp-content\/uploads\/sites\/2\/2020\/03\/Destocker-les-Graisses.png 1554w\" sizes=\"(max-width: 300px) 100vw, 300px\" \/><\/p>\n<p style=\"text-align: justify\">Duerch den neien patent\u00e9ierte Alliance Behandlungskop m\u00e9cht Endermologie\u00ae et m\u00e9iglech, Gebidder ze zielen an ze raffin\u00e9ieren, d\u00e9i resistent g\u00e9int \u00dcbung a Liewensm\u00ebttelhygiene sinn (Waffen, R\u00e9ck, Bauch, Taille, Oberschenkel, asw.) Beim Upassen genau un d&#8217;Bedierfnesser vun all Haut.<\/p>\n<\/div><div class=\"fusion-text fusion-text-40\"><div class=\"bloc bloc--text simple animate animate--opacity animate--reveal\">\n<div class=\"bloc bloc--text simple animate animate--opacity animate--reveal\">\n<div class=\"bloc bloc--text simple animate animate--opacity animate--reveal\">\n<p>Endermologie\u00ae, d\u00e9i 100% natierlech, net-invasiv an net-aggressiv Referenztechnik fir mechanesch Stimulatioun vun der Haut, wat et erlaabt de Zellmechanismus nei z&#8217;aktiv\u00e9ieren.<\/p>\n<p>D&#8217;Produktioun an d&#8217;Eliminatioun vu Fett ausbalanc\u00e9ieren ass e Prozess, deen natierlech duerch Zellen duerchgefouert g\u00ebtt Adipozyten. Trotz engem gesonde Liewensstil tend\u00e9iert d&#8217;Aktivit\u00e9it vun d\u00ebsen Zellen m\u00e9i lues, wat zu enger Beschleunegung vun der Fettlagerung an der Kompressioun vu Blutt a Lymphgef\u00e4sser verursaacht.<\/p>\n<p>Dank dem neien patent\u00e9ierte Alliance Behandlungskapp, Endermologie\u00ae erlaabt Iech d&#8217;Gebidder ze zielen an ze raffin\u00e9ieren d\u00e9i et brauch (Waffen, R\u00e9ck, Bauch, Taille, Oberschenkel, asw.), W\u00e4hrend Dir Iech pr\u00e4zis un d&#8217;Bedierfnesser vun all Haut upassen.<\/p>\n<p>An enger eenzeger Behandlung stimul\u00e9iert Endermologie\u00ae Slimmingzellen (Adipozyten) fir den natierlechen Zerst\u00e9ierung vu Fetter ze reaktiv\u00e9ieren, och d\u00e9i resistentst g\u00e9int kierperlech \u00dcbungen an Di\u00e4ten (+ 70% *). Zur selwechter Z\u00e4it streckt d\u00e9i mechanesch Handlung vum Behandlungskop d&#8217;Haut fest fir d&#8217;Festegkeet an den Toun ze restaur\u00e9ieren.<\/p>\n<p>Deen neie <strong>Skin Alliance Identit\u00e9itssensor<\/strong> m\u00e9cht et m\u00e9iglech Stimulatioun unzepassen fir all Haut Identit\u00e9it: d&#8217;Intensit\u00e9it vun der Behandlung ass optimis\u00e9iert, d&#8217;Haut g\u00ebtt \u00ebmmer respekt\u00e9iert.<\/p>\n<\/div>\n<\/div>\n<\/div>\n<\/div><div class=\"fusion-clearfix\"><\/div><\/div><\/div><div class=\"fusion-layout-column fusion_builder_column fusion-builder-column-61 fusion_builder_column_1_5 1_5 fusion-one-fifth fusion-column-first\" style=\"--awb-bg-size:cover;width:20%;width:calc(20% - ( ( 4% + 4% ) * 0.2 ) );margin-right: 4%;\"><div class=\"fusion-column-wrapper fusion-column-has-shadow fusion-flex-column-wrapper-legacy\"><div class=\"fusion-clearfix\"><\/div><\/div><\/div><div class=\"fusion-layout-column fusion_builder_column fusion-builder-column-62 fusion_builder_column_3_5 3_5 fusion-three-fifth\" style=\"--awb-bg-size:cover;width:60%;width:calc(60% - ( ( 4% + 4% ) * 0.6 ) );margin-right: 4%;\"><div class=\"fusion-column-wrapper fusion-column-has-shadow fusion-flex-column-wrapper-legacy\"><div class=\"fusion-video fusion-youtube fusion-aligncenter\" style=\"--awb-max-width:600px;--awb-max-height:360px;--awb-width:100%;\"><div class=\"video-shortcode\"><div class=\"fluid-width-video-wrapper\" style=\"padding-top:60%;\" ><iframe title=\"YouTube video player 4\" src=\"https:\/\/www.youtube.com\/embed\/bKy2NGKeiE4?wmode=transparent&autoplay=0\" width=\"600\" height=\"360\" allowfullscreen allow=\"autoplay; clipboard-write; encrypted-media; gyroscope; picture-in-picture;\"><\/iframe><\/div><\/div><\/div><div class=\"fusion-clearfix\"><\/div><\/div><\/div><div class=\"fusion-layout-column fusion_builder_column fusion-builder-column-63 fusion_builder_column_1_5 1_5 fusion-one-fifth fusion-column-last\" style=\"--awb-bg-size:cover;width:20%;width:calc(20% - ( ( 4% + 4% ) * 0.2 ) );\"><div class=\"fusion-column-wrapper fusion-column-has-shadow fusion-flex-column-wrapper-legacy\"><div class=\"fusion-clearfix\"><\/div><\/div><\/div><div class=\"fusion-layout-column fusion_builder_column fusion-builder-column-64 fusion_builder_column_1_1 1_1 fusion-one-full fusion-column-first fusion-column-last\" style=\"--awb-padding-top:20px;--awb-bg-size:cover;\"><div class=\"fusion-column-wrapper fusion-column-has-shadow fusion-flex-column-wrapper-legacy\"><div class=\"fusion-text fusion-text-41\"><p>Deen neie patent\u00e9ierte LPG\u00ae Behandlungskop kombin\u00e9iert d&#8217;motoris\u00e9iert Roller a Ventil mat engem Sequenzsug, deen zesumme wierkt fir d&#8217;Tissue an d&#8217;Tiefe ze stimul\u00e9ieren an ze mobilis\u00e9ieren. D\u00ebs Allianz erlaabt multidimensional Stimulatioun verschidde physiologesch Mechanismen gl\u00e4ichz\u00e4iteg er\u00ebmbeliewen.<\/p>\n<p style=\"text-align: center\">No 3 Sessiounen ass d&#8217;Silhouette raffin\u00e9iert an d&#8217;Kurwen verschwannen genau wou Dir w\u00ebllt (-3.4 cm Taillegr\u00e9isst *!).<\/p>\n<\/div><div class=\"fusion-clearfix\"><\/div><\/div><\/div><div class=\"fusion-layout-column fusion_builder_column fusion-builder-column-65 fusion_builder_column_1_1 1_1 fusion-one-full fusion-column-first fusion-column-last\" style=\"--awb-bg-size:cover;\"><div class=\"fusion-column-wrapper fusion-flex-column-wrapper-legacy\"><div class=\"fusion-title title fusion-title-36 fusion-sep-none fusion-title-text fusion-title-size-two\" style=\"--awb-margin-top-small:10px;--awb-margin-right-small:0px;--awb-margin-bottom-small:10px;--awb-margin-left-small:0px;\"><h2 class=\"fusion-title-heading title-heading-left fusion-responsive-typography-calculated\" style=\"margin:0;--fontSize:28;line-height:1.5;\"><p data-fontsize=\"34\" data-lineheight=\"47\">\u00c4r Froen<\/p><\/h2><\/div><div class=\"accordian fusion-accordian\" style=\"--awb-border-size:1px;--awb-icon-size:13px;--awb-content-font-size:16px;--awb-icon-alignment:left;--awb-hover-color:#f9f9f9;--awb-border-color:#cccccc;--awb-background-color:#ffffff;--awb-divider-color:#e0dede;--awb-divider-hover-color:#e0dede;--awb-icon-color:#ffffff;--awb-title-color:#333333;--awb-content-color:#747474;--awb-icon-box-color:#333333;--awb-toggle-hover-accent-color:#82c9f0;--awb-title-font-family:&quot;Open Sans&quot;;--awb-title-font-weight:400;--awb-title-font-style:normal;--awb-title-font-size:18px;--awb-title-line-height:1.54;--awb-content-font-family:&quot;Open Sans&quot;;--awb-content-font-style:normal;--awb-content-font-weight:400;\"><div class=\"panel-group fusion-toggle-icon-boxed\" id=\"accordion-2086-2\"><div class=\"fusion-panel panel-default panel-a74c4384775dd2f17 fusion-toggle-has-divider\"><div class=\"panel-heading\"><h4 class=\"panel-title toggle\" id=\"toggle_a74c4384775dd2f17\"><a class=\"active\" aria-expanded=\"true\" aria-controls=\"a74c4384775dd2f17\" role=\"button\" data-toggle=\"collapse\" data-parent=\"#accordion-2086-2\" data-target=\"#a74c4384775dd2f17\" href=\"#a74c4384775dd2f17\"><span class=\"fusion-toggle-icon-wrapper\" aria-hidden=\"true\"><i class=\"fa-fusion-box active-icon awb-icon-minus\" aria-hidden=\"true\"><\/i><i class=\"fa-fusion-box inactive-icon awb-icon-plus\" aria-hidden=\"true\"><\/i><\/span><span class=\"fusion-toggle-heading\">Wat sinn d'Applikatiounen vun Endermologie?<\/span><\/a><\/h4><\/div><div id=\"a74c4384775dd2f17\" class=\"panel-collapse collapse in\" aria-labelledby=\"toggle_a74c4384775dd2f17\"><div class=\"panel-body toggle-content fusion-clearfix\">\n<p style=\"text-align: justify\">Urspr\u00e9nglech war den \u00e9ischte Cellu M6 entworf fir Rehabilitatiounssessiounen ze erliichteren. De Louis Paul Guitay, s\u00e4in Er\u00ebnnerung wollt d&#8217;Tissue mobilis\u00e9ieren andeems hien d&#8217;Gesten vu sengem Masseur Kinesitherapist mechanis\u00e9iert an automatis\u00e9iert. Z\u00ebnter Joeren ass d\u00ebs Behandlung benotzt fir beschiedegt Muskelgewebe, Narben a Verbrennen ze behandelen ier aner iwwerraschend Sch\u00e9inheets- a Wellnessvirdeeler entdeckt ginn. Haut geet d&#8217;Aktiounsfeld vun Endermologie\u00ae vu Sch\u00e9inheet aus, bis Sport duerch Konjunktiv an Osteo-Muskul\u00e4r Therapie.<\/p>\n<\/div><\/div><\/div><div class=\"fusion-panel panel-default panel-0e58420b681dae709 fusion-toggle-has-divider\"><div class=\"panel-heading\"><h4 class=\"panel-title toggle\" id=\"toggle_0e58420b681dae709\"><a aria-expanded=\"false\" aria-controls=\"0e58420b681dae709\" role=\"button\" data-toggle=\"collapse\" data-parent=\"#accordion-2086-2\" data-target=\"#0e58420b681dae709\" href=\"#0e58420b681dae709\"><span class=\"fusion-toggle-icon-wrapper\" aria-hidden=\"true\"><i class=\"fa-fusion-box active-icon awb-icon-minus\" aria-hidden=\"true\"><\/i><i class=\"fa-fusion-box inactive-icon awb-icon-plus\" aria-hidden=\"true\"><\/i><\/span><span class=\"fusion-toggle-heading\">Wat sinn d'Kontraindikatiounen zu Endermologie?<\/span><\/a><\/h4><\/div><div id=\"0e58420b681dae709\" class=\"panel-collapse collapse \" aria-labelledby=\"toggle_0e58420b681dae709\"><div class=\"panel-body toggle-content fusion-clearfix\">\n<p>D\u00e9i Kontraindikatiounen zu Endermologie\u00ae sinn haapts\u00e4chlech d\u00e9iselwecht w\u00e9i d\u00e9i, d\u00e9i mat der manueller Massage h\u00e4nken:<\/p>\n<ul>\n<li>Kriibs amgaang<\/li>\n<li>Infektioun, Hautausschlag<\/li>\n<li>Krankheet bei engem entz\u00fcndlechen Ausbroch<\/li>\n<li>Anticoagulant Therapie<\/li>\n<li>Blutt Krankheet<\/li>\n<\/ul>\n<p>Wann Dir am Zweiwel sidd, sicht d&#8217;Berodung vun \u00c4rem Praktiker oder dem Dokter.<\/p>\n<\/div><\/div><\/div><div class=\"fusion-panel panel-default panel-23b2f0310b68d42a7 fusion-toggle-has-divider\"><div class=\"panel-heading\"><h4 class=\"panel-title toggle\" id=\"toggle_23b2f0310b68d42a7\"><a aria-expanded=\"false\" aria-controls=\"23b2f0310b68d42a7\" role=\"button\" data-toggle=\"collapse\" data-parent=\"#accordion-2086-2\" data-target=\"#23b2f0310b68d42a7\" href=\"#23b2f0310b68d42a7\"><span class=\"fusion-toggle-icon-wrapper\" aria-hidden=\"true\"><i class=\"fa-fusion-box active-icon awb-icon-minus\" aria-hidden=\"true\"><\/i><i class=\"fa-fusion-box inactive-icon awb-icon-plus\" aria-hidden=\"true\"><\/i><\/span><span class=\"fusion-toggle-heading\">Deet et w\u00e9i?<\/span><\/a><\/h4><\/div><div id=\"23b2f0310b68d42a7\" class=\"panel-collapse collapse \" aria-labelledby=\"toggle_23b2f0310b68d42a7\"><div class=\"panel-body toggle-content fusion-clearfix\">\n<p style=\"text-align: justify\">Och wann intensiv, Endermologie Body &amp; Face soll ni verletzen! Am G\u00e9igendeel, w\u00e4hrend an no der Sitzung erliewt Dir e richtegt Gefill vu Wuelbefannen! Wann d&#8217;Sessioun schmerzhaf ass, ass et well d&#8217;Astellung net g\u00ebeegent ass, z\u00e9ckt net mat \u00c4rem Praktiker ze schw\u00e4tzen.<\/p>\n<\/div><\/div><\/div><div class=\"fusion-panel panel-default panel-849de91ed5ff79163 fusion-toggle-has-divider\"><div class=\"panel-heading\"><h4 class=\"panel-title toggle\" id=\"toggle_849de91ed5ff79163\"><a aria-expanded=\"false\" aria-controls=\"849de91ed5ff79163\" role=\"button\" data-toggle=\"collapse\" data-parent=\"#accordion-2086-2\" data-target=\"#849de91ed5ff79163\" href=\"#849de91ed5ff79163\"><span class=\"fusion-toggle-icon-wrapper\" aria-hidden=\"true\"><i class=\"fa-fusion-box active-icon awb-icon-minus\" aria-hidden=\"true\"><\/i><i class=\"fa-fusion-box inactive-icon awb-icon-plus\" aria-hidden=\"true\"><\/i><\/span><span class=\"fusion-toggle-heading\">Ass et wierklech effektiv? Ass et w\u00ebssenschaftlech bewisen?<\/span><\/a><\/h4><\/div><div id=\"849de91ed5ff79163\" class=\"panel-collapse collapse \" aria-labelledby=\"toggle_849de91ed5ff79163\"><div class=\"panel-body toggle-content fusion-clearfix\">\n<p style=\"text-align: justify\">LPG Technike goufen z\u00ebnter ville Joere vu Plastesch Chirurgen, Dermatologen, Dokteren, Physiotherapeuten, Instituter a Spae benotzt d\u00e9i weltw\u00e4it bekannt sinn. Hir Effektivit\u00e9it g\u00ebtt duerch m\u00e9i w\u00e9i 85 w\u00ebssenschaftlech a klinesch Studien bewisen. D&#8217;Haaptstudie, koordin\u00e9iert vum Professor Lafontan (Inserm, Toulouse), weist datt d&#8217;Aktioun vun der leschter Generatioun CELLU M6 Lipolyse aktiv\u00e9iert (Eliminatioun vu Fett \u00ebm 70% erh\u00e9icht) andeems d&#8217;Adipozyte via seng \u00df Rezeptoren stimul\u00e9iert gouf, verantwortlech fir destocking. D\u00e9i rezentst Studie, koordin\u00e9iert vum Professer Lafontan (Inserm, Toulouse), weist datt d&#8217;Aktioun vun der leschter Generatioun CELLU M6 d&#8217;Haut an d&#8217;Tiefe redensifiz\u00e9iert andeems se d&#8217;Produktioun vu Kollagen aktiv\u00e9ieren (+ 240%) an Elastin ( + 160%) fir 100% natierlech Anti-Aging Effizienz.<\/p>\n<\/div><\/div><\/div><div class=\"fusion-panel panel-default panel-d9b06d415e156b445 fusion-toggle-has-divider\"><div class=\"panel-heading\"><h4 class=\"panel-title toggle\" id=\"toggle_d9b06d415e156b445\"><a aria-expanded=\"false\" aria-controls=\"d9b06d415e156b445\" role=\"button\" data-toggle=\"collapse\" data-parent=\"#accordion-2086-2\" data-target=\"#d9b06d415e156b445\" href=\"#d9b06d415e156b445\"><span class=\"fusion-toggle-icon-wrapper\" aria-hidden=\"true\"><i class=\"fa-fusion-box active-icon awb-icon-minus\" aria-hidden=\"true\"><\/i><i class=\"fa-fusion-box inactive-icon awb-icon-plus\" aria-hidden=\"true\"><\/i><\/span><span class=\"fusion-toggle-heading\">W\u00e9i laang et dauert fir d'Resultater ze gesinn?<\/span><\/a><\/h4><\/div><div id=\"d9b06d415e156b445\" class=\"panel-collapse collapse \" aria-labelledby=\"toggle_d9b06d415e156b445\"><div class=\"panel-body toggle-content fusion-clearfix\">\n<p style=\"text-align: justify\">Vun der \u00e9ischter S\u00ebtzung sinn d&#8217;Resultater siichtbar: d\u00e9i behandelte Fl\u00e4che si manner kompakt, manner volumin\u00f6s, decongest\u00e9iert, \u00c4r Haut ass samteg, \u00c4ren Teint ass strahlend! No 6 Sessioune ginn d&#8217;Resultater verst\u00e4erkt: \u00c4ren Orangeschuel g\u00ebtt glat, \u00c4r Silhouette g\u00ebtt nei designt a m\u00e9i gestong! No 12 Sessioune ginn d&#8217;Resultater verst\u00e4erkt: \u00c4r Falten ginn ausgeglach, \u00c4r Konturen si besser defin\u00e9iert, \u00c4r Cheekbones ginn eropgaang, \u00c4ert Gesiicht ges\u00e4it verj\u00e9ngert aus!<\/p>\n<\/div><\/div><\/div><div class=\"fusion-panel panel-default panel-7637bf003690ceabf fusion-toggle-has-divider\"><div class=\"panel-heading\"><h4 class=\"panel-title toggle\" id=\"toggle_7637bf003690ceabf\"><a aria-expanded=\"false\" aria-controls=\"7637bf003690ceabf\" role=\"button\" data-toggle=\"collapse\" data-parent=\"#accordion-2086-2\" data-target=\"#7637bf003690ceabf\" href=\"#7637bf003690ceabf\"><span class=\"fusion-toggle-icon-wrapper\" aria-hidden=\"true\"><i class=\"fa-fusion-box active-icon awb-icon-minus\" aria-hidden=\"true\"><\/i><i class=\"fa-fusion-box inactive-icon awb-icon-plus\" aria-hidden=\"true\"><\/i><\/span><span class=\"fusion-toggle-heading\">Wat ass Endermowear \u2122?<\/span><\/a><\/h4><\/div><div id=\"7637bf003690ceabf\" class=\"panel-collapse collapse \" aria-labelledby=\"toggle_7637bf003690ceabf\"><div class=\"panel-body toggle-content fusion-clearfix\">\n<p style=\"text-align: justify\">Den ENDERMOWEAR LPG ass en Outfit fir LIPOMASSAGE. Fir pers\u00e9inleche Gebrauch garant\u00e9iert et perfekt Hygi\u00e8ne an seng opak Ber\u00e4icher respekt\u00e9ieren \u00c4r Privatsph\u00e4r w\u00e4hrend der Behandlung. D\u00e9i eenzegaarteg Zesummesetzung vun ENDERMOWEAR garant\u00e9iert en exzellente Griff vun der Hautfalt fir eng nach m\u00e9i effektiv LIPOMASSAGE.<\/p>\n<\/div><\/div><\/div><div class=\"fusion-panel panel-default panel-3ead831aa30baa852 fusion-toggle-has-divider\"><div class=\"panel-heading\"><h4 class=\"panel-title toggle\" id=\"toggle_3ead831aa30baa852\"><a aria-expanded=\"false\" aria-controls=\"3ead831aa30baa852\" role=\"button\" data-toggle=\"collapse\" data-parent=\"#accordion-2086-2\" data-target=\"#3ead831aa30baa852\" href=\"#3ead831aa30baa852\"><span class=\"fusion-toggle-icon-wrapper\" aria-hidden=\"true\"><i class=\"fa-fusion-box active-icon awb-icon-minus\" aria-hidden=\"true\"><\/i><i class=\"fa-fusion-box inactive-icon awb-icon-plus\" aria-hidden=\"true\"><\/i><\/span><span class=\"fusion-toggle-heading\">Sollt ech nieft meng Lipomassage \u2122 Sessiounen op eng Di\u00e4t goen<\/span><\/a><\/h4><\/div><div id=\"3ead831aa30baa852\" class=\"panel-collapse collapse \" aria-labelledby=\"toggle_3ead831aa30baa852\"><div class=\"panel-body toggle-content fusion-clearfix\">\n<p style=\"text-align: justify\">Et h\u00e4nkt alles vun \u00c4rem Gewiicht an vun \u00c4re Sch\u00e9inheetsziler of! Di\u00e4ten vun iergendenger Aart k\u00ebnnen h\u00ebllefen, Gewiicht ze verl\u00e9ieren, awer selten, wou Dir w\u00ebllt! Ausserdeem bleift Cellulite meeschtens indifferenziell g\u00e9int Di\u00e4ten, och d\u00e9i draakeschsten! LIPOMASSAGE, op der anerer S\u00e4it, zielt speziell d\u00ebs resistente Gebidder. D&#8217;Ideal ass offensichtlech \u00c4re LIPOMASSAGE Programm mat enger ofwiesslungsr\u00e4icher an equilibr\u00e9ierter Ern\u00e4hrung ze kombin\u00e9ieren an och mat reegelm\u00e9isser kierperlecher Aktivit\u00e9it (30 min. Vu Fouss per Dag zum Beispill, oder nach besser HUBER\u00ae MOTION LAB Sessions).<\/p>\n<\/div><\/div><\/div><div class=\"fusion-panel panel-default panel-b44dbcfcb27d41aba fusion-toggle-has-divider\"><div class=\"panel-heading\"><h4 class=\"panel-title toggle\" id=\"toggle_b44dbcfcb27d41aba\"><a aria-expanded=\"false\" aria-controls=\"b44dbcfcb27d41aba\" role=\"button\" data-toggle=\"collapse\" data-parent=\"#accordion-2086-2\" data-target=\"#b44dbcfcb27d41aba\" href=\"#b44dbcfcb27d41aba\"><span class=\"fusion-toggle-icon-wrapper\" aria-hidden=\"true\"><i class=\"fa-fusion-box active-icon awb-icon-minus\" aria-hidden=\"true\"><\/i><i class=\"fa-fusion-box inactive-icon awb-icon-plus\" aria-hidden=\"true\"><\/i><\/span><span class=\"fusion-toggle-heading\">Wat g\u00ebtt aus schock\u00e9iert Fett?<\/span><\/a><\/h4><\/div><div id=\"b44dbcfcb27d41aba\" class=\"panel-collapse collapse \" aria-labelledby=\"toggle_b44dbcfcb27d41aba\"><div class=\"panel-body toggle-content fusion-clearfix\">\n<p style=\"text-align: justify\">Als \u00e9ischt gi Zucker a Fette vu Fettzellen am Fettgewebe stock\u00e9iert. W\u00e4rend enger LIPOMASSAGE Sessioun, ROLL LPG stimul\u00e9iert Lipolyse an aktiv\u00e9iert domat d&#8217;Ver\u00ebffentlechung vu Fett. D\u00ebs ginn an &#8220;Brennstoff&#8221; Energiequell fir d&#8217;Muskele transform\u00e9iert.<\/p>\n<\/div><\/div><\/div><div class=\"fusion-panel panel-default panel-47e6665b88cddbdd2 fusion-toggle-has-divider\"><div class=\"panel-heading\"><h4 class=\"panel-title toggle\" id=\"toggle_47e6665b88cddbdd2\"><a aria-expanded=\"false\" aria-controls=\"47e6665b88cddbdd2\" role=\"button\" data-toggle=\"collapse\" data-parent=\"#accordion-2086-2\" data-target=\"#47e6665b88cddbdd2\" href=\"#47e6665b88cddbdd2\"><span class=\"fusion-toggle-icon-wrapper\" aria-hidden=\"true\"><i class=\"fa-fusion-box active-icon awb-icon-minus\" aria-hidden=\"true\"><\/i><i class=\"fa-fusion-box inactive-icon awb-icon-plus\" aria-hidden=\"true\"><\/i><\/span><span class=\"fusion-toggle-heading\">Firwat g\u00ebtt et recommand\u00e9iert no enger Lipomassage \u2122 Sessioun ze pl\u00ebnneren?<\/span><\/a><\/h4><\/div><div id=\"47e6665b88cddbdd2\" class=\"panel-collapse collapse \" aria-labelledby=\"toggle_47e6665b88cddbdd2\"><div class=\"panel-body toggle-content fusion-clearfix\">\n<p style=\"text-align: justify\">Fir d&#8217;Resultater vum LIPOMASSAGE ze optimis\u00e9ieren, Sport Training (w\u00e9i HUBER\u00ae MOTION LAB) oder e fl\u00e9issende Spads\u00e9iergank no der Sitzung einfach &#8220;verbrennt&#8221; de Fett w\u00e4hrend der Sitzung!<\/p>\n<\/div><\/div><\/div><div class=\"fusion-panel panel-default panel-dd80c951067267ebd fusion-toggle-has-divider\"><div class=\"panel-heading\"><h4 class=\"panel-title toggle\" id=\"toggle_dd80c951067267ebd\"><a aria-expanded=\"false\" aria-controls=\"dd80c951067267ebd\" role=\"button\" data-toggle=\"collapse\" data-parent=\"#accordion-2086-2\" data-target=\"#dd80c951067267ebd\" href=\"#dd80c951067267ebd\"><span class=\"fusion-toggle-icon-wrapper\" aria-hidden=\"true\"><i class=\"fa-fusion-box active-icon awb-icon-minus\" aria-hidden=\"true\"><\/i><i class=\"fa-fusion-box inactive-icon awb-icon-plus\" aria-hidden=\"true\"><\/i><\/span><span class=\"fusion-toggle-heading\">Sinn d'Resultater dauerhaft?<\/span><\/a><\/h4><\/div><div id=\"dd80c951067267ebd\" class=\"panel-collapse collapse \" aria-labelledby=\"toggle_dd80c951067267ebd\"><div class=\"panel-body toggle-content fusion-clearfix\">\n<p style=\"text-align: justify\">Sicht s\u00e9ier, d&#8217;Resultater daueren. No engem Attackprogramm ass eng Sessioun pro Mount allgemeng genuch fir d&#8217;Effekter vu LIPOMASSAGE A ENDERMOLIFT ze halen.<\/p>\n<\/div><\/div><\/div><div class=\"fusion-panel panel-default panel-40992535d3a7123d5 fusion-toggle-has-divider\"><div class=\"panel-heading\"><h4 class=\"panel-title toggle\" id=\"toggle_40992535d3a7123d5\"><a aria-expanded=\"false\" aria-controls=\"40992535d3a7123d5\" role=\"button\" data-toggle=\"collapse\" data-parent=\"#accordion-2086-2\" data-target=\"#40992535d3a7123d5\" href=\"#40992535d3a7123d5\"><span class=\"fusion-toggle-icon-wrapper\" aria-hidden=\"true\"><i class=\"fa-fusion-box active-icon awb-icon-minus\" aria-hidden=\"true\"><\/i><i class=\"fa-fusion-box inactive-icon awb-icon-plus\" aria-hidden=\"true\"><\/i><\/span><span class=\"fusion-toggle-heading\">Ech hunn Botulinumtoxin (Botox\u00ae) an \/ oder Hyalurons\u00e4ure Injektiounen benotzt. Kann ech och en Endermolift \u2122 Programm verfollegen?<\/span><\/a><\/h4><\/div><div id=\"40992535d3a7123d5\" class=\"panel-collapse collapse \" aria-labelledby=\"toggle_40992535d3a7123d5\"><div class=\"panel-body toggle-content fusion-clearfix\">\n<p style=\"text-align: justify\">Et ass och recommand\u00e9iert d\u00ebs Interventiounen mat der 100% natierlecher cellul\u00e4rer Stimulatioun vun ENDERMOLIFT z&#8217;erg\u00e4nzen. Virun Injektiounen: ENDERMOLIFT h\u00eblleft den Tissue oxygen an hir Vaskularit\u00e9it ze verbesseren, fir besser Assimilatioun vun den injiz\u00e9ierten Produkter. No den Injektiounen: ENDERMOLIFT f\u00f6rdert eng homogen Verdeelung vu Filler. Et ass einfach ubruecht ze vermeiden d&#8217;Behandlung vun der Regioun d\u00e9i just fir e puer Deeg injiz\u00e9iert gouf (oder soulaang en inflammatorescht Ph\u00e4nomen bestoe bleift). Z\u00e9ckt net fir den Avis vun \u00c4rem Dokter oder der kosmetescher Chirurg ze sichen.<\/p>\n<\/div><\/div><\/div><div class=\"fusion-panel panel-default panel-a39dcfcb6ad21df1c fusion-toggle-has-divider\"><div class=\"panel-heading\"><h4 class=\"panel-title toggle\" id=\"toggle_a39dcfcb6ad21df1c\"><a aria-expanded=\"false\" aria-controls=\"a39dcfcb6ad21df1c\" role=\"button\" data-toggle=\"collapse\" data-parent=\"#accordion-2086-2\" data-target=\"#a39dcfcb6ad21df1c\" href=\"#a39dcfcb6ad21df1c\"><span class=\"fusion-toggle-icon-wrapper\" aria-hidden=\"true\"><i class=\"fa-fusion-box active-icon awb-icon-minus\" aria-hidden=\"true\"><\/i><i class=\"fa-fusion-box inactive-icon awb-icon-plus\" aria-hidden=\"true\"><\/i><\/span><span class=\"fusion-toggle-heading\">Ass Endermolift \u2122 kompatibel mat engem Facelift?<\/span><\/a><\/h4><\/div><div id=\"a39dcfcb6ad21df1c\" class=\"panel-collapse collapse \" aria-labelledby=\"toggle_a39dcfcb6ad21df1c\"><div class=\"panel-body toggle-content fusion-clearfix\">\n<p style=\"text-align: justify\">] Et ass esouguer recommand\u00e9iert e puer ENDERMOLIFT Sessiounen virun an no engem Facelift ze verfollegen! LPG Experten hunn dofir spezifesch Pre- a Post-Lifting Protokoller entw\u00e9ckelt. Preoperativ: ENDERMOLIFT oxygen\u00e9iert de Stoffer a verbessert hir vaskul\u00e4r Versuergung fir d&#8217;Haut op d&#8217;Operatioun ze prepar\u00e9ieren. Postoperativ: ENDERMOLIFT, duerch seng draining Handlung, f\u00f6rdert d&#8217;Absorptioun vun \u00d6demer an doduerch bedeitend d\u00e9i operativ Konsequenzen. Z\u00e9ckt net fir den Avis vun \u00c4rem Dokter oder der kosmetescher Chirurg ze sichen.<\/p>\n<\/div><\/div><\/div><\/div><\/div><div class=\"fusion-clearfix\"><\/div><\/div><\/div><\/div><\/div>\n","protected":false},"excerpt":{"rendered":"","protected":false},"author":2,"featured_media":8129,"parent":0,"menu_order":0,"comment_status":"closed","ping_status":"closed","template":"","meta":{"_seopress_robots_primary_cat":"","_seopress_titles_title":"","_seopress_titles_desc":"","_seopress_robots_index":"","footnotes":""},"class_list":["post-2086","page","type-page","status-publish","has-post-thumbnail","hentry"],"_links":{"self":[{"href":"https:\/\/pes-luxembourg.lu\/bascharage\/lu\/wp-json\/wp\/v2\/pages\/2086","targetHints":{"allow":["GET"]}}],"collection":[{"href":"https:\/\/pes-luxembourg.lu\/bascharage\/lu\/wp-json\/wp\/v2\/pages"}],"about":[{"href":"https:\/\/pes-luxembourg.lu\/bascharage\/lu\/wp-json\/wp\/v2\/types\/page"}],"author":[{"embeddable":true,"href":"https:\/\/pes-luxembourg.lu\/bascharage\/lu\/wp-json\/wp\/v2\/users\/2"}],"replies":[{"embeddable":true,"href":"https:\/\/pes-luxembourg.lu\/bascharage\/lu\/wp-json\/wp\/v2\/comments?post=2086"}],"version-history":[{"count":0,"href":"https:\/\/pes-luxembourg.lu\/bascharage\/lu\/wp-json\/wp\/v2\/pages\/2086\/revisions"}],"wp:featuredmedia":[{"embeddable":true,"href":"https:\/\/pes-luxembourg.lu\/bascharage\/lu\/wp-json\/wp\/v2\/media\/8129"}],"wp:attachment":[{"href":"https:\/\/pes-luxembourg.lu\/bascharage\/lu\/wp-json\/wp\/v2\/media?parent=2086"}],"curies":[{"name":"wp","href":"https:\/\/api.w.org\/{rel}","templated":true}]}},{"id":2068,"date":"2020-04-16T00:58:09","date_gmt":"2020-04-15T22:58:09","guid":{"rendered":"https:\/\/pes-luxembourg.lu\/bascharage\/?page_id=2068"},"modified":"2020-04-16T00:58:09","modified_gmt":"2020-04-15T22:58:09","slug":"perineo-sphincterian-physiotherapie","status":"publish","type":"page","link":"https:\/\/pes-luxembourg.lu\/bascharage\/lu\/perineo-sphincterian-physiotherapie\/","title":{"rendered":"Perineo-Sphincterian Physiotherapie"},"content":{"rendered":"<div class=\"fusion-fullwidth fullwidth-box fusion-builder-row-6 nonhundred-percent-fullwidth non-hundred-percent-height-scrolling\" style=\"--awb-border-radius-top-left:0px;--awb-border-radius-top-right:0px;--awb-border-radius-bottom-right:0px;--awb-border-radius-bottom-left:0px;--awb-flex-wrap:wrap;\" ><div class=\"fusion-builder-row fusion-row\"><div class=\"fusion-layout-column fusion_builder_column fusion-builder-column-66 fusion_builder_column_1_1 1_1 fusion-one-full fusion-column-first fusion-column-last\" style=\"--awb-bg-size:cover;\"><div class=\"fusion-column-wrapper fusion-column-has-shadow fusion-flex-column-wrapper-legacy\"><div class=\"fusion-title title fusion-title-37 fusion-title-center fusion-title-text fusion-title-size-one\" style=\"--awb-margin-top-small:10px;--awb-margin-right-small:0px;--awb-margin-bottom-small:10px;--awb-margin-left-small:0px;\"><div class=\"title-sep-container title-sep-container-left\"><div class=\"title-sep sep-double sep-solid\" style=\"border-color:#e0dede;\"><\/div><\/div><span class=\"awb-title-spacer\"><\/span><h1 class=\"fusion-title-heading title-heading-center fusion-responsive-typography-calculated\" style=\"margin:0;--fontSize:34;line-height:1.41;\">Perineo-Sphincterian Reeducatioun Nidderk\u00e4erjeng<\/h1><span class=\"awb-title-spacer\"><\/span><div class=\"title-sep-container title-sep-container-right\"><div class=\"title-sep sep-double sep-solid\" style=\"border-color:#e0dede;\"><\/div><\/div><\/div><div class=\"fusion-image-element fusion-image-align-center in-legacy-container\" style=\"text-align:center;--awb-caption-title-font-family:var(--h2_typography-font-family);--awb-caption-title-font-weight:var(--h2_typography-font-weight);--awb-caption-title-font-style:var(--h2_typography-font-style);--awb-caption-title-size:var(--h2_typography-font-size);--awb-caption-title-transform:var(--h2_typography-text-transform);--awb-caption-title-line-height:var(--h2_typography-line-height);--awb-caption-title-letter-spacing:var(--h2_typography-letter-spacing);\"><div class=\"imageframe-align-center\"><span class=\" fusion-imageframe imageframe-none imageframe-11 hover-type-none\" style=\"border:3px solid #f6f6f6;border-radius:50%;\"><img decoding=\"async\" width=\"400\" height=\"369\" title=\"Reeducation P\u00e9rin\u00e9e\" src=\"https:\/\/pes-luxembourg.lu\/bascharage\/wp-content\/uploads\/sites\/2\/2019\/07\/Reeducation-P\u00e9rin\u00e9e-3-400x369.jpg\" alt class=\"img-responsive wp-image-820\" srcset=\"https:\/\/pes-luxembourg.lu\/bascharage\/wp-content\/uploads\/sites\/2\/2019\/07\/Reeducation-P\u00e9rin\u00e9e-3-200x184.jpg 200w, https:\/\/pes-luxembourg.lu\/bascharage\/wp-content\/uploads\/sites\/2\/2019\/07\/Reeducation-P\u00e9rin\u00e9e-3-400x369.jpg 400w, https:\/\/pes-luxembourg.lu\/bascharage\/wp-content\/uploads\/sites\/2\/2019\/07\/Reeducation-P\u00e9rin\u00e9e-3.jpg 578w\" sizes=\"(max-width: 800px) 100vw, 400px\" \/><\/span><\/div><\/div><div class=\"fusion-sep-clear\"><\/div><div class=\"fusion-separator fusion-full-width-sep\" style=\"margin-left: auto;margin-right: auto;margin-top:20px;margin-bottom:20px;width:100%;\"><div class=\"fusion-separator-border sep-shadow\" style=\"--awb-height:20px;--awb-amount:20px;background:radial-gradient(ellipse at 50% -50% , #e0dede 0px, rgba(255, 255, 255, 0) 80%) repeat scroll 0 0 rgba(0, 0, 0, 0);background:-webkit-radial-gradient(ellipse at 50% -50% , #e0dede 0px, rgba(255, 255, 255, 0) 80%) repeat scroll 0 0 rgba(0, 0, 0, 0);background:-moz-radial-gradient(ellipse at 50% -50% , #e0dede 0px, rgba(255, 255, 255, 0) 80%) repeat scroll 0 0 rgba(0, 0, 0, 0);background:-o-radial-gradient(ellipse at 50% -50% , #e0dede 0px, rgba(255, 255, 255, 0) 80%) repeat scroll 0 0 rgba(0, 0, 0, 0);\"><\/div><\/div><div class=\"fusion-sep-clear\"><\/div><div class=\"fusion-text fusion-text-42\"><p>De Perineum represent\u00e9iert de Set vu Muskelen, d\u00e9i sech vun der Schubis bis zum Coccyx verl\u00e4ngeren. Et huet also en direkten Afloss op de richtege Fonctionnement vum Harns, fecal a sexueller System. De Perineum huet dr\u00e4i Haaptfunktiounen:<\/p>\n<ul>\n<li><strong>Evaku\u00e9ierung a Fr\u00e4iloossung Funktioun<\/strong><\/li>\n<li><strong>A Hold a Lock Funktioun<\/strong><\/li>\n<li><strong>Eng Support Funktioun<\/strong><\/li>\n<\/ul>\n<p>D\u00e9i perineal oder perineo-sphincter Rehabilitatioun handelt, op eng einfach an effektiv Man\u00e9ier, fir e gudde Balance t\u00ebscht d\u00ebsen dr\u00e4i wesentleche Funktiounen ze fannen oder ze fannen. Et zielt dofir d&#8217;Flexibilit\u00e9it, Kontraktilit\u00e9it an Toun vum Perineum ze schaffen.<\/p>\n<\/div><div class=\"fusion-title title fusion-title-38 fusion-sep-none fusion-title-text fusion-title-size-two\" style=\"--awb-margin-top-small:10px;--awb-margin-right-small:0px;--awb-margin-bottom-small:10px;--awb-margin-left-small:0px;\"><h2 class=\"fusion-title-heading title-heading-left fusion-responsive-typography-calculated\" style=\"margin:0;--fontSize:28;line-height:1.5;\">Prozedur vun der Berodung<\/h2><\/div><div class=\"fusion-text fusion-text-43\"><p>Perineo-sphincteresch Reeducatioun, am Taux vun 1 bis 2 Sessions pro Woch, f\u00e4nkt mat enger Sessioun un fir d&#8217;Sensibilis\u00e9ierung ze erh\u00e9ijen an de Perineum z&#8217;erkl\u00e4ren, begleet vu Basis hygienesch-Verhalensberodung. D\u00e9i zweet Sessioun f\u00e4nkt mat enger manueller Bew\u00e4ertung un, fir d&#8217;Behandlung fir all Patient optimal ze fokuss\u00e9ieren. Si w\u00e4ert weidergoen mat den \u00e9ischte Basis\u00fcbungen, d\u00e9i eng besser proprioseptive Kontroll vum Beckenbuedem erlaben. D\u00e9i folgend Sessioune entw\u00e9ckele sech no de Fortschr\u00ebtter vun deenen eenzelnen an d\u00e9i verschidden Ziler zesummen. Rotschl\u00e9i an \u00dcbungen, d\u00e9i einfach doheem ausf\u00e9ieren, ginn Iech kritt w\u00e9i d&#8217;Sessiounen virukommen, sou datt Dir sou s\u00e9ier w\u00e9i m\u00e9iglech k\u00ebnnt virugoen. Um Enn vun all Sessioun kritt Dir, wann Dir w\u00ebllt, Zougang zu enger <a href=\"https:\/\/pes-luxembourg.lu\/bascharage\/andullation-hhp-luxembourg\/\">entspaanter Sessioun<\/a>.<\/p>\n<\/div><div class=\"fusion-title title fusion-title-39 fusion-sep-none fusion-title-text fusion-title-size-two\" style=\"--awb-margin-top-small:10px;--awb-margin-right-small:0px;--awb-margin-bottom-small:10px;--awb-margin-left-small:0px;\"><h2 class=\"fusion-title-heading title-heading-left fusion-responsive-typography-calculated\" style=\"margin:0;--fontSize:28;line-height:1.5;\">D\u00e9i benotzt Techniken<\/h2><\/div><div class=\"fusion-text fusion-text-44\"><p>Fir d\u00ebst ze maachen, sinn verschidden Techniken vun der Neuduktioun vun der urogenital Kugel m\u00e9iglech a komplement\u00e4r:<\/p>\n<ul>\n<li><strong>Manuell Rehabilitatioun<\/strong><\/li>\n<\/ul>\n<p>Et ass den Therapeut deen duerch digital intravaginal (bei Fraen) oder Anal (bei M\u00e4nner) f\u00e4eg ass d&#8217;Kapazit\u00e9it vun der Kontraktioun an der Entspanung vum Perineum ze bew\u00e4erten, awer och f\u00e4eg ass eng Verst\u00e4erkung oder Entspanung ze maachen vun der Muskulatur, d\u00e9i de Perineum ausm\u00e9cht.<\/p>\n<ul>\n<li><strong><a href=\"https:\/\/pes-luxembourg.lu\/bascharage\/reeducation-perineale-bascharage\/\">Biofeedback Rehabilitatioun (PHENIX\u00ae)<\/a><\/strong><\/li>\n<\/ul>\n<p>Et erm\u00e9iglecht d&#8217;Bew\u00e4ertung vun der Perineale Funktioun andeems se op engem \u00c9cran d&#8217;Kontraktioun an Entspanung vun den Beckenmuskelen, d\u00e9i duerch e vaginalen oder anale Sonde induz\u00e9iert sinn, materialis\u00e9ieren.<\/p>\n<ul style=\"text-align: justify\">\n<li><strong>E<a href=\"https:\/\/pes-luxembourg.lu\/bascharage\/reeducation-perineale-bascharage\/\">lektrotherapie (PHENIX\u00ae)<\/a><\/strong><\/li>\n<\/ul>\n<p>Et erm\u00e9iglecht et mat H\u00ebllef vun enger vaginaler oder anale Sonde Stimulatioun d\u00e9i eng proprioseptiv, hemmend, muskelrelaxant oder excitomotor Funktioun ofh\u00e4ngeg vun de verschiddene benotzt Frequenzen huet.<\/p>\n<ul>\n<li><strong>Globale Rehabilitatioun<\/strong><\/li>\n<\/ul>\n<p>Et g\u00ebtt duerch hypopressive \u00dcbungen duerchgefouert an duerch Training mat der Ustrengung mat enger besserer Notzung vum Perineum a Synergie mat der Bauchstrapp, d\u00e9i all Dag appliz\u00e9iert g\u00ebtt.<\/p>\n<\/div><div class=\"fusion-title title fusion-title-40 fusion-sep-none fusion-title-text fusion-title-size-two\" style=\"--awb-margin-top-small:10px;--awb-margin-right-small:0px;--awb-margin-bottom-small:10px;--awb-margin-left-small:0px;\"><h2 class=\"fusion-title-heading title-heading-left fusion-responsive-typography-calculated\" style=\"margin:0;--fontSize:28;line-height:1.5;\">Firwat consult\u00e9ieren?<\/h2><\/div><div class=\"fusion-text fusion-text-45\"><p>\u00c4r Physiotherapeut zu Nidderk\u00e4erjeng, d<a href=\"https:\/\/pes-luxembourg.lu\/bascharage\/kinesitherapeute-bascharage-marie-poncelet\/\">&#8216;Marie Poncelet<\/a>, spezialis\u00e9iert sech op d&#8217;Reeduktioun vum Beckenbuedem an dofir ka verschidden Aarte vu St\u00e9ierunge behandelen w\u00e9i:<\/p>\n<p>Urin Stress Inkontinenz<br \/>\nBlas Instabilit\u00e9iten<br \/>\nIerger (Imperiousness)<br \/>\nPostpartum St\u00e9ierungen<br \/>\nPostpartum muskulos tendon P\u00e9ng<br \/>\nP\u00e9ng duerch Episiotomie oder Tr\u00e9ine<br \/>\nVirbereedung fir de Prepartum (andeems d&#8217;Funktioun vum Perineum a seng Entspanung optim\u00e9iert g\u00ebtt)<br \/>\nVirbereedung fir Geb\u00e4rmutterchirurgie<br \/>\nD&#8217;P\u00e9ng vu dyspareunia<br \/>\nVaginismus<br \/>\nVesico-sphincter Dyssynergien<br \/>\nAnorektal St\u00e9ierungen (Erz\u00e9ihung vu Reflexe vun der analescher Kontinuit\u00e9it)<br \/>\nPrepar\u00e9ieren op Prostatakirurgie<br \/>\nInkontinenz no der Prostatektomie<br \/>\nErektile Dysfunktiounen<br \/>\nPediatresch St\u00e9ierungen (Dyssynergie, Zer\u00e9ckhalen, Encopresis, &#8230;)<\/p>\n<\/div><div class=\"fusion-clearfix\"><\/div><\/div><\/div><\/div><\/div>\n","protected":false},"excerpt":{"rendered":"","protected":false},"author":2,"featured_media":0,"parent":0,"menu_order":0,"comment_status":"closed","ping_status":"closed","template":"","meta":{"_seopress_robots_primary_cat":"","_seopress_titles_title":"","_seopress_titles_desc":"","_seopress_robots_index":"","footnotes":""},"class_list":["post-2068","page","type-page","status-publish","hentry"],"_links":{"self":[{"href":"https:\/\/pes-luxembourg.lu\/bascharage\/lu\/wp-json\/wp\/v2\/pages\/2068","targetHints":{"allow":["GET"]}}],"collection":[{"href":"https:\/\/pes-luxembourg.lu\/bascharage\/lu\/wp-json\/wp\/v2\/pages"}],"about":[{"href":"https:\/\/pes-luxembourg.lu\/bascharage\/lu\/wp-json\/wp\/v2\/types\/page"}],"author":[{"embeddable":true,"href":"https:\/\/pes-luxembourg.lu\/bascharage\/lu\/wp-json\/wp\/v2\/users\/2"}],"replies":[{"embeddable":true,"href":"https:\/\/pes-luxembourg.lu\/bascharage\/lu\/wp-json\/wp\/v2\/comments?post=2068"}],"version-history":[{"count":0,"href":"https:\/\/pes-luxembourg.lu\/bascharage\/lu\/wp-json\/wp\/v2\/pages\/2068\/revisions"}],"wp:attachment":[{"href":"https:\/\/pes-luxembourg.lu\/bascharage\/lu\/wp-json\/wp\/v2\/media?parent=2068"}],"curies":[{"name":"wp","href":"https:\/\/api.w.org\/{rel}","templated":true}]}},{"id":1694,"date":"2019-10-31T01:54:34","date_gmt":"2019-10-31T00:54:34","guid":{"rendered":"https:\/\/pes-luxembourg.lu\/bascharage\/?page_id=1694"},"modified":"2019-10-31T01:54:34","modified_gmt":"2019-10-31T00:54:34","slug":"orthopadesch-physiotherapie","status":"publish","type":"page","link":"https:\/\/pes-luxembourg.lu\/bascharage\/lu\/orthopadesch-physiotherapie\/","title":{"rendered":"Orthop\u00e4desch Physiotherapie"},"content":{"rendered":"<div class=\"fusion-fullwidth fullwidth-box fusion-builder-row-7 nonhundred-percent-fullwidth non-hundred-percent-height-scrolling\" style=\"--awb-border-radius-top-left:0px;--awb-border-radius-top-right:0px;--awb-border-radius-bottom-right:0px;--awb-border-radius-bottom-left:0px;--awb-flex-wrap:wrap;\" ><div class=\"fusion-builder-row fusion-row\"><div class=\"fusion-layout-column fusion_builder_column fusion-builder-column-67 fusion_builder_column_1_1 1_1 fusion-one-full fusion-column-first fusion-column-last\" style=\"--awb-bg-size:cover;\"><div class=\"fusion-column-wrapper fusion-column-has-shadow fusion-flex-column-wrapper-legacy\"><div class=\"fusion-title title fusion-title-41 fusion-title-center fusion-title-text fusion-title-size-one\" style=\"--awb-margin-top-small:10px;--awb-margin-right-small:0px;--awb-margin-bottom-small:10px;--awb-margin-left-small:0px;\"><div class=\"title-sep-container title-sep-container-left\"><div class=\"title-sep sep-double sep-solid\" style=\"border-color:#e0dede;\"><\/div><\/div><span class=\"awb-title-spacer\"><\/span><h1 class=\"fusion-title-heading title-heading-center fusion-responsive-typography-calculated\" style=\"margin:0;--fontSize:34;line-height:1.41;\">Orthop\u00e4desch Rehabilitatioun Nidderk\u00e4erjeng<\/h1><span class=\"awb-title-spacer\"><\/span><div class=\"title-sep-container title-sep-container-right\"><div class=\"title-sep sep-double sep-solid\" style=\"border-color:#e0dede;\"><\/div><\/div><\/div><div class=\"fusion-image-element fusion-image-align-center in-legacy-container\" style=\"text-align:center;--awb-caption-title-font-family:var(--h2_typography-font-family);--awb-caption-title-font-weight:var(--h2_typography-font-weight);--awb-caption-title-font-style:var(--h2_typography-font-style);--awb-caption-title-size:var(--h2_typography-font-size);--awb-caption-title-transform:var(--h2_typography-text-transform);--awb-caption-title-line-height:var(--h2_typography-line-height);--awb-caption-title-letter-spacing:var(--h2_typography-letter-spacing);\"><div class=\"imageframe-align-center\"><span class=\" fusion-imageframe imageframe-none imageframe-12 hover-type-none\" style=\"border:3px solid #f6f6f6;border-radius:50%;\"><img decoding=\"async\" width=\"400\" height=\"381\" title=\"Reeducation Orthopedique\" src=\"https:\/\/pes-luxembourg.lu\/bascharage\/wp-content\/uploads\/sites\/2\/2019\/07\/Reeducation-Orthopedique-400x381.jpg\" alt class=\"img-responsive wp-image-791\" srcset=\"https:\/\/pes-luxembourg.lu\/bascharage\/wp-content\/uploads\/sites\/2\/2019\/07\/Reeducation-Orthopedique-200x191.jpg 200w, https:\/\/pes-luxembourg.lu\/bascharage\/wp-content\/uploads\/sites\/2\/2019\/07\/Reeducation-Orthopedique-400x381.jpg 400w, https:\/\/pes-luxembourg.lu\/bascharage\/wp-content\/uploads\/sites\/2\/2019\/07\/Reeducation-Orthopedique-600x572.jpg 600w, https:\/\/pes-luxembourg.lu\/bascharage\/wp-content\/uploads\/sites\/2\/2019\/07\/Reeducation-Orthopedique-800x763.jpg 800w, https:\/\/pes-luxembourg.lu\/bascharage\/wp-content\/uploads\/sites\/2\/2019\/07\/Reeducation-Orthopedique-1200x1144.jpg 1200w, https:\/\/pes-luxembourg.lu\/bascharage\/wp-content\/uploads\/sites\/2\/2019\/07\/Reeducation-Orthopedique.jpg 1431w\" sizes=\"(max-width: 800px) 100vw, 1200px\" \/><\/span><\/div><\/div><div class=\"fusion-sep-clear\"><\/div><div class=\"fusion-separator fusion-full-width-sep\" style=\"margin-left: auto;margin-right: auto;margin-top:20px;margin-bottom:20px;width:100%;\"><div class=\"fusion-separator-border sep-shadow\" style=\"--awb-height:20px;--awb-amount:20px;background:radial-gradient(ellipse at 50% -50% , #e0dede 0px, rgba(255, 255, 255, 0) 80%) repeat scroll 0 0 rgba(0, 0, 0, 0);background:-webkit-radial-gradient(ellipse at 50% -50% , #e0dede 0px, rgba(255, 255, 255, 0) 80%) repeat scroll 0 0 rgba(0, 0, 0, 0);background:-moz-radial-gradient(ellipse at 50% -50% , #e0dede 0px, rgba(255, 255, 255, 0) 80%) repeat scroll 0 0 rgba(0, 0, 0, 0);background:-o-radial-gradient(ellipse at 50% -50% , #e0dede 0px, rgba(255, 255, 255, 0) 80%) repeat scroll 0 0 rgba(0, 0, 0, 0);\"><\/div><\/div><div class=\"fusion-sep-clear\"><\/div><div class=\"fusion-text fusion-text-46\"><p><strong>Orthop\u00e4desch<\/strong> an <strong>traumatologesch<\/strong> <strong>Rehabilitatioun<\/strong> g\u00ebtt meeschtens no Muskuloskeletallchirurgie gemaach, meeschtens w\u00e9inst Osteoarthritis oder no enger Verletzung, ob oper\u00e9iert oder net (Strooss Accident, Fall, Sportverletzung, etc.).<\/p>\n<p>Et kann een och schw\u00e4tzen vun orthop\u00e4descher Kaltchirurgie (<strong>orthop\u00e4desch<\/strong>) wann et programm\u00e9iert ass w\u00e9i d&#8217;Installatioun vun enger Prothese am Kader vun fortgeschrattem Osteoarthritis, oder waarm (<strong>traumatologesch<\/strong>) fir d\u00e9i dr\u00e9ngend Interventiounen no engem Accident. Am Fall vu geplangte Operatiounen, rode mir Iech e <a href=\"https:\/\/pes-luxembourg.lu\/bascharage\/contact\/\">Rendez-vous ze maachen fir \u00c4r Rehabilitatioun virun der Chirurgie<\/a>.<\/p>\n<p><a href=\"https:\/\/pes-luxembourg.lu\/bascharage\/kinesitherapeutes-bascharage\/\">Eis Physiotherapeute<\/a> k\u00ebnnen d\u00ebs <a href=\"https:\/\/pes-luxembourg.lu\/bascharage\/consultation-kinesitherapie-luxembourg\/\">Rehabilitatiounen ufanks doheem ubidden<\/a>, wann de Chirurg et spezifiz\u00e9iert.<\/p>\n<p>Wann \u00c4r Reesen er\u00ebm m\u00e9iglech gemaach gi vun der Autonomie d\u00e9i fonnt g\u00ebtt, g\u00ebtt d&#8217;Rehabilitatioun weider am B\u00fcro. Tats\u00e4chlech ass orthop\u00e4desch an traumatologesch Rehabilitatioun am B\u00fcro m\u00e9i komplett duerch d&#8217;Ausr\u00fcstung op der Plaz a m\u00e9i laang Sessiounen<\/p>\n<\/div><div class=\"fusion-title title fusion-title-42 fusion-sep-none fusion-title-text fusion-title-size-two\" style=\"--awb-margin-top-small:10px;--awb-margin-right-small:0px;--awb-margin-bottom-small:10px;--awb-margin-left-small:0px;\"><h2 class=\"fusion-title-heading title-heading-left fusion-responsive-typography-calculated\" style=\"margin:0;--fontSize:28;line-height:1.5;\">Orthop\u00e4desch Rehabilitatioun<\/h2><\/div><div class=\"fusion-text fusion-text-47\"><p>Wann eng Bedingung d&#8217;Gelenker a periartikul\u00e4re Strukturen beaflosst, kann funktionell Onbequemheet a Schmerz de Patient erfuerderen eng Chirurgie ze maachen d\u00e9i geplangt ass &#8211; Hipprothese (PTH), Arthrodesis vun der Wirbels\u00e4it, Knieprothese (TKA) etc. &#8230; <a href=\"https:\/\/pes-luxembourg.lu\/bascharage\/kinesitherapeutes-bascharage\/\">\u00c4re Physiotherapeut<\/a> w\u00e4ert dann postoperativ interven\u00e9ieren fir den \u00d6dem ze verbesseren, Erhuelung vun Amplituden a Funktioun. D&#8217;Zil hei ass d\u00e9i schnellst Autonomie ze fannen d\u00e9i d&#8217;Haaptziel vun der Chirurgie ass. <a href=\"https:\/\/pes-luxembourg.lu\/bascharage\/kinesitherapeutes-bascharage\/\">\u00c4re Kin\u00e9<\/a> w\u00e4ert an enke Kontakt mam Chirurg sinn a w\u00e4ert seng Behandlung no sengen Instruktiounen upassen. Hie w\u00e4ert de Patient w\u00e4hrend senger Rehabilitatioun begleeden fir dat oper\u00e9iert Ber\u00e4ich ze retten an Komplikatiounen ze vermeiden.<\/p>\n<p>Wann eng Operatioun geplangt ass, ass et interessant, am Accord mat \u00c4rem Dokter, eng preoperativ Re-Ausbildung opzebauen fir se ze prepar\u00e9ieren. Tats\u00e4chlech, no der Operatioun, w\u00e4ert e muskul\u00e4re Guss s\u00e9ier settelen a kann duerch eng Verst\u00e4erkung upstream limit\u00e9iert ginn.<\/p>\n<\/div><div class=\"fusion-title title fusion-title-43 fusion-sep-none fusion-title-text fusion-title-size-two\" style=\"--awb-margin-top-small:10px;--awb-margin-right-small:0px;--awb-margin-bottom-small:10px;--awb-margin-left-small:0px;\"><h2 class=\"fusion-title-heading title-heading-left fusion-responsive-typography-calculated\" style=\"margin:0;--fontSize:28;line-height:1.5;\">Traumatologesch Rehabilitatioun<\/h2><\/div><div class=\"fusion-text fusion-text-48\"><p>Et follegt en Accident oder e Fall. Ofh\u00e4ngeg vun der Natur vun de L\u00e4sionen (Fraktur, Entlocatioun, Sprain &#8230;) an der Behandlung, d\u00e9i den Dokter agefouert huet (Immobilis\u00e9ierung \u00ebnner Splitter, Putz oder Chirurgie), w\u00e4ert de Loun orient\u00e9iert ginn fir Rehabilitatiounssitzungen unzef\u00e4nken. No enger Evaluatioun vun de Restriktiounen, d\u00e9i duerch den Trauma an der Behandlung verursaacht ginn, propos\u00e9iert <a href=\"https:\/\/pes-luxembourg.lu\/bascharage\/kinesitherapeutes-bascharage\/\">\u00c4re Physiotherapeut<\/a> eng adapt\u00e9iert Behandlung d\u00e9i d&#8217;Wonnheilung an \u00c4r Erhuelungsziler respekt\u00e9iert.<\/p>\n<\/div><div class=\"fusion-clearfix\"><\/div><\/div><\/div><\/div><\/div>\n","protected":false},"excerpt":{"rendered":"","protected":false},"author":2,"featured_media":0,"parent":0,"menu_order":0,"comment_status":"closed","ping_status":"closed","template":"","meta":{"_seopress_robots_primary_cat":"","_seopress_titles_title":"","_seopress_titles_desc":"","_seopress_robots_index":"","footnotes":""},"class_list":["post-1694","page","type-page","status-publish","hentry"],"_links":{"self":[{"href":"https:\/\/pes-luxembourg.lu\/bascharage\/lu\/wp-json\/wp\/v2\/pages\/1694","targetHints":{"allow":["GET"]}}],"collection":[{"href":"https:\/\/pes-luxembourg.lu\/bascharage\/lu\/wp-json\/wp\/v2\/pages"}],"about":[{"href":"https:\/\/pes-luxembourg.lu\/bascharage\/lu\/wp-json\/wp\/v2\/types\/page"}],"author":[{"embeddable":true,"href":"https:\/\/pes-luxembourg.lu\/bascharage\/lu\/wp-json\/wp\/v2\/users\/2"}],"replies":[{"embeddable":true,"href":"https:\/\/pes-luxembourg.lu\/bascharage\/lu\/wp-json\/wp\/v2\/comments?post=1694"}],"version-history":[{"count":0,"href":"https:\/\/pes-luxembourg.lu\/bascharage\/lu\/wp-json\/wp\/v2\/pages\/1694\/revisions"}],"wp:attachment":[{"href":"https:\/\/pes-luxembourg.lu\/bascharage\/lu\/wp-json\/wp\/v2\/media?parent=1694"}],"curies":[{"name":"wp","href":"https:\/\/api.w.org\/{rel}","templated":true}]}},{"id":1647,"date":"2019-10-31T01:02:33","date_gmt":"2019-10-31T00:02:33","guid":{"rendered":"https:\/\/pes-luxembourg.lu\/bascharage\/?page_id=1647"},"modified":"2022-11-20T00:12:21","modified_gmt":"2022-11-19T23:12:21","slug":"physiotherapeut-nidderkaerjeng-marie-poncelet","status":"publish","type":"page","link":"https:\/\/pes-luxembourg.lu\/bascharage\/lu\/physiotherapeut-nidderkaerjeng-marie-poncelet\/","title":{"rendered":"Physiotherapeut Nidderk\u00e4erjeng Marie Poncelet"},"content":{"rendered":"<div class=\"fusion-fullwidth fullwidth-box fusion-builder-row-8 nonhundred-percent-fullwidth non-hundred-percent-height-scrolling\" style=\"--awb-border-radius-top-left:0px;--awb-border-radius-top-right:0px;--awb-border-radius-bottom-right:0px;--awb-border-radius-bottom-left:0px;--awb-flex-wrap:wrap;\" ><div class=\"fusion-builder-row fusion-row\"><div class=\"fusion-layout-column fusion_builder_column fusion-builder-column-68 fusion_builder_column_1_1 1_1 fusion-one-full fusion-column-first fusion-column-last\" style=\"--awb-bg-size:cover;\"><div class=\"fusion-column-wrapper fusion-flex-column-wrapper-legacy\"><div class=\"fusion-title title fusion-title-44 fusion-title-center fusion-title-text fusion-title-size-one\" style=\"--awb-margin-top-small:10px;--awb-margin-right-small:0px;--awb-margin-bottom-small:10px;--awb-margin-left-small:0px;\"><div class=\"title-sep-container title-sep-container-left\"><div class=\"title-sep sep-double sep-solid\" style=\"border-color:#e0dede;\"><\/div><\/div><span class=\"awb-title-spacer\"><\/span><h1 class=\"fusion-title-heading title-heading-center fusion-responsive-typography-calculated\" style=\"margin:0;--fontSize:34;line-height:1.41;\">Physiotherapeut Nidderk\u00e4erjeng Marie Poncelet<\/h1><span class=\"awb-title-spacer\"><\/span><div class=\"title-sep-container title-sep-container-right\"><div class=\"title-sep sep-double sep-solid\" style=\"border-color:#e0dede;\"><\/div><\/div><\/div><div class=\"fusion-clearfix\"><\/div><\/div><\/div><div class=\"fusion-layout-column fusion_builder_column fusion-builder-column-69 fusion_builder_column_1_1 1_1 fusion-one-full fusion-column-first fusion-column-last\" style=\"--awb-bg-size:cover;\"><div class=\"fusion-column-wrapper fusion-flex-column-wrapper-legacy\"><div class=\"fusion-person person fusion-person-left fusion-person-3 fusion-person-icon-top\" style=\"--awb-pic-style-color:#000000;--awb-pic-borderradius:20px;--awb-margin-top:0px;--awb-margin-right:0px;--awb-margin-bottom:0px;--awb-margin-left:0px;--awb-social-box-border-top:0px;--awb-social-box-border-right:0px;--awb-social-box-border-bottom:0px;--awb-social-box-border-left:0px;--awb-social-box-border-color:var(--awb-color3);--awb-social-box-border-color-hover:var(--awb-color4);--awb-social-box-colors-hover:rgba(232,232,232,0.8);--awb-social-icon-boxed-colors:#e8e8e8;--awb-social-icon-colors:#82c9f0;--awb-social-icon-colors-hover:rgba(130,201,240,0.8);\"><div class=\"person-shortcode-image-wrapper\"><div class=\"person-image-container hover-type-none person-rounded-overflow\" style=\"-webkit-border-radius:20px;-moz-border-radius:20px;border-radius:20px;border:0px solid #f6f6f6;-webkit-border-radius:20px;-moz-border-radius:20px;border-radius:20px;\"><img decoding=\"async\" class=\"person-img img-responsive wp-image-8219\" width=\"400\" height=\"400\" src=\"https:\/\/pes-luxembourg.lu\/bascharage\/wp-content\/uploads\/sites\/2\/2018\/08\/Marie-Poncelet-Kine-Bascharage-400x400.jpg\" alt=\"Marie Poncelet\" srcset=\"https:\/\/pes-luxembourg.lu\/bascharage\/wp-content\/uploads\/sites\/2\/2018\/08\/Marie-Poncelet-Kine-Bascharage-200x200.jpg 200w, https:\/\/pes-luxembourg.lu\/bascharage\/wp-content\/uploads\/sites\/2\/2018\/08\/Marie-Poncelet-Kine-Bascharage-400x400.jpg 400w, https:\/\/pes-luxembourg.lu\/bascharage\/wp-content\/uploads\/sites\/2\/2018\/08\/Marie-Poncelet-Kine-Bascharage-600x600.jpg 600w, https:\/\/pes-luxembourg.lu\/bascharage\/wp-content\/uploads\/sites\/2\/2018\/08\/Marie-Poncelet-Kine-Bascharage-800x800.jpg 800w, https:\/\/pes-luxembourg.lu\/bascharage\/wp-content\/uploads\/sites\/2\/2018\/08\/Marie-Poncelet-Kine-Bascharage-1200x1200.jpg 1200w\" sizes=\"(max-width: 800px) 100vw, 1200px\" \/><\/div><\/div><div class=\"person-desc\"><div class=\"person-author\"><div class=\"person-author-wrapper\"><span class=\"person-name\">Marie Poncelet<\/span><span class=\"person-title\">Kin\u00e9sitherapeut<\/span><\/div><\/div><div class=\"person-content fusion-clearfix\"><\/div><\/div><\/div><div class=\"fusion-text fusion-text-49\"><p>\u00c4r Physiotherapeutin zu Nidderk\u00e4erjeng huet <strong>d&#8217;Marie<\/strong> <strong>Poncelet<\/strong> 2012 aus engem Ma\u00eetrise an der Physiotherapie stud\u00e9iert, d\u00e9i vun der <a href=\"https:\/\/www.hers.be\/\">Robert Schuman High School vu Libramont<\/a> (Belsch) ausgezeechent gouf. W\u00e4rend hirem Studium huet si vill Stagen ofgeschloss d\u00e9i et erlaabt hir physiotherapeutesch F\u00e4egkeeten z&#8217;entw\u00e9ckelen. \u00cbnnert hinnen fanne mir Coursen a liberalen Cabineten (Ledecq Cabinet zu Paliseul a Charleville-Mezieres); a Spideeler an orthop\u00e4desche Servicer (<a href=\"https:\/\/chrn.be\/le-chr-de-namur\">Namur Regional Spidol<\/a>), Pediatrie (Saint-Vincent de Dinant Spidol), Pneumologie (<a href=\"https:\/\/www.chdinant.be\/default.asp\">Saint-Vincent de Dinant Spidol<\/a>), Neurologie (<a href=\"https:\/\/www.chdinant.be\/default.asp\">Saint Vincent de Dinant Spidol<\/a>), intensiv Pfleeg (Warcq Klinik zu Charleville-M\u00e9zi\u00e8res), extern (Prinzessin Paola de Marche Spidol), Physiotherapie (Spidolzentrum vun den Ardennen zu Sainte-Ode), Hydrotherapie (Centre Hospitalier de l&#8217;Ardenne zu Sainte-Ode) ), palliativ Pfleeg (Centre Hospitalier de l&#8217;Ardenne zu Sainte-Ode), R\u00e9ck a Gewiichtsschoul (Centre Hospitalier de l&#8217;Ardenne zu Sainte-Ode); Rehabilitatiouns- a Rehabilitatiounszenteren (vu Warcq op Charleville-M\u00e9zi\u00e8res an aus dem Centre Hospital de l&#8217;Ardenne bis Sainte-Ode); spezialis\u00e9iert Zentrum fir beh\u00ebnnert Leit (spezial Lyc\u00e9e zu Marloie); an engem Sportver\u00e4in (<a href=\"https:\/\/www.flammesbasketcarolo.net\/club\">Dammebasketclub am Bayard Stadion zu Charleville-M\u00e9zi\u00e8res<\/a>);<\/p>\n<p style=\"text-align: justify;\">D&#8217;Marie Poncelet, \u00c4r Physiotherapeutin zu Kaerjeng huet och verschidde Coursen gefollegt, d\u00e9i et erm\u00e9iglecht hunn, s\u00e4i W\u00ebssen auszebauen an hir Praxis vu Physiotherapie ze vari\u00e9ieren:<\/p>\n<ul style=\"text-align: justify;\">\n<li>Training an der Gewiichtsschoul 2011 (am Spidolzentrum vun den Ardennen zu Sainte-Ode);<\/li>\n<li>Kinesiotaping Technik Basiscourse (Muskeltechnik) a fortgeschratt am Joer 2012 (uginn vum H\u00e4r Barth\u00e9lemy Johnatan akkredit\u00e9ierte Trainer am Kinesiotaping a Physiotherapeut an enger privater Praxis zu Rodange);<\/li>\n<li>Leduc Method an der manueller Lymphdrainage, spezifesch Bandagen an Pressotherapie am Joer 2012 (vum Professer Em\u00e9tite vun der Universit\u00e9it vu Br\u00e9issel Albert Laduc an dem Associ\u00e9 Professer op der Universit\u00e9itsprofesser vun de Lyc\u00e9e\u00ebn Olivier Leduc);<\/li>\n<li>ATMS, Sport Osteo\u00e9pathetic Manuell Therapie 2014 (vum Professer Dominique Lippens);<\/li>\n<li>Myofascial Hooking (ATMS) am 2014 (vum Professer Dominique Lippens);<\/li>\n<li>Ausbildung an der Perineologie a Rehabilitatioun Uro-Gynekologie g\u00ebtt vum <a href=\"https:\/\/www.sfer.be\/staff\/9-pol-dumont\">Pol Dumont<\/a> Professer op der <a href=\"https:\/\/www.condorcet.be\">HEPHO<\/a> an organis\u00e9iert vun der w\u00ebssenschaftlecher <a href=\"https:\/\/www.sfer.be\">Gesellschaft Ausbildung an der Rehabilitatioun<\/a>.<\/li>\n<\/ul>\n<p style=\"text-align: justify;\">Aus professionneller Siicht huet d&#8217;Marie fir dr\u00e4i Joer als onofh\u00e4ngeg Physiotherapeutin an enger Firma vun dr\u00e4i Partner an Alle sur Semois an der Belsch geschafft. Z\u00ebnter Mee 2015 ass si Kin\u00e9 am P\u00f4le Equilibre &amp; Sant\u00e9 zu Nidderk\u00e4erjeng, L\u00ebtzebuerg.<\/p>\n<\/div><div class=\"fusion-title title fusion-title-45 fusion-title-center fusion-title-text fusion-title-size-one\" style=\"--awb-margin-top-small:10px;--awb-margin-right-small:0px;--awb-margin-bottom-small:10px;--awb-margin-left-small:0px;\"><div class=\"title-sep-container title-sep-container-left\"><div class=\"title-sep sep-double sep-solid\" style=\"border-color:#e0dede;\"><\/div><\/div><span class=\"awb-title-spacer\"><\/span><h1 class=\"fusion-title-heading title-heading-center fusion-responsive-typography-calculated\" style=\"margin:0;--fontSize:34;line-height:1.41;\">Maacht e Rendez-vous online mam Marie Poncelet<\/h1><span class=\"awb-title-spacer\"><\/span><div class=\"title-sep-container title-sep-container-right\"><div class=\"title-sep sep-double sep-solid\" style=\"border-color:#e0dede;\"><\/div><\/div><\/div><div class=\"fusion-text fusion-text-50\"><section data-toggle=\"doc-calendar\" data-picture=\"1\" data-doctor-eid=\"f0100c1f-6a14-48bd-8d79-dde33858a436\" data-language=\"lu\"><\/section>\n<p><script src=\"https:\/\/api.doctena.lu\/js\/widgetBooking\/calendar\/build.php\"><\/script><\/p>\n<\/div><div class=\"fusion-clearfix\"><\/div><\/div><\/div><\/div><\/div>\n","protected":false},"excerpt":{"rendered":"","protected":false},"author":2,"featured_media":0,"parent":0,"menu_order":0,"comment_status":"closed","ping_status":"closed","template":"","meta":{"_seopress_robots_primary_cat":"","_seopress_titles_title":"","_seopress_titles_desc":"","_seopress_robots_index":"","footnotes":""},"class_list":["post-1647","page","type-page","status-publish","hentry"],"_links":{"self":[{"href":"https:\/\/pes-luxembourg.lu\/bascharage\/lu\/wp-json\/wp\/v2\/pages\/1647","targetHints":{"allow":["GET"]}}],"collection":[{"href":"https:\/\/pes-luxembourg.lu\/bascharage\/lu\/wp-json\/wp\/v2\/pages"}],"about":[{"href":"https:\/\/pes-luxembourg.lu\/bascharage\/lu\/wp-json\/wp\/v2\/types\/page"}],"author":[{"embeddable":true,"href":"https:\/\/pes-luxembourg.lu\/bascharage\/lu\/wp-json\/wp\/v2\/users\/2"}],"replies":[{"embeddable":true,"href":"https:\/\/pes-luxembourg.lu\/bascharage\/lu\/wp-json\/wp\/v2\/comments?post=1647"}],"version-history":[{"count":0,"href":"https:\/\/pes-luxembourg.lu\/bascharage\/lu\/wp-json\/wp\/v2\/pages\/1647\/revisions"}],"wp:attachment":[{"href":"https:\/\/pes-luxembourg.lu\/bascharage\/lu\/wp-json\/wp\/v2\/media?parent=1647"}],"curies":[{"name":"wp","href":"https:\/\/api.w.org\/{rel}","templated":true}]}},{"id":1637,"date":"2019-10-31T00:31:30","date_gmt":"2019-10-30T23:31:30","guid":{"rendered":"https:\/\/pes-luxembourg.lu\/bascharage\/?page_id=1637"},"modified":"2023-04-10T20:23:18","modified_gmt":"2023-04-10T18:23:18","slug":"physiotherapeut-nidderkaerjeng-julien-kune","status":"publish","type":"page","link":"https:\/\/pes-luxembourg.lu\/bascharage\/lu\/physiotherapeut-nidderkaerjeng-julien-kune\/","title":{"rendered":"Physiotherapeut Nidderk\u00e4erjeng Julien Kune"},"content":{"rendered":"<div class=\"fusion-fullwidth fullwidth-box fusion-builder-row-9 nonhundred-percent-fullwidth non-hundred-percent-height-scrolling\" style=\"--awb-border-radius-top-left:0px;--awb-border-radius-top-right:0px;--awb-border-radius-bottom-right:0px;--awb-border-radius-bottom-left:0px;--awb-flex-wrap:wrap;\" ><div class=\"fusion-builder-row fusion-row\"><div class=\"fusion-layout-column fusion_builder_column fusion-builder-column-70 fusion_builder_column_1_1 1_1 fusion-one-full fusion-column-first fusion-column-last\" style=\"--awb-bg-size:cover;\"><div class=\"fusion-column-wrapper fusion-flex-column-wrapper-legacy\"><div class=\"fusion-title title fusion-title-46 fusion-title-center fusion-title-text fusion-title-size-one\" style=\"--awb-margin-top-small:10px;--awb-margin-right-small:0px;--awb-margin-bottom-small:10px;--awb-margin-left-small:0px;\"><div class=\"title-sep-container title-sep-container-left\"><div class=\"title-sep sep-double sep-solid\" style=\"border-color:#e0dede;\"><\/div><\/div><span class=\"awb-title-spacer\"><\/span><h1 class=\"fusion-title-heading title-heading-center fusion-responsive-typography-calculated\" style=\"margin:0;--fontSize:34;line-height:1.41;\"><p style=\"text-align: justify;\">Physiotherapeut Nidderk\u00e4erjeng Julien Kune<\/p>\n<p style=\"text-align: justify;\"><\/h1><span class=\"awb-title-spacer\"><\/span><div class=\"title-sep-container title-sep-container-right\"><div class=\"title-sep sep-double sep-solid\" style=\"border-color:#e0dede;\"><\/div><\/div><\/div><div class=\"fusion-clearfix\"><\/div><\/div><\/div><div class=\"fusion-layout-column fusion_builder_column fusion-builder-column-71 fusion_builder_column_1_1 1_1 fusion-one-full fusion-column-first fusion-column-last\" style=\"--awb-bg-size:cover;\"><div class=\"fusion-column-wrapper fusion-flex-column-wrapper-legacy\"><div class=\"fusion-person person fusion-person-left fusion-person-4 fusion-person-icon-top\" style=\"--awb-pic-style-color:#000000;--awb-pic-borderradius:20px;--awb-margin-top:0px;--awb-margin-right:0px;--awb-margin-bottom:0px;--awb-margin-left:0px;--awb-social-box-border-top:0px;--awb-social-box-border-right:0px;--awb-social-box-border-bottom:0px;--awb-social-box-border-left:0px;--awb-social-box-border-color:var(--awb-color3);--awb-social-box-border-color-hover:var(--awb-color4);--awb-social-box-colors-hover:rgba(232,232,232,0.8);--awb-social-icon-boxed-colors:#e8e8e8;--awb-social-icon-colors:#82c9f0;--awb-social-icon-colors-hover:rgba(130,201,240,0.8);\"><div class=\"person-shortcode-image-wrapper\"><div class=\"person-image-container hover-type-none person-rounded-overflow\" style=\"-webkit-border-radius:20px;-moz-border-radius:20px;border-radius:20px;border:0px solid #f6f6f6;-webkit-border-radius:20px;-moz-border-radius:20px;border-radius:20px;\"><img decoding=\"async\" class=\"person-img img-responsive wp-image-8218\" width=\"400\" height=\"400\" src=\"https:\/\/pes-luxembourg.lu\/bascharage\/wp-content\/uploads\/sites\/2\/2018\/08\/Julien-Kune-Kine-Bascharage-400x400.jpg\" alt=\"Julien Kune\" srcset=\"https:\/\/pes-luxembourg.lu\/bascharage\/wp-content\/uploads\/sites\/2\/2018\/08\/Julien-Kune-Kine-Bascharage-200x200.jpg 200w, https:\/\/pes-luxembourg.lu\/bascharage\/wp-content\/uploads\/sites\/2\/2018\/08\/Julien-Kune-Kine-Bascharage-400x400.jpg 400w, https:\/\/pes-luxembourg.lu\/bascharage\/wp-content\/uploads\/sites\/2\/2018\/08\/Julien-Kune-Kine-Bascharage-600x600.jpg 600w, https:\/\/pes-luxembourg.lu\/bascharage\/wp-content\/uploads\/sites\/2\/2018\/08\/Julien-Kune-Kine-Bascharage-800x800.jpg 800w, https:\/\/pes-luxembourg.lu\/bascharage\/wp-content\/uploads\/sites\/2\/2018\/08\/Julien-Kune-Kine-Bascharage-1200x1200.jpg 1200w\" sizes=\"(max-width: 800px) 100vw, 1200px\" \/><\/div><\/div><div class=\"person-desc\"><div class=\"person-author\"><div class=\"person-author-wrapper\"><span class=\"person-name\">Julien Kune<\/span><span class=\"person-title\">Kin\u00e9sith\u00e9rapeute<\/span><\/div><\/div><div class=\"person-content fusion-clearfix\"><\/div><\/div><\/div><div class=\"fusion-text fusion-text-51\"><p class=\"Standard\" style=\"text-align: justify;\">De <strong>Julien<\/strong> <strong>Kune<\/strong>, \u00c4re Physiotherapeut zu Nidderk\u00e4erjeng, huet e Masterstudium an der Physiotherapie an der Robert Schuman High School zu Libramont gemaach, wou hien am Juni 2012 stud\u00e9iert huet. W\u00e4hrend sengem Studium gouf hien an enger grousser Zuel vun theoreteschen Themen train\u00e9iert, \u00eb. Anatomie, allgemeng, Spezial a Bewegungsphysiologie, Biomechanik, Physiologie, Sport, medizinesch a chirurgesch Pathologien, Orthopedik vun den ieweschten an \u00ebnneschte Glidder, Neurologie, Atmung, Herz- a vaskul\u00e4r Revalidatioun, Geriatrie, medizinesch Imaging, palliativ Pfleeg, etc &#8230; awer och fir vill praktesch F\u00e4cher w\u00e9i cardio-respiratoresch Rehabilitatioun, Massage, Mobilis\u00e9ierung, neurologesch Rehabilitatioun, spezialis\u00e9iert Techniken, Examen an Bew\u00e4ertungen, orthop\u00e4desch a sportlech Rehabilitatioun, der palpatorescher Anatomie, etc &#8230; net fir d\u00e9i klinesch L\u00e9ier ze ernimmen, wou hien d&#8217;Gelee\u00ebnheet h\u00e4tt c ze huelen oogsten Puppelcher, Kanner, Jugendlecher, schwanger Fraen, Senioren an Athleten.<\/p>\n<p style=\"text-align: justify;\">De klineschen Deel gouf a verschidde Spideeler, private Praktiken, Rehabilitatiounszentren a Sportsver\u00e4iner vun der frans\u00e9ischer Elite ausgefouert. D\u00ebs verschidde Coursen goufen entw\u00e9ckelt fir d\u00e9i verschidde Welte vun der Physiotherapie ze entdecken (Sportmedizin, geriatresch Rehabilitatioun, Herz- a Atmungsrehabilitatioun, Neurologesch Rehabilitatioun, orthopedesch Rehabilitatioun, etc &#8230;). D&#8217;Instagen hunn am dr\u00ebtten a v\u00e9ierte Joer vun der Studie stattfonnt, notamment am Trainingszentrum vum <a href=\"https:\/\/www.fcmetz.com\">FC Metz<\/a> (kin\u00e9 sportive), am orthop\u00e4deschen <a href=\"https:\/\/chrn.be\/le-chr-de-namur\">Departement vum Regionale Spidolzentrum Namur<\/a>, am geriatreschen a kardio-respiratoreschen Departement vum <a href=\"https:\/\/www.paliseul.be\/social-et-sante\/sante\/localisation-des-hopitaux-de-la-province-du-luxembourg\/centre-hospitalier-de-sainte-ode\">Spidolzentrum. vu Sainte-Ode<\/a>, am Neurologie Departement vum <a href=\"https:\/\/www.chem.lu\">Emile Mayrisch Spidolzentrum zu Esch-Uelzecht<\/a>, am professionelle Fussballclub vun der <a href=\"https:\/\/www.cssedan-ardennes.com\/sedan\/\">CSSA Sedan<\/a> (Frans\u00e9isch Ligue 2) an a verschiddene liberale Kabinen.<\/p>\n<p style=\"text-align: justify;\">No senge Studien, \u00c4re Physiotherapeut zu K\u00e4erjeng, hat de Julien Kune d&#8217;Gelee\u00ebnheet verschidde Formatiounen ze verfollegen w\u00e9i <a href=\"https:\/\/www.gtmf.eu\">Oro-maxillofacial Reeducatioun, d\u00e9i vum Professer Thyl Snoeck<\/a> ausgedeelt gouf, <a href=\"https:\/\/www.lympho.net\/fr\/accueil\/\">manuell lymfesch Drainage<\/a> (Virtrag vum Professer Olivier Leduc), fortgeschratt Kinesiotaping Techniken (Mr Barthelemy), Strapping (Mr Hanus) a ger\u00e9nge R\u00e9ckschmerz a lombosciatesche Sport (Mades Depouhon).<\/p>\n<p class=\"Standard\" style=\"text-align: justify;\">Hie schafft z\u00ebnter Oktober 2012 um Nidderk\u00e4erjeng am P\u00f4le Equilibre&amp;Sant\u00e9.<\/p>\n<p class=\"Standard\" style=\"text-align: justify;\"><span lang=\"FR-BE\">\u00a0<\/span><\/p>\n<p style=\"text-align: justify;\">\n<\/div><div class=\"fusion-title title fusion-title-47 fusion-title-center fusion-title-text fusion-title-size-one\" style=\"--awb-margin-top-small:10px;--awb-margin-right-small:0px;--awb-margin-bottom-small:10px;--awb-margin-left-small:0px;\"><div class=\"title-sep-container title-sep-container-left\"><div class=\"title-sep sep-double sep-solid\" style=\"border-color:#e0dede;\"><\/div><\/div><span class=\"awb-title-spacer\"><\/span><h1 class=\"fusion-title-heading title-heading-center fusion-responsive-typography-calculated\" style=\"margin:0;--fontSize:34;line-height:1.41;\"><p style=\"text-align: justify;\">Maacht e Rendez-vous online mam Julien Kune<\/p>\n<p style=\"text-align: justify;\"><\/h1><span class=\"awb-title-spacer\"><\/span><div class=\"title-sep-container title-sep-container-right\"><div class=\"title-sep sep-double sep-solid\" style=\"border-color:#e0dede;\"><\/div><\/div><\/div><div class=\"fusion-text fusion-text-52\"><section data-toggle=\"doc-calendar\" data-picture=\"1\" data-doctor-eid=\"6d3ad4b0-a2d2-4c57-bfb9-cea150b63f0d\" data-language=\"lu\"><\/section>\n<p style=\"text-align: justify;\"><script src=\"https:\/\/api.doctena.lu\/js\/widgetBooking\/calendar\/build.php\"><\/script><\/p>\n<\/div><div class=\"fusion-clearfix\"><\/div><\/div><\/div><\/div><\/div>\n","protected":false},"excerpt":{"rendered":"","protected":false},"author":2,"featured_media":0,"parent":0,"menu_order":0,"comment_status":"closed","ping_status":"closed","template":"","meta":{"_seopress_robots_primary_cat":"","_seopress_titles_title":"","_seopress_titles_desc":"","_seopress_robots_index":"","footnotes":""},"class_list":["post-1637","page","type-page","status-publish","hentry"],"_links":{"self":[{"href":"https:\/\/pes-luxembourg.lu\/bascharage\/lu\/wp-json\/wp\/v2\/pages\/1637","targetHints":{"allow":["GET"]}}],"collection":[{"href":"https:\/\/pes-luxembourg.lu\/bascharage\/lu\/wp-json\/wp\/v2\/pages"}],"about":[{"href":"https:\/\/pes-luxembourg.lu\/bascharage\/lu\/wp-json\/wp\/v2\/types\/page"}],"author":[{"embeddable":true,"href":"https:\/\/pes-luxembourg.lu\/bascharage\/lu\/wp-json\/wp\/v2\/users\/2"}],"replies":[{"embeddable":true,"href":"https:\/\/pes-luxembourg.lu\/bascharage\/lu\/wp-json\/wp\/v2\/comments?post=1637"}],"version-history":[{"count":0,"href":"https:\/\/pes-luxembourg.lu\/bascharage\/lu\/wp-json\/wp\/v2\/pages\/1637\/revisions"}],"wp:attachment":[{"href":"https:\/\/pes-luxembourg.lu\/bascharage\/lu\/wp-json\/wp\/v2\/media?parent=1637"}],"curies":[{"name":"wp","href":"https:\/\/api.w.org\/{rel}","templated":true}]}},{"id":1618,"date":"2019-10-30T23:31:26","date_gmt":"2019-10-30T22:31:26","guid":{"rendered":"https:\/\/pes-luxembourg.lu\/bascharage\/?page_id=1618"},"modified":"2023-04-10T20:13:53","modified_gmt":"2023-04-10T18:13:53","slug":"physiotherapeut-nidderkaerjeng-florian-savaris","status":"publish","type":"page","link":"https:\/\/pes-luxembourg.lu\/bascharage\/lu\/physiotherapeut-nidderkaerjeng-florian-savaris\/","title":{"rendered":"Physiotherapeut Nidderk\u00e4erjeng Florian Savaris"},"content":{"rendered":"<div class=\"fusion-fullwidth fullwidth-box fusion-builder-row-10 nonhundred-percent-fullwidth non-hundred-percent-height-scrolling\" style=\"--awb-border-radius-top-left:0px;--awb-border-radius-top-right:0px;--awb-border-radius-bottom-right:0px;--awb-border-radius-bottom-left:0px;--awb-flex-wrap:wrap;\" ><div class=\"fusion-builder-row fusion-row\"><div class=\"fusion-layout-column fusion_builder_column fusion-builder-column-72 fusion_builder_column_1_1 1_1 fusion-one-full fusion-column-first fusion-column-last\" style=\"--awb-bg-size:cover;\"><div class=\"fusion-column-wrapper fusion-flex-column-wrapper-legacy\"><div class=\"fusion-title title fusion-title-48 fusion-title-center fusion-title-text fusion-title-size-one\" style=\"--awb-margin-top-small:10px;--awb-margin-right-small:0px;--awb-margin-bottom-small:10px;--awb-margin-left-small:0px;\"><div class=\"title-sep-container title-sep-container-left\"><div class=\"title-sep sep-double sep-solid\" style=\"border-color:#e0dede;\"><\/div><\/div><span class=\"awb-title-spacer\"><\/span><h1 class=\"fusion-title-heading title-heading-center fusion-responsive-typography-calculated\" style=\"margin:0;--fontSize:34;line-height:1.41;\"><p style=\"text-align: justify;\">Physiotherapeut Nidderk\u00e4erjeng Florian Savaris<\/p>\n<p style=\"text-align: justify;\"><\/h1><span class=\"awb-title-spacer\"><\/span><div class=\"title-sep-container title-sep-container-right\"><div class=\"title-sep sep-double sep-solid\" style=\"border-color:#e0dede;\"><\/div><\/div><\/div><div class=\"fusion-clearfix\"><\/div><\/div><\/div><div class=\"fusion-layout-column fusion_builder_column fusion-builder-column-73 fusion_builder_column_1_1 1_1 fusion-one-full fusion-column-first fusion-column-last\" style=\"--awb-bg-size:cover;\"><div class=\"fusion-column-wrapper fusion-flex-column-wrapper-legacy\"><div class=\"fusion-person person fusion-person-left fusion-person-5 fusion-person-icon-top\" style=\"--awb-pic-style-color:#000000;--awb-pic-borderradius:20px;--awb-margin-top:0px;--awb-margin-right:0px;--awb-margin-bottom:0px;--awb-margin-left:0px;--awb-social-box-border-top:0px;--awb-social-box-border-right:0px;--awb-social-box-border-bottom:0px;--awb-social-box-border-left:0px;--awb-social-box-border-color:var(--awb-color3);--awb-social-box-border-color-hover:var(--awb-color4);--awb-social-box-colors-hover:rgba(232,232,232,0.8);--awb-social-icon-boxed-colors:#e8e8e8;--awb-social-icon-colors:#82c9f0;--awb-social-icon-colors-hover:rgba(130,201,240,0.8);\"><div class=\"person-shortcode-image-wrapper\"><div class=\"person-image-container hover-type-none person-rounded-overflow\" style=\"-webkit-border-radius:20px;-moz-border-radius:20px;border-radius:20px;border:0px solid #f6f6f6;-webkit-border-radius:20px;-moz-border-radius:20px;border-radius:20px;\"><img decoding=\"async\" class=\"person-img img-responsive wp-image-8221\" width=\"400\" height=\"400\" src=\"https:\/\/pes-luxembourg.lu\/bascharage\/wp-content\/uploads\/sites\/2\/2019\/04\/Florian-Savaris-Kin\u00e9sith\u00e9rapeute-400x400.jpg\" alt=\"Florian Savaris\" srcset=\"https:\/\/pes-luxembourg.lu\/bascharage\/wp-content\/uploads\/sites\/2\/2019\/04\/Florian-Savaris-Kin\u00e9sith\u00e9rapeute-200x200.jpg 200w, https:\/\/pes-luxembourg.lu\/bascharage\/wp-content\/uploads\/sites\/2\/2019\/04\/Florian-Savaris-Kin\u00e9sith\u00e9rapeute-400x400.jpg 400w, https:\/\/pes-luxembourg.lu\/bascharage\/wp-content\/uploads\/sites\/2\/2019\/04\/Florian-Savaris-Kin\u00e9sith\u00e9rapeute-600x600.jpg 600w, https:\/\/pes-luxembourg.lu\/bascharage\/wp-content\/uploads\/sites\/2\/2019\/04\/Florian-Savaris-Kin\u00e9sith\u00e9rapeute.jpg 700w\" sizes=\"(max-width: 800px) 100vw, 400px\" \/><\/div><\/div><div class=\"person-desc\"><div class=\"person-author\"><div class=\"person-author-wrapper\"><span class=\"person-name\">Florian Savaris<\/span><span class=\"person-title\">Kin\u00e9sitherapeut<\/span><\/div><\/div><div class=\"person-content fusion-clearfix\"><\/div><\/div><\/div><div class=\"fusion-text fusion-text-53\"><p style=\"text-align: justify;\">De <strong>Florian Savaris<\/strong>, \u00c4re Physiotherapeut zu Nidderk\u00e4erjeng, huet e Master an der Physiotherapie vun der ULB (<a href=\"https:\/\/www.ulb.be\">Fr\u00e4i Universit\u00e9it vu Br\u00e9issel<\/a>) kritt am August 2016. W\u00e4rend sengem Studium gouf hien an enger grousser Zuel vun theoreteschen Themen train\u00e9iert, \u00ebnner deenen den Anatomie, allgemeng Physiologie, Spezial a Bewegung, Biomechanik, Physiologie, Sport, medizinesch a chirurgesch Pathologien, Orthop\u00e4die vun den Uewer- an \u00ebnneschte Glidder, Neurologie, Atmung, Herz- a vaskul\u00e4r Revalidatioun, Geriatrie, medizinesch Imaging, palliativ Pfleeg, etc &#8230; awer och zu ville praktesche F\u00e4cher w\u00e9i cardio-respiratoresch Rehabilitatioun, Massage, Mobilis\u00e9ierung, neurologesch Rehabilitatioun, spezialis\u00e9iert Techniken, Examen a Bew\u00e4ertungen an der Physiotherapie, orthopedescher Rehabilitatioun a Sport , d&#8217;palpatoresch Anatomie, etc &#8230; net fir d\u00e9i klinesch L\u00e9ier ze ernimmen wou hien d&#8217;Gelee\u00ebnheet hat ze huelen zoust\u00e4nneg fir Puppelcher, Kanner, Jugendlecher, schwanger Fraen, Senioren an Athleten.<\/p>\n<p style=\"text-align: justify;\">De klineschen Deel gouf a verschiddenen Departementer vum <a href=\"https:\/\/www.erasme.ulb.ac.be\">Erasmus Spidol<\/a> a besonnesch an der <a href=\"https:\/\/www.erasme.ulb.ac.be\/fr\/services-de-soins\/services-medicaux\/soins-intensifs#apropos\">Intensivstatiounseenheet<\/a> duerchgefouert, wou \u00c4re Physiotherapeut Florian Savaris s\u00e4i Memoir realis\u00e9iert huet &#8220;Funktionell Auswierkunge vun engem Openthalt m\u00e9i w\u00e9i 5 Deeg an der Intensivsorgeenheet&#8221;, d&#8217;Er\u00ebnnerung huet hien mat Grouss \u00cbnnerscheedung \u00ebnnerst\u00ebtzt an d\u00e9i op de <a href=\"https:\/\/www.lesjfn.fr\/\">Francophon Days of Nutrition<\/a> an dem <a href=\"https:\/\/www.esicm.org\/\">Congress of Intensive Care zu Mailand<\/a> present\u00e9iert gouf. Hie konnt och niewent dem Ralph Delire am <a href=\"https:\/\/www.crfna.be\/\">Centre for Ambulatory Neurological Ambulatory Rehabilitation fir Erwuessener vum Erasmus Hospital<\/a> schaffen an doduerch seng Gestioun vu Patienten mat neurologesche St\u00e9ierunge verbesseren. Wat d&#8217;Traumatologie an der postoperative Rehabilitatioun hat, hat hien d&#8217;Chance am <a href=\"https:\/\/rehazenter.lu\/\">Rehazenter<\/a> awer och am <a href=\"http:\/\/www.kineos.fr\">Kineos<\/a> Zentrum zu Metz ze schaffen, wou hien d&#8217;F\u00e4egkeet vum <a href=\"https:\/\/www.fcmetz.com\">FC Metz<\/a> Foussballspiller awer och <a href=\"https:\/\/www.metz-handball.com\/\">Metz Handballspiller<\/a> konnt iwwerhuelen. , w\u00e9i <a href=\"https:\/\/fr.wikipedia.org\/wiki\/Orlane_Kanor\">Orlane Kanor<\/a>, Welt an europ\u00e4eschen Handball Champion.<\/p>\n<div class=\"tlid-results-container results-container\" style=\"text-align: justify;\">\n<div class=\"tlid-result result-dict-wrapper\">\n<div class=\"result tlid-copy-target\">\n<div class=\"text-wrap tlid-copy-target\">\n<div class=\"result-shield-container tlid-copy-target\"><span class=\"tlid-translation translation\" lang=\"lb\"><span class=\"\" title=\"\">No senge Studien, \u00c4re Kin\u00e9 zu K\u00e4erjeng, hat de Florian Savaris d&#8217;Gelee\u00ebnheet a verschiddene Kabinen am S\u00fcden an am Zentrum vu L\u00ebtzebuerg ze schaffen fir seng Praxis ze perfektion\u00e9ieren.<\/span> <span class=\"\" title=\"\">Duerno huet hien decid\u00e9iert de Cabinet am Juli 2018 ze iwwerhuelen an huet hien am P\u00f4le Equilibre &amp; Sant\u00e9 Netz gemaach fir den \u00e9ischten P\u00f4le Equilibre &amp; Sant\u00e9 Center zu L\u00ebtzebuerg ze ginn.<\/span><\/span><\/div>\n<\/div>\n<\/div>\n<\/div>\n<\/div>\n<p class=\"Standard\" style=\"text-align: justify;\"><span lang=\"FR-BE\">\u00a0<\/span><\/p>\n<p style=\"text-align: justify;\">\n<\/div><div class=\"fusion-title title fusion-title-49 fusion-title-center fusion-title-text fusion-title-size-one\" style=\"--awb-margin-top-small:10px;--awb-margin-right-small:0px;--awb-margin-bottom-small:10px;--awb-margin-left-small:0px;\"><div class=\"title-sep-container title-sep-container-left\"><div class=\"title-sep sep-double sep-solid\" style=\"border-color:#e0dede;\"><\/div><\/div><span class=\"awb-title-spacer\"><\/span><h1 class=\"fusion-title-heading title-heading-center fusion-responsive-typography-calculated\" style=\"margin:0;--fontSize:34;line-height:1.41;\"><p style=\"text-align: justify;\">Maacht e Rendez-vous online mam Florian Savaris<\/p>\n<p style=\"text-align: justify;\"><\/h1><span class=\"awb-title-spacer\"><\/span><div class=\"title-sep-container title-sep-container-right\"><div class=\"title-sep sep-double sep-solid\" style=\"border-color:#e0dede;\"><\/div><\/div><\/div><div class=\"fusion-text fusion-text-54\"><section data-toggle=\"doc-calendar\" data-picture=\"1\" data-doctor-eid=\"5be45c30-eb06-41af-9757-354a012c8f96\" data-language=\"lu\"><\/section>\n<p style=\"text-align: justify;\"><script src=\"https:\/\/api.doctena.lu\/js\/widgetBooking\/calendar\/build.php\"><\/script><\/p>\n<\/div><div class=\"fusion-clearfix\"><\/div><\/div><\/div><\/div><\/div>\n","protected":false},"excerpt":{"rendered":"","protected":false},"author":2,"featured_media":0,"parent":0,"menu_order":0,"comment_status":"closed","ping_status":"closed","template":"","meta":{"_seopress_robots_primary_cat":"","_seopress_titles_title":"","_seopress_titles_desc":"","_seopress_robots_index":"","footnotes":""},"class_list":["post-1618","page","type-page","status-publish","hentry"],"_links":{"self":[{"href":"https:\/\/pes-luxembourg.lu\/bascharage\/lu\/wp-json\/wp\/v2\/pages\/1618","targetHints":{"allow":["GET"]}}],"collection":[{"href":"https:\/\/pes-luxembourg.lu\/bascharage\/lu\/wp-json\/wp\/v2\/pages"}],"about":[{"href":"https:\/\/pes-luxembourg.lu\/bascharage\/lu\/wp-json\/wp\/v2\/types\/page"}],"author":[{"embeddable":true,"href":"https:\/\/pes-luxembourg.lu\/bascharage\/lu\/wp-json\/wp\/v2\/users\/2"}],"replies":[{"embeddable":true,"href":"https:\/\/pes-luxembourg.lu\/bascharage\/lu\/wp-json\/wp\/v2\/comments?post=1618"}],"version-history":[{"count":0,"href":"https:\/\/pes-luxembourg.lu\/bascharage\/lu\/wp-json\/wp\/v2\/pages\/1618\/revisions"}],"wp:attachment":[{"href":"https:\/\/pes-luxembourg.lu\/bascharage\/lu\/wp-json\/wp\/v2\/media?parent=1618"}],"curies":[{"name":"wp","href":"https:\/\/api.w.org\/{rel}","templated":true}]}}]